{"id":35,"date":"2016-03-05T18:20:19","date_gmt":"2016-03-05T17:20:19","guid":{"rendered":"https:\/\/autourdenous87.fr\/?page_id=35"},"modified":"2026-04-13T16:47:16","modified_gmt":"2026-04-13T14:47:16","slug":"accueil","status":"publish","type":"page","link":"https:\/\/autourdenous87.fr\/","title":{"rendered":"Accueil"},"content":{"rendered":"<h3 style=\"text-align: center;\">D\u00e9pliant Gant&rsquo;rando 2026 \u00e0 l&rsquo;onglet \u201cDocuments\u201d<\/h3>\n<p><img loading=\"lazy\" decoding=\"async\" class=\" wp-image-45530 aligncenter\" src=\"https:\/\/autourdenous87.fr\/wp-content\/uploads\/2026\/04\/Flyer-Printemps-en-marche-212x300.jpg\" alt=\"\" width=\"449\" height=\"636\" srcset=\"https:\/\/autourdenous87.fr\/wp-content\/uploads\/2026\/04\/Flyer-Printemps-en-marche-212x300.jpg 212w, https:\/\/autourdenous87.fr\/wp-content\/uploads\/2026\/04\/Flyer-Printemps-en-marche-768x1086.jpg 768w, https:\/\/autourdenous87.fr\/wp-content\/uploads\/2026\/04\/Flyer-Printemps-en-marche-1086x1536.jpg 1086w, https:\/\/autourdenous87.fr\/wp-content\/uploads\/2026\/04\/Flyer-Printemps-en-marche-1200x1697.jpg 1200w, https:\/\/autourdenous87.fr\/wp-content\/uploads\/2026\/04\/Flyer-Printemps-en-marche.jpg 1240w\" sizes=\"auto, (max-width: 449px) 85vw, 449px\" \/>Randonn\u00e9es du jeudi<\/p>\n<p style=\"text-align: center;\"><img loading=\"lazy\" decoding=\"async\" class=\"alignnone wp-image-45379\" src=\"https:\/\/autourdenous87.fr\/wp-content\/uploads\/2025\/12\/Jour-MN-et-Rando-Javerdat-2024-43-bis-262x300.jpg\" alt=\"\" width=\"302\" height=\"346\" srcset=\"https:\/\/autourdenous87.fr\/wp-content\/uploads\/2025\/12\/Jour-MN-et-Rando-Javerdat-2024-43-bis-262x300.jpg 262w, https:\/\/autourdenous87.fr\/wp-content\/uploads\/2025\/12\/Jour-MN-et-Rando-Javerdat-2024-43-bis.jpg 524w\" sizes=\"auto, (max-width: 302px) 85vw, 302px\" \/><\/p>\n<p>&nbsp;<\/p>\n<p><!--more--><\/p>\n\n\n\t<ul  class=\"eo-events eo-events-shortcode\" > \n\n\t\t\n\t\t\t\n\t\t\t<li class=\"eo-event-cat-randonnee eo-event-future\" >\n\t\t\t\t<h4><span class=\"capitalized\">le jeudi 07 mai 2026 : <\/span>\n\t\t\t\t<strong><a href=\"https:\/\/autourdenous87.fr\/index.php\/evenements\/evenement\/gorre\/\" title=\"Gorre\" >Gorre<\/a><\/strong><\/h4>\n\t\t\t\t<p>ADN vous propose deux randonn\u00e9es 12 et 9 km.<\/p>\n<p>Circuit: Chemin de Soumagnas.<\/p>\n<p>Rendez-vous parking sup\u00e9rieur de la piscine de Saint-Junien (Ave. Corot) \u00e0 13h15 pour un d\u00e9part \u00e0 13h30 ou directement sur place, parking de l&rsquo;\u00e9glise pour un d\u00e9part \u00e0 14h.<\/p>\n\t\t\t<\/li>\n\n\t\t\n\t\t\t\n\t\t\t<li class=\"eo-event-cat-randonnee eo-event-future\" >\n\t\t\t\t<h4><span class=\"capitalized\">le jeudi 21 mai 2026 : <\/span>\n\t\t\t\t<strong><a href=\"https:\/\/autourdenous87.fr\/index.php\/evenements\/evenement\/saint-maurice-des-lions\/\" title=\"Saint Maurice-des-Lions\" >Saint Maurice-des-Lions<\/a><\/strong><\/h4>\n\t\t\t\t<p>ADN vous propose deux randonn\u00e9es 12 et 9 km.<\/p>\n<p>Circuit: Pisse-chien<\/p>\n<p>Rendez-vous parking sup\u00e9rieur de la piscine de Saint-Junien (Ave. Corot) \u00e0 13h15 pour un d\u00e9part \u00e0 13h30 ou directement sur place, parking du camping pour un d\u00e9part \u00e0 14h.<\/p>\n\t\t\t<\/li>\n\n\t\t\n\t<\/ul>\n\n\n<h2 style=\"text-align: center;\"><strong>Prochaines marches nordiques<\/strong><\/h2>\n<p><img loading=\"lazy\" decoding=\"async\" class=\"alignnone wp-image-45041 aligncenter\" src=\"https:\/\/autourdenous87.fr\/wp-content\/uploads\/2025\/06\/Composition1-300x223.jpg\" alt=\"\" width=\"445\" height=\"331\" srcset=\"https:\/\/autourdenous87.fr\/wp-content\/uploads\/2025\/06\/Composition1-300x223.jpg 300w, https:\/\/autourdenous87.fr\/wp-content\/uploads\/2025\/06\/Composition1-768x572.jpg 768w, https:\/\/autourdenous87.fr\/wp-content\/uploads\/2025\/06\/Composition1-1536x1144.jpg 1536w, https:\/\/autourdenous87.fr\/wp-content\/uploads\/2025\/06\/Composition1-1200x894.jpg 1200w, https:\/\/autourdenous87.fr\/wp-content\/uploads\/2025\/06\/Composition1.jpg 1665w\" sizes=\"auto, (max-width: 445px) 85vw, 445px\" \/><\/p>\n\n\n\t<ul  class=\"eo-events eo-events-shortcode\" > \n\n\t\t\n\t\t\t\n\t\t\t<li class=\"eo-event-cat-marche-nordique eo-event-future\" >\n\t\t\t\t<h4><span class=\"capitalized\">le mardi 05 mai 2026 : <\/span>\n\t\t\t\t<strong><a href=\"https:\/\/autourdenous87.fr\/index.php\/evenements\/evenement\/st-auvent\/\" title=\"St Auvent\" >St Auvent<\/a><\/strong><\/h4>\n\t\t\t\t<p>Lieu : parking \u00e9tang de la Pouge pour un d\u00e9part \u00e0 8h30 .<\/p>\n<p>ou parking de la piscine \u00e0 Saint-Junien \u00e0 7h45 pour un d\u00e9part \u00e0 8h.<\/p>\n\t\t\t<\/li>\n\n\t\t\n\t\t\t\n\t\t\t<li class=\"eo-event-cat-marche-nordique eo-event-future\" >\n\t\t\t\t<h4><span class=\"capitalized\">le mardi 12 mai 2026 : <\/span>\n\t\t\t\t<strong><a href=\"https:\/\/autourdenous87.fr\/index.php\/evenements\/evenement\/st-auvent-2\/\" title=\"St Auvent\" >St Auvent<\/a><\/strong><\/h4>\n\t\t\t\t<p>Lieu : parking \u00e9tang de la Pouge pour un d\u00e9part \u00e0 8h30 .<\/p>\n<p>ou parking de la piscine \u00e0 Saint-Junien \u00e0 7h45 pour un d\u00e9part \u00e0 8h.<\/p>\n\t\t\t<\/li>\n\n\t\t\n\t<\/ul>\n\n\n<h5 style=\"text-align: center;\">Projet des\u00a0 Animations 2026<\/h5>\n<ul>\n<li>Galette des Rois &#8211; <span style=\"color: #ff0000;\">Jeudi 29 janvier<\/span> &#8211; Salle des f\u00eates de La Bretagne<\/li>\n<li>Journ\u00e9e Plantation des haies &#8211; Report\u00e9e au <span style=\"color: #ff0000;\">Mercredi 11 mars\u00a0<\/span><\/li>\n<li>Randonn\u00e9e \u201cMars bleu\u201d &#8211; <span style=\"color: #ff0000;\">Jeudi 26 Mars<\/span><\/li>\n<li>Randonn\u00e9e et animations sur la journ\u00e9e &#8211; <span style=\"color: #ff0000;\">Jeudi 30 avril<\/span> (Brant\u00f4me)<\/li>\n<li>Balade comment\u00e9e \u201cConna\u00eetre sa ville\u201d &#8211; <span style=\"color: #ff0000;\">Samedi 2 mai\u00a0<span style=\"color: #000000;\">(St Junien, place Lac\u00f4te)<\/span><\/span><\/li>\n<li>Gant&rsquo;rando &#8211; <span style=\"color: #ff0000;\">samedi 9 mai<span style=\"color: #000000;\"> (Montrollet)<\/span> et dimanche 10 mai\u00a0<span style=\"color: #000000;\">(Rochechouart)<\/span><\/span> &#8211; Deux randonn\u00e9es en \u00e9toile d\u2019environ 20 km -( Ouvertes au public).<\/li>\n<li>Journ\u00e9e rencontre entre pratiquants \u00a0\u201cMarche nordique et randonneurs traditionnels\u201d. <span style=\"color: #ff0000;\">Mardi 16 juin<\/span> &#8211; R\u00e9serv\u00e9e aux adh\u00e9rents \u2013(Chaillac ou Saillat)<\/li>\n<li>Journ\u00e9e formation et d\u00e9tente (CA- Animateurs et baliseurs) &#8211; <span style=\"color: #ff0000;\">Lundi 29 juin\u00a0<span style=\"color: #000000;\">(Eymoutiers) \u00e0 confirmer<\/span><\/span><\/li>\n<li>Randonn\u00e9e dans le cadre des march\u00e9s de pays \u2013 Chaillac \/ Vienne &#8211; <span style=\"color: #ff0000;\">Date non encore communiqu\u00e9e<\/span> (Ouverte au public)<\/li>\n<li>Randonnez vous en Haute-Vienne \u2013<span style=\"color: #ff0000;\"> Dimanche 6 septembre\u00a0<\/span><\/li>\n<li>Voyage et s\u00e9jour \u00e0\u00a0 La Turballe &#8211; <span style=\"color: #ff0000;\">Du 14 au 18 septembre<\/span><\/li>\n<li>Assembl\u00e9e g\u00e9n\u00e9rale ADN &#8211; <span style=\"color: #ff0000;\">Vendredi 25 septembre &#8211;<span style=\"color: #000000;\"> (Lieu \u00e0 d\u00e9terminer)<\/span><\/span><span style=\"color: #000000;\">\u00a0<\/span><\/li>\n<li>Marche et soir\u00e9e des Potirons &#8211; <span style=\"color: #ff0000;\">Samedi 17 Octobre<\/span> &#8211; (Chaillac \u00e0 confirmer) &#8211; (Ouverts au public)<\/li>\n<li>F\u00eate des plantes et du jardin &#8211; <span style=\"color: #ff0000;\">Dimanche 23\u00a0octobre<\/span> &#8211; Balade th\u00e9matique faune et flore comment\u00e9e par un animateur LPO\/ LNE. (Ouverte au public)<\/li>\n<li>Soir\u00e9e projection vid\u00e9o du S\u00e9jour \u00e0 Nant &#8211; <span style=\"color: #ff0000;\">Vendredi 27 novembre<\/span> &#8211; Salle des f\u00eates de Glane- (ouverte aux adh\u00e9rents).<\/li>\n<li>Animation T\u00e9l\u00e9thon \u2013 <span style=\"color: #ff0000;\">(4, 5 et 6 d\u00e9cembre)<\/span>\u00a0&#8211;<span style=\"color: #000000;\"> Randonn\u00e9e le dimanche 6\u00a0 a<\/span>pr\u00e8s-midi au b\u00e9n\u00e9fice de l\u2019AFM T\u00e9l\u00e9thon \u2013 (Ouverte au public)<\/li>\n<li>Repas de No\u00ebl &#8211; <span style=\"color: #ff0000;\">Dimanche 13 d\u00e9cembre<\/span> &#8211; (Ouvert aux adh\u00e9rents et leur famille)<\/li>\n<li><em><strong>D\u2019autres manifestations pourront prendre place dans ce programme en fonction des diverses sollicitations et des disponibilit\u00e9s de chacun.<\/strong><\/em><\/li>\n<\/ul>\n<p><strong>\u00a0<\/strong><\/p>\n<p><strong>\u00a0<\/strong><\/p>\n<p>&nbsp;<\/p>\n","protected":false},"excerpt":{"rendered":"<p>D\u00e9pliant Gant&rsquo;rando 2026 \u00e0 l&rsquo;onglet \u201cDocuments\u201d Randonn\u00e9es du jeudi &nbsp;<\/p>\n","protected":false},"author":12,"featured_media":0,"parent":0,"menu_order":0,"comment_status":"closed","ping_status":"closed","template":"","meta":{"footnotes":""},"class_list":["post-35","page","type-page","status-publish","hentry"],"_links":{"self":[{"href":"https:\/\/autourdenous87.fr\/index.php\/wp-json\/wp\/v2\/pages\/35","targetHints":{"allow":["GET"]}}],"collection":[{"href":"https:\/\/autourdenous87.fr\/index.php\/wp-json\/wp\/v2\/pages"}],"about":[{"href":"https:\/\/autourdenous87.fr\/index.php\/wp-json\/wp\/v2\/types\/page"}],"author":[{"embeddable":true,"href":"https:\/\/autourdenous87.fr\/index.php\/wp-json\/wp\/v2\/users\/12"}],"replies":[{"embeddable":true,"href":"https:\/\/autourdenous87.fr\/index.php\/wp-json\/wp\/v2\/comments?post=35"}],"version-history":[{"count":323,"href":"https:\/\/autourdenous87.fr\/index.php\/wp-json\/wp\/v2\/pages\/35\/revisions"}],"predecessor-version":[{"id":45539,"href":"https:\/\/autourdenous87.fr\/index.php\/wp-json\/wp\/v2\/pages\/35\/revisions\/45539"}],"wp:attachment":[{"href":"https:\/\/autourdenous87.fr\/index.php\/wp-json\/wp\/v2\/media?parent=35"}],"curies":[{"name":"wp","href":"https:\/\/api.w.org\/{rel}","templated":true}]}}