{"id":38573,"date":"2020-01-25T17:47:14","date_gmt":"2020-01-25T16:47:14","guid":{"rendered":"https:\/\/autourdenous87.fr\/?page_id=38573"},"modified":"2020-01-25T17:48:09","modified_gmt":"2020-01-25T16:48:09","slug":"photos-manifestations-exceptionnelles-2010","status":"publish","type":"page","link":"https:\/\/autourdenous87.fr\/index.php\/galerie-photos\/photos-manifestations-exceptionnelles\/photos-manifestations-exceptionnelles-2010\/","title":{"rendered":"Photos Manifestations exceptionnelles 2010"},"content":{"rendered":"<style type=\"text\/css\">.foogallery-album-gallery-list .foogallery-pile h3 { background: #fff !important; }.foogallery-album-gallery-list .foogallery-pile h3 { color: #000000 !important; }<\/style><div id=\"foogallery-album-274\">\n\t<ul class=\"foogallery-album-gallery-list alignment-left\">\n\t\t\t\t\t\t<li>\n\t\t\t\t\t<div class=\"foogallery-pile\">\n\t\t\t\t\t\t<div class=\"foogallery-pile-inner\">\n\t\t\t\t\t\t\t<a href=\"\/index.php\/wp-json\/wp\/v2\/pages\/38573?zgalleryz=29-janvier-voeux-du-president#photos-manifestations-exceptionnelles-2010\" target=\"_self\">\n\t\t\t\t\t\t\t\t<img loading=\"lazy\" decoding=\"async\"  src=\"https:\/\/autourdenous87.fr\/wp-content\/uploads\/cache\/2016\/03\/29-janvier-Voeux-du-Pr\u00e9sident-1\/4042584749.jpg\" width=\"200\" height=\"200\" class=\"skip-lazy\" \/>\t\t\t\t\t\t\t\t\t\t\t\t\t\t\t\t<h3>29 janvier - Voeux du Pr\u00e9sident\t\t\t\t\t\t\t\t\t<span>3 images<\/span>\n\t\t\t\t\t\t\t\t<\/h3>\n\t\t\t\t\t\t\t<\/a>\n\t\t\t\t\t\t<\/div>\n\t\t\t\t\t<\/div>\n\t\t\t\t<\/li>\n\t\t\t\t\t\t\t\t\t<li>\n\t\t\t\t\t<div class=\"foogallery-pile\">\n\t\t\t\t\t\t<div class=\"foogallery-pile-inner\">\n\t\t\t\t\t\t\t<a href=\"\/index.php\/wp-json\/wp\/v2\/pages\/38573?zgalleryz=28-fevrier-trait-dunion#photos-manifestations-exceptionnelles-2010\" target=\"_self\">\n\t\t\t\t\t\t\t\t<img loading=\"lazy\" decoding=\"async\"  src=\"https:\/\/autourdenous87.fr\/wp-content\/uploads\/cache\/2016\/03\/28-f\u00e9vrier-Trait-dUnion-1\/1170909446.jpg\" width=\"200\" height=\"200\" class=\"skip-lazy\" \/>\t\t\t\t\t\t\t\t\t\t\t\t\t\t\t\t<h3>28 f\u00e9vrier - Trait d&#039;Union\t\t\t\t\t\t\t\t\t<span>9 images<\/span>\n\t\t\t\t\t\t\t\t<\/h3>\n\t\t\t\t\t\t\t<\/a>\n\t\t\t\t\t\t<\/div>\n\t\t\t\t\t<\/div>\n\t\t\t\t<\/li>\n\t\t\t\t\t\t\t\t\t<li>\n\t\t\t\t\t<div class=\"foogallery-pile\">\n\t\t\t\t\t\t<div class=\"foogallery-pile-inner\">\n\t\t\t\t\t\t\t<a href=\"\/index.php\/wp-json\/wp\/v2\/pages\/38573?zgalleryz=9-mars-journees-du-jardinage#photos-manifestations-exceptionnelles-2010\" target=\"_self\">\n\t\t\t\t\t\t\t\t<img loading=\"lazy\" decoding=\"async\"  src=\"https:\/\/autourdenous87.fr\/wp-content\/uploads\/cache\/2016\/03\/9-mars-Journ\u00e9es-du-jardinage-1\/1855492891.jpg\" width=\"200\" height=\"200\" class=\"skip-lazy\" \/>\t\t\t\t\t\t\t\t\t\t\t\t\t\t\t\t<h3>9 mars - Journ\u00e9es du jardinage\t\t\t\t\t\t\t\t\t<span>10 images<\/span>\n\t\t\t\t\t\t\t\t<\/h3>\n\t\t\t\t\t\t\t<\/a>\n\t\t\t\t\t\t<\/div>\n\t\t\t\t\t<\/div>\n\t\t\t\t<\/li>\n\t\t\t\t\t\t\t\t\t<li>\n\t\t\t\t\t<div class=\"foogallery-pile\">\n\t\t\t\t\t\t<div class=\"foogallery-pile-inner\">\n\t\t\t\t\t\t\t<a href=\"\/index.php\/wp-json\/wp\/v2\/pages\/38573?zgalleryz=27-mars-conference-p-tavernier#photos-manifestations-exceptionnelles-2010\" target=\"_self\">\n\t\t\t\t\t\t\t\t<img loading=\"lazy\" decoding=\"async\"  src=\"https:\/\/autourdenous87.fr\/wp-content\/uploads\/cache\/2016\/03\/27-mars-Conf\u00e9rence-P_-Tavernier-1\/3606818525.jpg\" width=\"200\" height=\"200\" class=\"skip-lazy\" \/>\t\t\t\t\t\t\t\t\t\t\t\t\t\t\t\t<h3>27 mars - Conf\u00e9rence P. Tavernier\t\t\t\t\t\t\t\t\t<span>7 images<\/span>\n\t\t\t\t\t\t\t\t<\/h3>\n\t\t\t\t\t\t\t<\/a>\n\t\t\t\t\t\t<\/div>\n\t\t\t\t\t<\/div>\n\t\t\t\t<\/li>\n\t\t\t\t\t\t\t\t\t<li>\n\t\t\t\t\t<div class=\"foogallery-pile\">\n\t\t\t\t\t\t<div class=\"foogallery-pile-inner\">\n\t\t\t\t\t\t\t<a href=\"\/index.php\/wp-json\/wp\/v2\/pages\/38573?zgalleryz=89-mai-salon-de-la-randonnee#photos-manifestations-exceptionnelles-2010\" target=\"_self\">\n\t\t\t\t\t\t\t\t<img loading=\"lazy\" decoding=\"async\"  src=\"https:\/\/autourdenous87.fr\/wp-content\/uploads\/cache\/2016\/03\/89-mai-Salon-de-la-randonn\u00e9e-1\/1446675120.jpg\" width=\"200\" height=\"200\" class=\"skip-lazy\" \/>\t\t\t\t\t\t\t\t\t\t\t\t\t\t\t\t<h3>8&amp;9 mai - Salon de la randonn\u00e9e\t\t\t\t\t\t\t\t\t<span>30 images<\/span>\n\t\t\t\t\t\t\t\t<\/h3>\n\t\t\t\t\t\t\t<\/a>\n\t\t\t\t\t\t<\/div>\n\t\t\t\t\t<\/div>\n\t\t\t\t<\/li>\n\t\t\t\t\t\t\t\t\t<li>\n\t\t\t\t\t<div class=\"foogallery-pile\">\n\t\t\t\t\t\t<div class=\"foogallery-pile-inner\">\n\t\t\t\t\t\t\t<a href=\"\/index.php\/wp-json\/wp\/v2\/pages\/38573?zgalleryz=13-juin-marche-des-papillons#photos-manifestations-exceptionnelles-2010\" target=\"_self\">\n\t\t\t\t\t\t\t\t<img loading=\"lazy\" decoding=\"async\"  src=\"https:\/\/autourdenous87.fr\/wp-content\/uploads\/cache\/2016\/03\/13-juin-Marche-des-Papillons-1\/366734124.jpg\" width=\"200\" height=\"200\" class=\"skip-lazy\" \/>\t\t\t\t\t\t\t\t\t\t\t\t\t\t\t\t<h3>13 juin - Marche des Papillons\t\t\t\t\t\t\t\t\t<span>10 images<\/span>\n\t\t\t\t\t\t\t\t<\/h3>\n\t\t\t\t\t\t\t<\/a>\n\t\t\t\t\t\t<\/div>\n\t\t\t\t\t<\/div>\n\t\t\t\t<\/li>\n\t\t\t\t\t\t\t\t\t<li>\n\t\t\t\t\t<div class=\"foogallery-pile\">\n\t\t\t\t\t\t<div class=\"foogallery-pile-inner\">\n\t\t\t\t\t\t\t<a href=\"\/index.php\/wp-json\/wp\/v2\/pages\/38573?zgalleryz=4-juillet-leau-en-partage#photos-manifestations-exceptionnelles-2010\" target=\"_self\">\n\t\t\t\t\t\t\t\t<img loading=\"lazy\" decoding=\"async\"  src=\"https:\/\/autourdenous87.fr\/wp-content\/uploads\/cache\/2016\/03\/4-juillet-Leau-en-partage-1\/1291578087.jpg\" width=\"200\" height=\"200\" class=\"skip-lazy\" \/>\t\t\t\t\t\t\t\t\t\t\t\t\t\t\t\t<h3>4 juillet - L&#039;eau en partage\t\t\t\t\t\t\t\t\t<span>20 images<\/span>\n\t\t\t\t\t\t\t\t<\/h3>\n\t\t\t\t\t\t\t<\/a>\n\t\t\t\t\t\t<\/div>\n\t\t\t\t\t<\/div>\n\t\t\t\t<\/li>\n\t\t\t\t\t\t\t\t\t<li>\n\t\t\t\t\t<div class=\"foogallery-pile\">\n\t\t\t\t\t\t<div class=\"foogallery-pile-inner\">\n\t\t\t\t\t\t\t<a href=\"\/index.php\/wp-json\/wp\/v2\/pages\/38573?zgalleryz=23-au-26-juillet-la-haute-vienne-a-pied#photos-manifestations-exceptionnelles-2010\" target=\"_self\">\n\t\t\t\t\t\t\t\t<img loading=\"lazy\" decoding=\"async\"  src=\"https:\/\/autourdenous87.fr\/wp-content\/uploads\/cache\/2016\/03\/23-au-26-juillet-La-Haute-Vienne-\u00e0-pied-1\/859789572.jpg\" width=\"200\" height=\"200\" class=\"skip-lazy\" \/>\t\t\t\t\t\t\t\t\t\t\t\t\t\t\t\t<h3>23 au 26 juillet - La Haute-Vienne \u00e0 pied\t\t\t\t\t\t\t\t\t<span>44 images<\/span>\n\t\t\t\t\t\t\t\t<\/h3>\n\t\t\t\t\t\t\t<\/a>\n\t\t\t\t\t\t<\/div>\n\t\t\t\t\t<\/div>\n\t\t\t\t<\/li>\n\t\t\t\t\t\t\t\t\t<li>\n\t\t\t\t\t<div class=\"foogallery-pile\">\n\t\t\t\t\t\t<div class=\"foogallery-pile-inner\">\n\t\t\t\t\t\t\t<a href=\"\/index.php\/wp-json\/wp\/v2\/pages\/38573?zgalleryz=24-aout-nettoyons-la-nature#photos-manifestations-exceptionnelles-2010\" target=\"_self\">\n\t\t\t\t\t\t\t\t<img loading=\"lazy\" decoding=\"async\"  src=\"https:\/\/autourdenous87.fr\/wp-content\/uploads\/cache\/2016\/03\/img_1296903060_860\/1227387425.jpg\" width=\"200\" height=\"200\" class=\"skip-lazy\" \/>\t\t\t\t\t\t\t\t\t\t\t\t\t\t\t\t<h3>24 ao\u00fbt - Nettoyons la nature\t\t\t\t\t\t\t\t\t<span>2 images<\/span>\n\t\t\t\t\t\t\t\t<\/h3>\n\t\t\t\t\t\t\t<\/a>\n\t\t\t\t\t\t<\/div>\n\t\t\t\t\t<\/div>\n\t\t\t\t<\/li>\n\t\t\t\t\t\t\t\t\t<li>\n\t\t\t\t\t<div class=\"foogallery-pile\">\n\t\t\t\t\t\t<div class=\"foogallery-pile-inner\">\n\t\t\t\t\t\t\t<a href=\"\/index.php\/wp-json\/wp\/v2\/pages\/38573?zgalleryz=9-octobre-marche-des-potirons#photos-manifestations-exceptionnelles-2010\" target=\"_self\">\n\t\t\t\t\t\t\t\t<img loading=\"lazy\" decoding=\"async\"  src=\"https:\/\/autourdenous87.fr\/wp-content\/uploads\/cache\/2016\/03\/9-octobre-Marche-des-Potirons-1\/616349788.jpg\" width=\"200\" height=\"200\" class=\"skip-lazy\" \/>\t\t\t\t\t\t\t\t\t\t\t\t\t\t\t\t<h3>9 octobre - Marche des Potirons\t\t\t\t\t\t\t\t\t<span>38 images<\/span>\n\t\t\t\t\t\t\t\t<\/h3>\n\t\t\t\t\t\t\t<\/a>\n\t\t\t\t\t\t<\/div>\n\t\t\t\t\t<\/div>\n\t\t\t\t<\/li>\n\t\t\t\t\t\t\t\t\t<li>\n\t\t\t\t\t<div class=\"foogallery-pile\">\n\t\t\t\t\t\t<div class=\"foogallery-pile-inner\">\n\t\t\t\t\t\t\t<a href=\"\/index.php\/wp-json\/wp\/v2\/pages\/38573?zgalleryz=19-novembre-assemblee-generale#photos-manifestations-exceptionnelles-2010\" target=\"_self\">\n\t\t\t\t\t\t\t\t<img loading=\"lazy\" decoding=\"async\"  src=\"https:\/\/autourdenous87.fr\/wp-content\/uploads\/cache\/2016\/03\/19-novembre-Assembl\u00e9e-G\u00e9n\u00e9rale-1\/183566091.jpg\" width=\"200\" height=\"200\" class=\"skip-lazy\" \/>\t\t\t\t\t\t\t\t\t\t\t\t\t\t\t\t<h3>19 novembre - Assembl\u00e9e G\u00e9n\u00e9rale\t\t\t\t\t\t\t\t\t<span>13 images<\/span>\n\t\t\t\t\t\t\t\t<\/h3>\n\t\t\t\t\t\t\t<\/a>\n\t\t\t\t\t\t<\/div>\n\t\t\t\t\t<\/div>\n\t\t\t\t<\/li>\n\t\t\t\t\t\t\t\t\t<li>\n\t\t\t\t\t<div class=\"foogallery-pile\">\n\t\t\t\t\t\t<div class=\"foogallery-pile-inner\">\n\t\t\t\t\t\t\t<a href=\"\/index.php\/wp-json\/wp\/v2\/pages\/38573?zgalleryz=4-decembre-rando-du-telethon#photos-manifestations-exceptionnelles-2010\" target=\"_self\">\n\t\t\t\t\t\t\t\t<img loading=\"lazy\" decoding=\"async\"  src=\"https:\/\/autourdenous87.fr\/wp-content\/uploads\/cache\/2016\/03\/4-d\u00e9cembre-Rando-du-T\u00e9l\u00e9thon-2\/2855788144.jpg\" width=\"200\" height=\"200\" class=\"skip-lazy\" \/>\t\t\t\t\t\t\t\t\t\t\t\t\t\t\t\t<h3>4 d\u00e9cembre - Rando du T\u00e9l\u00e9thon\t\t\t\t\t\t\t\t\t<span>26 images<\/span>\n\t\t\t\t\t\t\t\t<\/h3>\n\t\t\t\t\t\t\t<\/a>\n\t\t\t\t\t\t<\/div>\n\t\t\t\t\t<\/div>\n\t\t\t\t<\/li>\n\t\t\t\t\t\t\t\t\t<li>\n\t\t\t\t\t<div class=\"foogallery-pile\">\n\t\t\t\t\t\t<div class=\"foogallery-pile-inner\">\n\t\t\t\t\t\t\t<a href=\"\/index.php\/wp-json\/wp\/v2\/pages\/38573?zgalleryz=23-decembre-marche-des-illuminations#photos-manifestations-exceptionnelles-2010\" target=\"_self\">\n\t\t\t\t\t\t\t\t<img loading=\"lazy\" decoding=\"async\"  src=\"https:\/\/autourdenous87.fr\/wp-content\/uploads\/cache\/2016\/03\/23-d\u00e9cembre-Marche-des-Illuminations-2\/3860056862.jpg\" width=\"200\" height=\"200\" class=\"skip-lazy\" \/>\t\t\t\t\t\t\t\t\t\t\t\t\t\t\t\t<h3>23 d\u00e9cembre - Marche des Illuminations\t\t\t\t\t\t\t\t\t<span>20 images<\/span>\n\t\t\t\t\t\t\t\t<\/h3>\n\t\t\t\t\t\t\t<\/a>\n\t\t\t\t\t\t<\/div>\n\t\t\t\t\t<\/div>\n\t\t\t\t<\/li>\n\t\t\t\t\t\t<\/ul>\n\t<div style=\"clear: both;\"><\/div>\n<\/div>\n\n","protected":false},"excerpt":{"rendered":"","protected":false},"author":12,"featured_media":0,"parent":229,"menu_order":0,"comment_status":"closed","ping_status":"closed","template":"","meta":{"footnotes":""},"class_list":["post-38573","page","type-page","status-publish","hentry"],"_links":{"self":[{"href":"https:\/\/autourdenous87.fr\/index.php\/wp-json\/wp\/v2\/pages\/38573","targetHints":{"allow":["GET"]}}],"collection":[{"href":"https:\/\/autourdenous87.fr\/index.php\/wp-json\/wp\/v2\/pages"}],"about":[{"href":"https:\/\/autourdenous87.fr\/index.php\/wp-json\/wp\/v2\/types\/page"}],"author":[{"embeddable":true,"href":"https:\/\/autourdenous87.fr\/index.php\/wp-json\/wp\/v2\/users\/12"}],"replies":[{"embeddable":true,"href":"https:\/\/autourdenous87.fr\/index.php\/wp-json\/wp\/v2\/comments?post=38573"}],"version-history":[{"count":0,"href":"https:\/\/autourdenous87.fr\/index.php\/wp-json\/wp\/v2\/pages\/38573\/revisions"}],"up":[{"embeddable":true,"href":"https:\/\/autourdenous87.fr\/index.php\/wp-json\/wp\/v2\/pages\/229"}],"wp:attachment":[{"href":"https:\/\/autourdenous87.fr\/index.php\/wp-json\/wp\/v2\/media?parent=38573"}],"curies":[{"name":"wp","href":"https:\/\/api.w.org\/{rel}","templated":true}]}}