{"id":38582,"date":"2020-01-25T17:48:54","date_gmt":"2020-01-25T16:48:54","guid":{"rendered":"https:\/\/autourdenous87.fr\/?page_id=38582"},"modified":"2020-01-25T17:48:54","modified_gmt":"2020-01-25T16:48:54","slug":"photos-manifestations-exceptionnelles-2013","status":"publish","type":"page","link":"https:\/\/autourdenous87.fr\/index.php\/galerie-photos\/photos-manifestations-exceptionnelles\/photos-manifestations-exceptionnelles-2013\/","title":{"rendered":"Photos Manifestations exceptionnelles 2013"},"content":{"rendered":"<style type=\"text\/css\">.foogallery-album-gallery-list .foogallery-pile h3 { background: #fff !important; }.foogallery-album-gallery-list .foogallery-pile h3 { color: #000000 !important; }<\/style><div id=\"foogallery-album-277\">\n\t<ul class=\"foogallery-album-gallery-list alignment-left\">\n\t\t\t\t\t\t<li>\n\t\t\t\t\t<div class=\"foogallery-pile\">\n\t\t\t\t\t\t<div class=\"foogallery-pile-inner\">\n\t\t\t\t\t\t\t<a href=\"\/index.php\/wp-json\/wp\/v2\/pages\/38582?zgalleryz=2013-initiation-a-la-boussole#photos-manifestations-exceptionnelles-2013\" target=\"_self\">\n\t\t\t\t\t\t\t\t<img loading=\"lazy\" decoding=\"async\"  src=\"https:\/\/autourdenous87.fr\/wp-content\/uploads\/cache\/2016\/03\/2013-Initiation-\u00e0-la-boussole-1\/2096436751.jpg\" width=\"200\" height=\"200\" class=\"skip-lazy\" \/>\t\t\t\t\t\t\t\t\t\t\t\t\t\t\t\t<h3>2013 - Initiation \u00e0 la boussole\t\t\t\t\t\t\t\t\t<span>28 images<\/span>\n\t\t\t\t\t\t\t\t<\/h3>\n\t\t\t\t\t\t\t<\/a>\n\t\t\t\t\t\t<\/div>\n\t\t\t\t\t<\/div>\n\t\t\t\t<\/li>\n\t\t\t\t\t\t\t\t\t<li>\n\t\t\t\t\t<div class=\"foogallery-pile\">\n\t\t\t\t\t\t<div class=\"foogallery-pile-inner\">\n\t\t\t\t\t\t\t<a href=\"\/index.php\/wp-json\/wp\/v2\/pages\/38582?zgalleryz=3-mars-marche-trait-dunion#photos-manifestations-exceptionnelles-2013\" target=\"_self\">\n\t\t\t\t\t\t\t\t<img loading=\"lazy\" decoding=\"async\"  src=\"https:\/\/autourdenous87.fr\/wp-content\/uploads\/cache\/2016\/03\/3-mars-Marche-Trait-dunion-1\/3205761901.jpg\" width=\"200\" height=\"200\" class=\"skip-lazy\" \/>\t\t\t\t\t\t\t\t\t\t\t\t\t\t\t\t<h3>3 mars - Marche Trait d&#039;union\t\t\t\t\t\t\t\t\t<span>39 images<\/span>\n\t\t\t\t\t\t\t\t<\/h3>\n\t\t\t\t\t\t\t<\/a>\n\t\t\t\t\t\t<\/div>\n\t\t\t\t\t<\/div>\n\t\t\t\t<\/li>\n\t\t\t\t\t\t\t\t\t<li>\n\t\t\t\t\t<div class=\"foogallery-pile\">\n\t\t\t\t\t\t<div class=\"foogallery-pile-inner\">\n\t\t\t\t\t\t\t<a href=\"\/index.php\/wp-json\/wp\/v2\/pages\/38582?zgalleryz=18-mars-sdj-cm-1-2-javerdat#photos-manifestations-exceptionnelles-2013\" target=\"_self\">\n\t\t\t\t\t\t\t\t<img loading=\"lazy\" decoding=\"async\"  src=\"https:\/\/autourdenous87.fr\/wp-content\/uploads\/cache\/2016\/03\/18-mars-SDJ-CM-1_-2-Javerdat-1\/3286057925.jpg\" width=\"200\" height=\"200\" class=\"skip-lazy\" \/>\t\t\t\t\t\t\t\t\t\t\t\t\t\t\t\t<h3>18 mars - SDJ - CM 1. 2 Javerdat\t\t\t\t\t\t\t\t\t<span>27 images<\/span>\n\t\t\t\t\t\t\t\t<\/h3>\n\t\t\t\t\t\t\t<\/a>\n\t\t\t\t\t\t<\/div>\n\t\t\t\t\t<\/div>\n\t\t\t\t<\/li>\n\t\t\t\t\t\t\t\t\t<li>\n\t\t\t\t\t<div class=\"foogallery-pile\">\n\t\t\t\t\t\t<div class=\"foogallery-pile-inner\">\n\t\t\t\t\t\t\t<a href=\"\/index.php\/wp-json\/wp\/v2\/pages\/38582?zgalleryz=19-mars-sdj-ce-2-chantemerle#photos-manifestations-exceptionnelles-2013\" target=\"_self\">\n\t\t\t\t\t\t\t\t<img loading=\"lazy\" decoding=\"async\"  src=\"https:\/\/autourdenous87.fr\/wp-content\/uploads\/cache\/2016\/03\/19-mars-SDJ-CE-2-Chantemerle-1\/3989381473.jpg\" width=\"200\" height=\"200\" class=\"skip-lazy\" \/>\t\t\t\t\t\t\t\t\t\t\t\t\t\t\t\t<h3>19 mars - SDJ  - CE 2 Chantemerle\t\t\t\t\t\t\t\t\t<span>32 images<\/span>\n\t\t\t\t\t\t\t\t<\/h3>\n\t\t\t\t\t\t\t<\/a>\n\t\t\t\t\t\t<\/div>\n\t\t\t\t\t<\/div>\n\t\t\t\t<\/li>\n\t\t\t\t\t\t\t\t\t<li>\n\t\t\t\t\t<div class=\"foogallery-pile\">\n\t\t\t\t\t\t<div class=\"foogallery-pile-inner\">\n\t\t\t\t\t\t\t<a href=\"\/index.php\/wp-json\/wp\/v2\/pages\/38582?zgalleryz=19-mars-sdj-ce1-2-javerdat#photos-manifestations-exceptionnelles-2013\" target=\"_self\">\n\t\t\t\t\t\t\t\t<img loading=\"lazy\" decoding=\"async\"  src=\"https:\/\/autourdenous87.fr\/wp-content\/uploads\/cache\/2016\/03\/19-mars-SDJ-CE1_2-Javerdat-1\/3908644794.jpg\" width=\"200\" height=\"200\" class=\"skip-lazy\" \/>\t\t\t\t\t\t\t\t\t\t\t\t\t\t\t\t<h3>19 mars - SDJ - CE1.2  Javerdat\t\t\t\t\t\t\t\t\t<span>30 images<\/span>\n\t\t\t\t\t\t\t\t<\/h3>\n\t\t\t\t\t\t\t<\/a>\n\t\t\t\t\t\t<\/div>\n\t\t\t\t\t<\/div>\n\t\t\t\t<\/li>\n\t\t\t\t\t\t\t\t\t<li>\n\t\t\t\t\t<div class=\"foogallery-pile\">\n\t\t\t\t\t\t<div class=\"foogallery-pile-inner\">\n\t\t\t\t\t\t\t<a href=\"\/index.php\/wp-json\/wp\/v2\/pages\/38582?zgalleryz=21-mars-sdj-ce-1-chantemerle#photos-manifestations-exceptionnelles-2013\" target=\"_self\">\n\t\t\t\t\t\t\t\t<img loading=\"lazy\" decoding=\"async\"  src=\"https:\/\/autourdenous87.fr\/wp-content\/uploads\/cache\/2016\/03\/21-mars-SDJ-CE-1-Chantemerle-1\/3001239758.jpg\" width=\"200\" height=\"200\" class=\"skip-lazy\" \/>\t\t\t\t\t\t\t\t\t\t\t\t\t\t\t\t<h3>21 mars - SDJ -  CE 1 - Chantemerle\t\t\t\t\t\t\t\t\t<span>31 images<\/span>\n\t\t\t\t\t\t\t\t<\/h3>\n\t\t\t\t\t\t\t<\/a>\n\t\t\t\t\t\t<\/div>\n\t\t\t\t\t<\/div>\n\t\t\t\t<\/li>\n\t\t\t\t\t\t\t\t\t<li>\n\t\t\t\t\t<div class=\"foogallery-pile\">\n\t\t\t\t\t\t<div class=\"foogallery-pile-inner\">\n\t\t\t\t\t\t\t<a href=\"\/index.php\/wp-json\/wp\/v2\/pages\/38582?zgalleryz=22-mars-sdj-cp-chantemerle#photos-manifestations-exceptionnelles-2013\" target=\"_self\">\n\t\t\t\t\t\t\t\t<img loading=\"lazy\" decoding=\"async\"  src=\"https:\/\/autourdenous87.fr\/wp-content\/uploads\/cache\/2016\/03\/22-mars-SDJ-CP-Chantemerle-1\/1200667181.jpg\" width=\"200\" height=\"200\" class=\"skip-lazy\" \/>\t\t\t\t\t\t\t\t\t\t\t\t\t\t\t\t<h3>22 mars - SDJ - CP Chantemerle\t\t\t\t\t\t\t\t\t<span>26 images<\/span>\n\t\t\t\t\t\t\t\t<\/h3>\n\t\t\t\t\t\t\t<\/a>\n\t\t\t\t\t\t<\/div>\n\t\t\t\t\t<\/div>\n\t\t\t\t<\/li>\n\t\t\t\t\t\t\t\t\t<li>\n\t\t\t\t\t<div class=\"foogallery-pile\">\n\t\t\t\t\t\t<div class=\"foogallery-pile-inner\">\n\t\t\t\t\t\t\t<a href=\"\/index.php\/wp-json\/wp\/v2\/pages\/38582?zgalleryz=mai-2013-vassiviere#photos-manifestations-exceptionnelles-2013\" target=\"_self\">\n\t\t\t\t\t\t\t\t<img loading=\"lazy\" decoding=\"async\"  src=\"https:\/\/autourdenous87.fr\/wp-content\/uploads\/cache\/2016\/03\/Mai-2013-Vassivi\u00e8re-1\/4138105920.jpg\" width=\"200\" height=\"200\" class=\"skip-lazy\" \/>\t\t\t\t\t\t\t\t\t\t\t\t\t\t\t\t<h3>Mai 2013 - Vassivi\u00e8re\t\t\t\t\t\t\t\t\t<span>65 images<\/span>\n\t\t\t\t\t\t\t\t<\/h3>\n\t\t\t\t\t\t\t<\/a>\n\t\t\t\t\t\t<\/div>\n\t\t\t\t\t<\/div>\n\t\t\t\t<\/li>\n\t\t\t\t\t\t\t\t\t<li>\n\t\t\t\t\t<div class=\"foogallery-pile\">\n\t\t\t\t\t\t<div class=\"foogallery-pile-inner\">\n\t\t\t\t\t\t\t<a href=\"\/index.php\/wp-json\/wp\/v2\/pages\/38582?zgalleryz=2-juin-rando-gourmande#photos-manifestations-exceptionnelles-2013\" target=\"_self\">\n\t\t\t\t\t\t\t\t<img loading=\"lazy\" decoding=\"async\"  src=\"https:\/\/autourdenous87.fr\/wp-content\/uploads\/cache\/2016\/03\/2-juin-Rando-gourmande-1\/1024609293.jpg\" width=\"200\" height=\"200\" class=\"skip-lazy\" \/>\t\t\t\t\t\t\t\t\t\t\t\t\t\t\t\t<h3>2 juin - Rando gourmande\t\t\t\t\t\t\t\t\t<span>50 images<\/span>\n\t\t\t\t\t\t\t\t<\/h3>\n\t\t\t\t\t\t\t<\/a>\n\t\t\t\t\t\t<\/div>\n\t\t\t\t\t<\/div>\n\t\t\t\t<\/li>\n\t\t\t\t\t\t\t\t\t<li>\n\t\t\t\t\t<div class=\"foogallery-pile\">\n\t\t\t\t\t\t<div class=\"foogallery-pile-inner\">\n\t\t\t\t\t\t\t<a href=\"\/index.php\/wp-json\/wp\/v2\/pages\/38582?zgalleryz=27-sept-nettoyons-la-nature#photos-manifestations-exceptionnelles-2013\" target=\"_self\">\n\t\t\t\t\t\t\t\t<img loading=\"lazy\" decoding=\"async\"  src=\"https:\/\/autourdenous87.fr\/wp-content\/uploads\/cache\/2016\/03\/27-sept-Nettoyons-la-nature-1\/3948943601.jpg\" width=\"200\" height=\"200\" class=\"skip-lazy\" \/>\t\t\t\t\t\t\t\t\t\t\t\t\t\t\t\t<h3>27 sept - Nettoyons la nature\t\t\t\t\t\t\t\t\t<span>37 images<\/span>\n\t\t\t\t\t\t\t\t<\/h3>\n\t\t\t\t\t\t\t<\/a>\n\t\t\t\t\t\t<\/div>\n\t\t\t\t\t<\/div>\n\t\t\t\t<\/li>\n\t\t\t\t\t\t\t\t\t<li>\n\t\t\t\t\t<div class=\"foogallery-pile\">\n\t\t\t\t\t\t<div class=\"foogallery-pile-inner\">\n\t\t\t\t\t\t\t<a href=\"\/index.php\/wp-json\/wp\/v2\/pages\/38582?zgalleryz=12-octobre-2013-les-potirons#photos-manifestations-exceptionnelles-2013\" target=\"_self\">\n\t\t\t\t\t\t\t\t<img loading=\"lazy\" decoding=\"async\"  src=\"https:\/\/autourdenous87.fr\/wp-content\/uploads\/cache\/2016\/03\/12-octobre-2013-Les-Potirons-1\/3106477312.jpg\" width=\"200\" height=\"200\" class=\"skip-lazy\" \/>\t\t\t\t\t\t\t\t\t\t\t\t\t\t\t\t<h3>12 octobre 2013 - Les Potirons\t\t\t\t\t\t\t\t\t<span>54 images<\/span>\n\t\t\t\t\t\t\t\t<\/h3>\n\t\t\t\t\t\t\t<\/a>\n\t\t\t\t\t\t<\/div>\n\t\t\t\t\t<\/div>\n\t\t\t\t<\/li>\n\t\t\t\t\t\t\t\t\t<li>\n\t\t\t\t\t<div class=\"foogallery-pile\">\n\t\t\t\t\t\t<div class=\"foogallery-pile-inner\">\n\t\t\t\t\t\t\t<a href=\"\/index.php\/wp-json\/wp\/v2\/pages\/38582?zgalleryz=7-dec-telethon-2013#photos-manifestations-exceptionnelles-2013\" target=\"_self\">\n\t\t\t\t\t\t\t\t<img loading=\"lazy\" decoding=\"async\"  src=\"https:\/\/autourdenous87.fr\/wp-content\/uploads\/cache\/2016\/03\/7-d\u00e9c-T\u00e9l\u00e9thon-2013-1\/487956651.jpg\" width=\"200\" height=\"200\" class=\"skip-lazy\" \/>\t\t\t\t\t\t\t\t\t\t\t\t\t\t\t\t<h3>7 d\u00e9c - T\u00e9l\u00e9thon 2013\t\t\t\t\t\t\t\t\t<span>30 images<\/span>\n\t\t\t\t\t\t\t\t<\/h3>\n\t\t\t\t\t\t\t<\/a>\n\t\t\t\t\t\t<\/div>\n\t\t\t\t\t<\/div>\n\t\t\t\t<\/li>\n\t\t\t\t\t\t\t\t\t<li>\n\t\t\t\t\t<div class=\"foogallery-pile\">\n\t\t\t\t\t\t<div class=\"foogallery-pile-inner\">\n\t\t\t\t\t\t\t<a href=\"\/index.php\/wp-json\/wp\/v2\/pages\/38582?zgalleryz=20-dec-balade-des-illuminations#photos-manifestations-exceptionnelles-2013\" target=\"_self\">\n\t\t\t\t\t\t\t\t<img loading=\"lazy\" decoding=\"async\"  src=\"https:\/\/autourdenous87.fr\/wp-content\/uploads\/cache\/2016\/03\/20-d\u00e9c-Balade-des-Illuminations-1\/3725608915.jpg\" width=\"200\" height=\"200\" class=\"skip-lazy\" \/>\t\t\t\t\t\t\t\t\t\t\t\t\t\t\t\t<h3>20 d\u00e9c - Balade des Illuminations\t\t\t\t\t\t\t\t\t<span>65 images<\/span>\n\t\t\t\t\t\t\t\t<\/h3>\n\t\t\t\t\t\t\t<\/a>\n\t\t\t\t\t\t<\/div>\n\t\t\t\t\t<\/div>\n\t\t\t\t<\/li>\n\t\t\t\t\t\t\t\t\t<li>\n\t\t\t\t\t<div class=\"foogallery-pile\">\n\t\t\t\t\t\t<div class=\"foogallery-pile-inner\">\n\t\t\t\t\t\t\t<a href=\"\/index.php\/wp-json\/wp\/v2\/pages\/38582?zgalleryz=20-dec-soiree-des-illuminations#photos-manifestations-exceptionnelles-2013\" target=\"_self\">\n\t\t\t\t\t\t\t\t<img loading=\"lazy\" decoding=\"async\"  src=\"https:\/\/autourdenous87.fr\/wp-content\/uploads\/cache\/2016\/03\/20-d\u00e9c-Soir\u00e9e-des-illuminations-1\/4005525429.jpg\" width=\"200\" height=\"200\" class=\"skip-lazy\" \/>\t\t\t\t\t\t\t\t\t\t\t\t\t\t\t\t<h3>20 d\u00e9c  Soir\u00e9e des illuminations\t\t\t\t\t\t\t\t\t<span>26 images<\/span>\n\t\t\t\t\t\t\t\t<\/h3>\n\t\t\t\t\t\t\t<\/a>\n\t\t\t\t\t\t<\/div>\n\t\t\t\t\t<\/div>\n\t\t\t\t<\/li>\n\t\t\t\t\t\t<\/ul>\n\t<div style=\"clear: both;\"><\/div>\n<\/div>\n\n","protected":false},"excerpt":{"rendered":"","protected":false},"author":12,"featured_media":0,"parent":229,"menu_order":0,"comment_status":"closed","ping_status":"closed","template":"","meta":{"footnotes":""},"class_list":["post-38582","page","type-page","status-publish","hentry"],"_links":{"self":[{"href":"https:\/\/autourdenous87.fr\/index.php\/wp-json\/wp\/v2\/pages\/38582","targetHints":{"allow":["GET"]}}],"collection":[{"href":"https:\/\/autourdenous87.fr\/index.php\/wp-json\/wp\/v2\/pages"}],"about":[{"href":"https:\/\/autourdenous87.fr\/index.php\/wp-json\/wp\/v2\/types\/page"}],"author":[{"embeddable":true,"href":"https:\/\/autourdenous87.fr\/index.php\/wp-json\/wp\/v2\/users\/12"}],"replies":[{"embeddable":true,"href":"https:\/\/autourdenous87.fr\/index.php\/wp-json\/wp\/v2\/comments?post=38582"}],"version-history":[{"count":0,"href":"https:\/\/autourdenous87.fr\/index.php\/wp-json\/wp\/v2\/pages\/38582\/revisions"}],"up":[{"embeddable":true,"href":"https:\/\/autourdenous87.fr\/index.php\/wp-json\/wp\/v2\/pages\/229"}],"wp:attachment":[{"href":"https:\/\/autourdenous87.fr\/index.php\/wp-json\/wp\/v2\/media?parent=38582"}],"curies":[{"name":"wp","href":"https:\/\/api.w.org\/{rel}","templated":true}]}}