{"id":44345,"date":"2025-01-03T09:24:16","date_gmt":"2025-01-03T08:24:16","guid":{"rendered":"https:\/\/autourdenous87.fr\/?page_id=44345"},"modified":"2025-01-03T09:24:16","modified_gmt":"2025-01-03T08:24:16","slug":"photos-manifestations-exceptionnelles-2025","status":"publish","type":"page","link":"https:\/\/autourdenous87.fr\/index.php\/galerie-photos\/photos-manifestations-exceptionnelles\/photos-manifestations-exceptionnelles-2025\/","title":{"rendered":"Photos Manifestations exceptionnelles 2025"},"content":{"rendered":"<style type=\"text\/css\">.foogallery-album-gallery-list .foogallery-pile h3 { background: #fff !important; }.foogallery-album-gallery-list .foogallery-pile h3 { color: #000000 !important; }<\/style><div id=\"foogallery-album-44346\">\n\t<ul class=\"foogallery-album-gallery-list alignment-left\">\n\t\t\t\t\t\t<li>\n\t\t\t\t\t<div class=\"foogallery-pile\">\n\t\t\t\t\t\t<div class=\"foogallery-pile-inner\">\n\t\t\t\t\t\t\t<a href=\"\/index.php\/wp-json\/wp\/v2\/pages\/44345?zgalleryz=plantation-des-haies-avec-les-enfants\" target=\"_self\">\n\t\t\t\t\t\t\t\t<img loading=\"lazy\" decoding=\"async\"  src=\"https:\/\/autourdenous87.fr\/wp-content\/uploads\/cache\/2025\/02\/ADN-etait-present\/2056912025.jpg\" width=\"150\" height=\"150\" class=\"skip-lazy\" \/>\t\t\t\t\t\t\t\t\t\t\t\t\t\t\t\t<h3>Plantation des haies avec les enfants\t\t\t\t\t\t\t\t\t<span>39 images<\/span>\n\t\t\t\t\t\t\t\t<\/h3>\n\t\t\t\t\t\t\t<\/a>\n\t\t\t\t\t\t<\/div>\n\t\t\t\t\t<\/div>\n\t\t\t\t<\/li>\n\t\t\t\t\t\t\t\t\t<li>\n\t\t\t\t\t<div class=\"foogallery-pile\">\n\t\t\t\t\t\t<div class=\"foogallery-pile-inner\">\n\t\t\t\t\t\t\t<a href=\"\/index.php\/wp-json\/wp\/v2\/pages\/44345?zgalleryz=randonnee-mars-bleu-2025\" target=\"_self\">\n\t\t\t\t\t\t\t\t<img loading=\"lazy\" decoding=\"async\"  src=\"https:\/\/autourdenous87.fr\/wp-content\/uploads\/cache\/2025\/03\/Mars-bleu-2025-1\/3809718488.jpg\" width=\"150\" height=\"150\" class=\"skip-lazy\" \/>\t\t\t\t\t\t\t\t\t\t\t\t\t\t\t\t<h3>Randonn\u00e9e Mars bleu 2025\t\t\t\t\t\t\t\t\t<span>48 images<\/span>\n\t\t\t\t\t\t\t\t<\/h3>\n\t\t\t\t\t\t\t<\/a>\n\t\t\t\t\t\t<\/div>\n\t\t\t\t\t<\/div>\n\t\t\t\t<\/li>\n\t\t\t\t\t\t\t\t\t<li>\n\t\t\t\t\t<div class=\"foogallery-pile\">\n\t\t\t\t\t\t<div class=\"foogallery-pile-inner\">\n\t\t\t\t\t\t\t<a href=\"\/index.php\/wp-json\/wp\/v2\/pages\/44345?zgalleryz=manifestation-festibase-2025-a-st-victurnien\" target=\"_self\">\n\t\t\t\t\t\t\t\t<img loading=\"lazy\" decoding=\"async\"  src=\"https:\/\/autourdenous87.fr\/wp-content\/uploads\/cache\/2025\/05\/Festibase-2025-1\/2780069663.jpg\" width=\"150\" height=\"150\" class=\"skip-lazy\" \/>\t\t\t\t\t\t\t\t\t\t\t\t\t\t\t\t<h3>Manifestation FESTIBASE  2025 \u00e0 St Victurnien\t\t\t\t\t\t\t\t\t<span>34 images<\/span>\n\t\t\t\t\t\t\t\t<\/h3>\n\t\t\t\t\t\t\t<\/a>\n\t\t\t\t\t\t<\/div>\n\t\t\t\t\t<\/div>\n\t\t\t\t<\/li>\n\t\t\t\t\t\t\t\t\t<li>\n\t\t\t\t\t<div class=\"foogallery-pile\">\n\t\t\t\t\t\t<div class=\"foogallery-pile-inner\">\n\t\t\t\t\t\t\t<a href=\"\/index.php\/wp-json\/wp\/v2\/pages\/44345?zgalleryz=visite-a-aubazine-mai-2025\" target=\"_self\">\n\t\t\t\t\t\t\t\t<img loading=\"lazy\" decoding=\"async\"  src=\"https:\/\/autourdenous87.fr\/wp-content\/uploads\/cache\/2025\/05\/Aubazine-mai-2025-1\/2230355730.jpg\" width=\"150\" height=\"150\" class=\"skip-lazy\" \/>\t\t\t\t\t\t\t\t\t\t\t\t\t\t\t\t<h3>Visite \u00e0 Aubazine - Mai 2025\t\t\t\t\t\t\t\t\t<span>87 images<\/span>\n\t\t\t\t\t\t\t\t<\/h3>\n\t\t\t\t\t\t\t<\/a>\n\t\t\t\t\t\t<\/div>\n\t\t\t\t\t<\/div>\n\t\t\t\t<\/li>\n\t\t\t\t\t\t\t\t\t<li>\n\t\t\t\t\t<div class=\"foogallery-pile\">\n\t\t\t\t\t\t<div class=\"foogallery-pile-inner\">\n\t\t\t\t\t\t\t<a href=\"\/index.php\/wp-json\/wp\/v2\/pages\/44345?zgalleryz=gantrando-2025-lesterps\" target=\"_self\">\n\t\t\t\t\t\t\t\t<img loading=\"lazy\" decoding=\"async\"  src=\"https:\/\/autourdenous87.fr\/wp-content\/uploads\/cache\/2025\/05\/Gantrando-2025-Lesterps-1-1\/4107125256.jpg\" width=\"150\" height=\"150\" class=\"skip-lazy\" \/>\t\t\t\t\t\t\t\t\t\t\t\t\t\t\t\t<h3>Gant&#039;rando 2025 - Lesterps\t\t\t\t\t\t\t\t\t<span>47 images<\/span>\n\t\t\t\t\t\t\t\t<\/h3>\n\t\t\t\t\t\t\t<\/a>\n\t\t\t\t\t\t<\/div>\n\t\t\t\t\t<\/div>\n\t\t\t\t<\/li>\n\t\t\t\t\t\t\t\t\t<li>\n\t\t\t\t\t<div class=\"foogallery-pile\">\n\t\t\t\t\t\t<div class=\"foogallery-pile-inner\">\n\t\t\t\t\t\t\t<a href=\"\/index.php\/wp-json\/wp\/v2\/pages\/44345?zgalleryz=gantrando-2025-cussac-foret-de-boubon\" target=\"_self\">\n\t\t\t\t\t\t\t\t<img loading=\"lazy\" decoding=\"async\"  src=\"https:\/\/autourdenous87.fr\/wp-content\/uploads\/cache\/2025\/05\/Gant-rando-2025-Cuss-ac-0-Copier\/2144192860.jpg\" width=\"150\" height=\"150\" class=\"skip-lazy\" \/>\t\t\t\t\t\t\t\t\t\t\t\t\t\t\t\t<h3>Gant&#039;rando 2025 - Cussac (For\u00eat de Boubon)\t\t\t\t\t\t\t\t\t<span>82 images<\/span>\n\t\t\t\t\t\t\t\t<\/h3>\n\t\t\t\t\t\t\t<\/a>\n\t\t\t\t\t\t<\/div>\n\t\t\t\t\t<\/div>\n\t\t\t\t<\/li>\n\t\t\t\t\t\t\t\t\t<li>\n\t\t\t\t\t<div class=\"foogallery-pile\">\n\t\t\t\t\t\t<div class=\"foogallery-pile-inner\">\n\t\t\t\t\t\t\t<a href=\"\/index.php\/wp-json\/wp\/v2\/pages\/44345?zgalleryz=journee-rencontre-2025-a-etagnac\" target=\"_self\">\n\t\t\t\t\t\t\t\t<img loading=\"lazy\" decoding=\"async\"  src=\"https:\/\/autourdenous87.fr\/wp-content\/uploads\/cache\/2025\/06\/Journee-rencontre-1\/2979659011.jpg\" width=\"150\" height=\"150\" class=\"skip-lazy\" \/>\t\t\t\t\t\t\t\t\t\t\t\t\t\t\t\t<h3>Journ\u00e9e rencontre 2025 \u00e0 Etagnac\t\t\t\t\t\t\t\t\t<span>59 images<\/span>\n\t\t\t\t\t\t\t\t<\/h3>\n\t\t\t\t\t\t\t<\/a>\n\t\t\t\t\t\t<\/div>\n\t\t\t\t\t<\/div>\n\t\t\t\t<\/li>\n\t\t\t\t\t\t\t\t\t<li>\n\t\t\t\t\t<div class=\"foogallery-pile\">\n\t\t\t\t\t\t<div class=\"foogallery-pile-inner\">\n\t\t\t\t\t\t\t<a href=\"\/index.php\/wp-json\/wp\/v2\/pages\/44345?zgalleryz=samedi-jai-sport-samedi-30-aout-2025\" target=\"_self\">\n\t\t\t\t\t\t\t\t<img loading=\"lazy\" decoding=\"async\"  src=\"https:\/\/autourdenous87.fr\/wp-content\/uploads\/cache\/2025\/09\/Samedi-jai-sport-2025-1-scaled\/965307004.jpg\" width=\"150\" height=\"150\" class=\"skip-lazy\" \/>\t\t\t\t\t\t\t\t\t\t\t\t\t\t\t\t<h3>Samedi j&#039;ai sport - Samedi 30 ao\u00fbt 2025\t\t\t\t\t\t\t\t\t<span>22 images<\/span>\n\t\t\t\t\t\t\t\t<\/h3>\n\t\t\t\t\t\t\t<\/a>\n\t\t\t\t\t\t<\/div>\n\t\t\t\t\t<\/div>\n\t\t\t\t<\/li>\n\t\t\t\t\t\t\t\t\t<li>\n\t\t\t\t\t<div class=\"foogallery-pile\">\n\t\t\t\t\t\t<div class=\"foogallery-pile-inner\">\n\t\t\t\t\t\t\t<a href=\"\/index.php\/wp-json\/wp\/v2\/pages\/44345?zgalleryz=assemblee-generale-2025\" target=\"_self\">\n\t\t\t\t\t\t\t\t<img loading=\"lazy\" decoding=\"async\"  src=\"https:\/\/autourdenous87.fr\/wp-content\/uploads\/cache\/2025\/09\/AG-2025-2\/3960951937.jpg\" width=\"150\" height=\"150\" class=\"skip-lazy\" \/>\t\t\t\t\t\t\t\t\t\t\t\t\t\t\t\t<h3>Assembl\u00e9e G\u00e9n\u00e9rale 2025\t\t\t\t\t\t\t\t\t<span>17 images<\/span>\n\t\t\t\t\t\t\t\t<\/h3>\n\t\t\t\t\t\t\t<\/a>\n\t\t\t\t\t\t<\/div>\n\t\t\t\t\t<\/div>\n\t\t\t\t<\/li>\n\t\t\t\t\t\t\t\t\t<li>\n\t\t\t\t\t<div class=\"foogallery-pile\">\n\t\t\t\t\t\t<div class=\"foogallery-pile-inner\">\n\t\t\t\t\t\t\t<a href=\"\/index.php\/wp-json\/wp\/v2\/pages\/44345?zgalleryz=stand-inter-sport-20-septembre-2025\" target=\"_self\">\n\t\t\t\t\t\t\t\t<img loading=\"lazy\" decoding=\"async\"  src=\"https:\/\/autourdenous87.fr\/wp-content\/uploads\/cache\/2025\/09\/logo-engage-intersport-cmjn\/2595755239.png\" width=\"150\" height=\"150\" class=\"skip-lazy\" \/>\t\t\t\t\t\t\t\t\t\t\t\t\t\t\t\t<h3>Stand Inter sport - 20 septembre 2025\t\t\t\t\t\t\t\t\t<span>5 images<\/span>\n\t\t\t\t\t\t\t\t<\/h3>\n\t\t\t\t\t\t\t<\/a>\n\t\t\t\t\t\t<\/div>\n\t\t\t\t\t<\/div>\n\t\t\t\t<\/li>\n\t\t\t\t\t\t\t\t\t<li>\n\t\t\t\t\t<div class=\"foogallery-pile\">\n\t\t\t\t\t\t<div class=\"foogallery-pile-inner\">\n\t\t\t\t\t\t\t<a href=\"\/index.php\/wp-json\/wp\/v2\/pages\/44345?zgalleryz=randonnee-et-soiree-des-potirons-2025\" target=\"_self\">\n\t\t\t\t\t\t\t\t<img loading=\"lazy\" decoding=\"async\"  src=\"https:\/\/autourdenous87.fr\/wp-content\/uploads\/cache\/2025\/10\/Les-Potirons-2025-1\/3042081591.jpg\" width=\"150\" height=\"150\" class=\"skip-lazy\" \/>\t\t\t\t\t\t\t\t\t\t\t\t\t\t\t\t<h3>Randonn\u00e9e et soir\u00e9e des Potirons 2025\t\t\t\t\t\t\t\t\t<span>72 images<\/span>\n\t\t\t\t\t\t\t\t<\/h3>\n\t\t\t\t\t\t\t<\/a>\n\t\t\t\t\t\t<\/div>\n\t\t\t\t\t<\/div>\n\t\t\t\t<\/li>\n\t\t\t\t\t\t<\/ul>\n\t<div style=\"clear: both;\"><\/div>\n<\/div>\n\n","protected":false},"excerpt":{"rendered":"","protected":false},"author":12,"featured_media":0,"parent":229,"menu_order":0,"comment_status":"closed","ping_status":"closed","template":"","meta":{"footnotes":""},"class_list":["post-44345","page","type-page","status-publish","hentry"],"_links":{"self":[{"href":"https:\/\/autourdenous87.fr\/index.php\/wp-json\/wp\/v2\/pages\/44345","targetHints":{"allow":["GET"]}}],"collection":[{"href":"https:\/\/autourdenous87.fr\/index.php\/wp-json\/wp\/v2\/pages"}],"about":[{"href":"https:\/\/autourdenous87.fr\/index.php\/wp-json\/wp\/v2\/types\/page"}],"author":[{"embeddable":true,"href":"https:\/\/autourdenous87.fr\/index.php\/wp-json\/wp\/v2\/users\/12"}],"replies":[{"embeddable":true,"href":"https:\/\/autourdenous87.fr\/index.php\/wp-json\/wp\/v2\/comments?post=44345"}],"version-history":[{"count":1,"href":"https:\/\/autourdenous87.fr\/index.php\/wp-json\/wp\/v2\/pages\/44345\/revisions"}],"predecessor-version":[{"id":44348,"href":"https:\/\/autourdenous87.fr\/index.php\/wp-json\/wp\/v2\/pages\/44345\/revisions\/44348"}],"up":[{"embeddable":true,"href":"https:\/\/autourdenous87.fr\/index.php\/wp-json\/wp\/v2\/pages\/229"}],"wp:attachment":[{"href":"https:\/\/autourdenous87.fr\/index.php\/wp-json\/wp\/v2\/media?parent=44345"}],"curies":[{"name":"wp","href":"https:\/\/api.w.org\/{rel}","templated":true}]}}