{"id":47,"date":"2016-03-05T18:29:40","date_gmt":"2016-03-05T17:29:40","guid":{"rendered":"https:\/\/autourdenous87.fr\/?page_id=47"},"modified":"2024-04-09T16:46:25","modified_gmt":"2024-04-09T14:46:25","slug":"presse","status":"publish","type":"page","link":"https:\/\/autourdenous87.fr\/index.php\/presse\/","title":{"rendered":"Presse"},"content":{"rendered":"<p><a href=\"https:\/\/autourdenous87.fr\/wp-content\/uploads\/2024\/04\/randonnee-olympique-001.jpg\">randonn\u00e9e pour les jeux olympiques-<em>la petite abeille<\/em><br \/>\n<img loading=\"lazy\" decoding=\"async\" class=\"alignnone size-medium wp-image-43414\" src=\"https:\/\/autourdenous87.fr\/wp-content\/uploads\/2024\/04\/randonnee-olympique-001-242x300.jpg\" alt=\"\" width=\"242\" height=\"300\" srcset=\"https:\/\/autourdenous87.fr\/wp-content\/uploads\/2024\/04\/randonnee-olympique-001-242x300.jpg 242w, https:\/\/autourdenous87.fr\/wp-content\/uploads\/2024\/04\/randonnee-olympique-001-768x953.jpg 768w, https:\/\/autourdenous87.fr\/wp-content\/uploads\/2024\/04\/randonnee-olympique-001-1238x1536.jpg 1238w, https:\/\/autourdenous87.fr\/wp-content\/uploads\/2024\/04\/randonnee-olympique-001-1200x1489.jpg 1200w, https:\/\/autourdenous87.fr\/wp-content\/uploads\/2024\/04\/randonnee-olympique-001.jpg 1416w\" sizes=\"auto, (max-width: 242px) 85vw, 242px\" \/><\/a><a href=\"https:\/\/autourdenous87.fr\/wp-content\/uploads\/2024\/04\/mars-bleu-st-junien-001.jpg\">Mars bleu st junien-l<em>a petite abeille<\/em><br \/>\n<img loading=\"lazy\" decoding=\"async\" class=\"alignnone size-medium wp-image-43412\" src=\"https:\/\/autourdenous87.fr\/wp-content\/uploads\/2024\/04\/mars-bleu-st-junien-001-300x264.jpg\" alt=\"\" width=\"300\" height=\"264\" srcset=\"https:\/\/autourdenous87.fr\/wp-content\/uploads\/2024\/04\/mars-bleu-st-junien-001-300x264.jpg 300w, https:\/\/autourdenous87.fr\/wp-content\/uploads\/2024\/04\/mars-bleu-st-junien-001-768x677.jpg 768w, https:\/\/autourdenous87.fr\/wp-content\/uploads\/2024\/04\/mars-bleu-st-junien-001-1200x1057.jpg 1200w, https:\/\/autourdenous87.fr\/wp-content\/uploads\/2024\/04\/mars-bleu-st-junien-001.jpg 1422w\" sizes=\"auto, (max-width: 300px) 85vw, 300px\" \/><\/a><a href=\"https:\/\/autourdenous87.fr\/wp-content\/uploads\/2024\/04\/grande-randonnee-st-auvent-001.jpg\">Randonn\u00e9e dans le cadre des jeux olympiques-<em>lundi 1er avril 2024 le populaire<\/em><br \/>\n<img loading=\"lazy\" decoding=\"async\" class=\"alignnone size-medium wp-image-43323\" src=\"https:\/\/autourdenous87.fr\/wp-content\/uploads\/2024\/04\/grande-randonnee-st-auvent-001-300x251.jpg\" alt=\"\" width=\"300\" height=\"251\" srcset=\"https:\/\/autourdenous87.fr\/wp-content\/uploads\/2024\/04\/grande-randonnee-st-auvent-001-300x251.jpg 300w, https:\/\/autourdenous87.fr\/wp-content\/uploads\/2024\/04\/grande-randonnee-st-auvent-001-768x643.jpg 768w, https:\/\/autourdenous87.fr\/wp-content\/uploads\/2024\/04\/grande-randonnee-st-auvent-001-1200x1005.jpg 1200w, https:\/\/autourdenous87.fr\/wp-content\/uploads\/2024\/04\/grande-randonnee-st-auvent-001.jpg 1329w\" sizes=\"auto, (max-width: 300px) 85vw, 300px\" \/><\/a><a href=\"https:\/\/autourdenous87.fr\/wp-content\/uploads\/2024\/03\/nuage-bleu-001.jpg\"> Mars bleu randonn\u00e9e pour le cancer Colorectal-<em>le populaire du 22 avril 2024<\/em><br \/>\n<img loading=\"lazy\" decoding=\"async\" class=\"alignnone size-medium wp-image-43186\" src=\"https:\/\/autourdenous87.fr\/wp-content\/uploads\/2024\/03\/nuage-bleu-001-293x300.jpg\" alt=\"\" width=\"293\" height=\"300\" srcset=\"https:\/\/autourdenous87.fr\/wp-content\/uploads\/2024\/03\/nuage-bleu-001-293x300.jpg 293w, https:\/\/autourdenous87.fr\/wp-content\/uploads\/2024\/03\/nuage-bleu-001-768x787.jpg 768w, https:\/\/autourdenous87.fr\/wp-content\/uploads\/2024\/03\/nuage-bleu-001-1200x1230.jpg 1200w, https:\/\/autourdenous87.fr\/wp-content\/uploads\/2024\/03\/nuage-bleu-001.jpg 1341w\" sizes=\"auto, (max-width: 293px) 85vw, 293px\" \/><\/a>.Plantation d&rsquo;arbustes sur l&rsquo;\u00eele de chaillac le 13mars 2024-le populaire du 16 mars 2024<a href=\"https:\/\/autourdenous87.fr\/wp-content\/uploads\/2024\/03\/plantation-darbres-ile-de-chaillac-001.jpg\"><img loading=\"lazy\" decoding=\"async\" class=\"alignnone size-medium wp-image-43130\" src=\"https:\/\/autourdenous87.fr\/wp-content\/uploads\/2024\/03\/plantation-darbres-ile-de-chaillac-001-300x300.jpg\" alt=\"\" width=\"300\" height=\"300\" srcset=\"https:\/\/autourdenous87.fr\/wp-content\/uploads\/2024\/03\/plantation-darbres-ile-de-chaillac-001-300x300.jpg 300w, https:\/\/autourdenous87.fr\/wp-content\/uploads\/2024\/03\/plantation-darbres-ile-de-chaillac-001-150x150.jpg 150w, https:\/\/autourdenous87.fr\/wp-content\/uploads\/2024\/03\/plantation-darbres-ile-de-chaillac-001-768x771.jpg 768w, https:\/\/autourdenous87.fr\/wp-content\/uploads\/2024\/03\/plantation-darbres-ile-de-chaillac-001-1200x1204.jpg 1200w, https:\/\/autourdenous87.fr\/wp-content\/uploads\/2024\/03\/plantation-darbres-ile-de-chaillac-001.jpg 1364w\" sizes=\"auto, (max-width: 300px) 85vw, 300px\" \/><\/a><a href=\"https:\/\/autourdenous87.fr\/wp-content\/uploads\/2024\/03\/Plantations-Nelle-Abeille-rotated.jpg\"> .Plantation le Mas\u00a0 st junien le 06 mars 2024-<em>la nouvelle abeille<\/em><br \/>\n<img loading=\"lazy\" decoding=\"async\" class=\"alignnone size-medium wp-image-43039\" src=\"https:\/\/autourdenous87.fr\/wp-content\/uploads\/2024\/03\/Plantations-Nelle-Abeille-300x189.jpg\" alt=\"\" width=\"300\" height=\"189\" srcset=\"https:\/\/autourdenous87.fr\/wp-content\/uploads\/2024\/03\/Plantations-Nelle-Abeille-300x189.jpg 300w, https:\/\/autourdenous87.fr\/wp-content\/uploads\/2024\/03\/Plantations-Nelle-Abeille-768x484.jpg 768w, https:\/\/autourdenous87.fr\/wp-content\/uploads\/2024\/03\/Plantations-Nelle-Abeille-1536x967.jpg 1536w, https:\/\/autourdenous87.fr\/wp-content\/uploads\/2024\/03\/Plantations-Nelle-Abeille-2048x1289.jpg 2048w, https:\/\/autourdenous87.fr\/wp-content\/uploads\/2024\/03\/Plantations-Nelle-Abeille-1200x756.jpg 1200w\" sizes=\"auto, (max-width: 300px) 85vw, 300px\" \/><\/a><a href=\"https:\/\/autourdenous87.fr\/wp-content\/uploads\/2024\/03\/Plantations-Le-Populaire.jpg\">.Plantation le Mas st junien le 06 mars 2024-<em>le populaire du centre<\/em><br \/>\n<img loading=\"lazy\" decoding=\"async\" class=\"alignnone size-medium wp-image-43036\" src=\"https:\/\/autourdenous87.fr\/wp-content\/uploads\/2024\/03\/Plantations-Le-Populaire-281x300.jpg\" alt=\"\" width=\"281\" height=\"300\" srcset=\"https:\/\/autourdenous87.fr\/wp-content\/uploads\/2024\/03\/Plantations-Le-Populaire-281x300.jpg 281w, https:\/\/autourdenous87.fr\/wp-content\/uploads\/2024\/03\/Plantations-Le-Populaire-768x821.jpg 768w, https:\/\/autourdenous87.fr\/wp-content\/uploads\/2024\/03\/Plantations-Le-Populaire-1200x1283.jpg 1200w, https:\/\/autourdenous87.fr\/wp-content\/uploads\/2024\/03\/Plantations-Le-Populaire.jpg 1346w\" sizes=\"auto, (max-width: 281px) 85vw, 281px\" \/><\/a><a href=\"https:\/\/autourdenous87.fr\/wp-content\/uploads\/2024\/03\/bilan-2024-adn-001.jpg\">.Bilan ADN 2023 2024-<em>l&rsquo;abeille st junien 29 f\u00e9vrier 2024<\/em><br \/>\n<img loading=\"lazy\" decoding=\"async\" class=\"alignnone size-medium wp-image-43030\" src=\"https:\/\/autourdenous87.fr\/wp-content\/uploads\/2024\/03\/bilan-2024-adn-001-298x300.jpg\" alt=\"\" width=\"298\" height=\"300\" srcset=\"https:\/\/autourdenous87.fr\/wp-content\/uploads\/2024\/03\/bilan-2024-adn-001-298x300.jpg 298w, https:\/\/autourdenous87.fr\/wp-content\/uploads\/2024\/03\/bilan-2024-adn-001-150x150.jpg 150w, https:\/\/autourdenous87.fr\/wp-content\/uploads\/2024\/03\/bilan-2024-adn-001-768x773.jpg 768w, https:\/\/autourdenous87.fr\/wp-content\/uploads\/2024\/03\/bilan-2024-adn-001-1200x1208.jpg 1200w, https:\/\/autourdenous87.fr\/wp-content\/uploads\/2024\/03\/bilan-2024-adn-001.jpg 1428w\" sizes=\"auto, (max-width: 298px) 85vw, 298px\" \/><\/a><a href=\"https:\/\/autourdenous87.fr\/wp-content\/uploads\/2023\/08\/gant-rando-2023-001-1.jpg\">Voeux ADN\u00a0 et pr\u00e9visions animations2024-<em>le populaire du centre 03 f\u00e9vrier 2024<\/em><\/a><a href=\"https:\/\/autourdenous87.fr\/wp-content\/uploads\/2024\/02\/voeux-ADN-2024-001.jpg\"><img loading=\"lazy\" decoding=\"async\" class=\"alignnone size-medium wp-image-42935\" src=\"https:\/\/autourdenous87.fr\/wp-content\/uploads\/2024\/02\/voeux-ADN-2024-001-162x300.jpg\" alt=\"\" width=\"162\" height=\"300\" srcset=\"https:\/\/autourdenous87.fr\/wp-content\/uploads\/2024\/02\/voeux-ADN-2024-001-162x300.jpg 162w, https:\/\/autourdenous87.fr\/wp-content\/uploads\/2024\/02\/voeux-ADN-2024-001.jpg 699w\" sizes=\"auto, (max-width: 162px) 85vw, 162px\" \/><\/a><\/p>\n<p><a href=\"https:\/\/autourdenous87.fr\/wp-content\/uploads\/2023\/10\/ADN-pyrenees-001.jpg\">Manifestations effectu\u00e9es en 2023 ADN-<em>le populaire 19 octobre 2023<\/em><img loading=\"lazy\" decoding=\"async\" class=\"alignnone size-medium wp-image-42084\" src=\"https:\/\/autourdenous87.fr\/wp-content\/uploads\/2023\/10\/ADN-pyrenees-001-213x300.jpg\" alt=\"\" width=\"213\" height=\"300\" srcset=\"https:\/\/autourdenous87.fr\/wp-content\/uploads\/2023\/10\/ADN-pyrenees-001-213x300.jpg 213w, https:\/\/autourdenous87.fr\/wp-content\/uploads\/2023\/10\/ADN-pyrenees-001.jpg 722w\" sizes=\"auto, (max-width: 213px) 85vw, 213px\" \/><\/a><\/p>\n<p><a href=\"https:\/\/autourdenous87.fr\/wp-content\/uploads\/2023\/08\/gant-rando-2023-001-1.jpg\">Gant Rando 2023:<em>article du populaire 02 aout 2023<\/em><img loading=\"lazy\" decoding=\"async\" class=\"alignnone size-medium wp-image-41688\" src=\"https:\/\/autourdenous87.fr\/wp-content\/uploads\/2023\/08\/gant-rando-2023-001-1-300x237.jpg\" alt=\"\" width=\"300\" height=\"237\" srcset=\"https:\/\/autourdenous87.fr\/wp-content\/uploads\/2023\/08\/gant-rando-2023-001-1-300x237.jpg 300w, https:\/\/autourdenous87.fr\/wp-content\/uploads\/2023\/08\/gant-rando-2023-001-1-768x606.jpg 768w, https:\/\/autourdenous87.fr\/wp-content\/uploads\/2023\/08\/gant-rando-2023-001-1.jpg 1029w\" sizes=\"auto, (max-width: 300px) 85vw, 300px\" \/><\/a><\/p>\n<p style=\"text-align: center;\">S\u00e9jour dans le Golfe du Morbihan (Octobre 2022)<\/p>\n<p style=\"text-align: center;\"><img loading=\"lazy\" decoding=\"async\" class=\"alignnone size-medium wp-image-40547\" src=\"https:\/\/autourdenous87.fr\/wp-content\/uploads\/2022\/11\/Sejour-dans-le-golfe-du-Morbihan-Octobre-2022-1-224x300.jpg\" alt=\"\" width=\"224\" height=\"300\" srcset=\"https:\/\/autourdenous87.fr\/wp-content\/uploads\/2022\/11\/Sejour-dans-le-golfe-du-Morbihan-Octobre-2022-1-224x300.jpg 224w, https:\/\/autourdenous87.fr\/wp-content\/uploads\/2022\/11\/Sejour-dans-le-golfe-du-Morbihan-Octobre-2022-1-768x1029.jpg 768w, https:\/\/autourdenous87.fr\/wp-content\/uploads\/2022\/11\/Sejour-dans-le-golfe-du-Morbihan-Octobre-2022-1.jpg 1140w\" sizes=\"auto, (max-width: 224px) 85vw, 224px\" \/><\/p>\n<p style=\"text-align: center;\"><img loading=\"lazy\" decoding=\"async\" class=\"alignnone size-medium wp-image-40543\" src=\"https:\/\/autourdenous87.fr\/wp-content\/uploads\/2022\/11\/Participants-au-sejour-dans-le-golfe-du-Morbihan-300x209.jpg\" alt=\"\" width=\"300\" height=\"209\" srcset=\"https:\/\/autourdenous87.fr\/wp-content\/uploads\/2022\/11\/Participants-au-sejour-dans-le-golfe-du-Morbihan-300x209.jpg 300w, https:\/\/autourdenous87.fr\/wp-content\/uploads\/2022\/11\/Participants-au-sejour-dans-le-golfe-du-Morbihan-768x536.jpg 768w, https:\/\/autourdenous87.fr\/wp-content\/uploads\/2022\/11\/Participants-au-sejour-dans-le-golfe-du-Morbihan-1200x837.jpg 1200w, https:\/\/autourdenous87.fr\/wp-content\/uploads\/2022\/11\/Participants-au-sejour-dans-le-golfe-du-Morbihan.jpg 1403w\" sizes=\"auto, (max-width: 300px) 85vw, 300px\" \/><\/p>\n<p style=\"text-align: center;\">Article de satisfaction d&rsquo;un participant aux festivit\u00e9s du 20e anniversaire d&rsquo;ADN<\/p>\n<p style=\"text-align: center;\"><img loading=\"lazy\" decoding=\"async\" class=\"alignnone size-medium wp-image-40541\" src=\"https:\/\/autourdenous87.fr\/wp-content\/uploads\/2022\/11\/Aticle-de-felicitations-dun-participant-au-20e-anniversaire-dADN-162x300.jpg\" alt=\"\" width=\"162\" height=\"300\" srcset=\"https:\/\/autourdenous87.fr\/wp-content\/uploads\/2022\/11\/Aticle-de-felicitations-dun-participant-au-20e-anniversaire-dADN-162x300.jpg 162w, https:\/\/autourdenous87.fr\/wp-content\/uploads\/2022\/11\/Aticle-de-felicitations-dun-participant-au-20e-anniversaire-dADN-768x1425.jpg 768w, https:\/\/autourdenous87.fr\/wp-content\/uploads\/2022\/11\/Aticle-de-felicitations-dun-participant-au-20e-anniversaire-dADN-828x1536.jpg 828w, https:\/\/autourdenous87.fr\/wp-content\/uploads\/2022\/11\/Aticle-de-felicitations-dun-participant-au-20e-anniversaire-dADN.jpg 842w\" sizes=\"auto, (max-width: 162px) 85vw, 162px\" \/><\/p>\n<p style=\"text-align: center;\">20e anniversaire d&rsquo;ADN\u00a0 (Octobre 2022)<\/p>\n<p style=\"text-align: center;\"><img loading=\"lazy\" decoding=\"async\" class=\"alignnone size-medium wp-image-40538\" src=\"https:\/\/autourdenous87.fr\/wp-content\/uploads\/2022\/11\/20-e-Anniversaire-ADN-Octobre-2022-300x213.jpg\" alt=\"\" width=\"300\" height=\"213\" srcset=\"https:\/\/autourdenous87.fr\/wp-content\/uploads\/2022\/11\/20-e-Anniversaire-ADN-Octobre-2022-300x213.jpg 300w, https:\/\/autourdenous87.fr\/wp-content\/uploads\/2022\/11\/20-e-Anniversaire-ADN-Octobre-2022-768x546.jpg 768w, https:\/\/autourdenous87.fr\/wp-content\/uploads\/2022\/11\/20-e-Anniversaire-ADN-Octobre-2022-1536x1092.jpg 1536w, https:\/\/autourdenous87.fr\/wp-content\/uploads\/2022\/11\/20-e-Anniversaire-ADN-Octobre-2022-2048x1456.jpg 2048w, https:\/\/autourdenous87.fr\/wp-content\/uploads\/2022\/11\/20-e-Anniversaire-ADN-Octobre-2022-1200x853.jpg 1200w\" sizes=\"auto, (max-width: 300px) 85vw, 300px\" \/><\/p>\n<p style=\"text-align: center;\"><img loading=\"lazy\" decoding=\"async\" class=\"alignnone size-medium wp-image-40539\" src=\"https:\/\/autourdenous87.fr\/wp-content\/uploads\/2022\/11\/Les-Potirons-2022-20e-anniversaire-ADN--300x191.jpg\" alt=\"\" width=\"300\" height=\"191\" srcset=\"https:\/\/autourdenous87.fr\/wp-content\/uploads\/2022\/11\/Les-Potirons-2022-20e-anniversaire-ADN--300x191.jpg 300w, https:\/\/autourdenous87.fr\/wp-content\/uploads\/2022\/11\/Les-Potirons-2022-20e-anniversaire-ADN--768x489.jpg 768w, https:\/\/autourdenous87.fr\/wp-content\/uploads\/2022\/11\/Les-Potirons-2022-20e-anniversaire-ADN--1536x979.jpg 1536w, https:\/\/autourdenous87.fr\/wp-content\/uploads\/2022\/11\/Les-Potirons-2022-20e-anniversaire-ADN--2048x1305.jpg 2048w, https:\/\/autourdenous87.fr\/wp-content\/uploads\/2022\/11\/Les-Potirons-2022-20e-anniversaire-ADN--1200x765.jpg 1200w\" sizes=\"auto, (max-width: 300px) 85vw, 300px\" \/><\/p>\n<p style=\"text-align: center;\">Assembl\u00e9e g\u00e9n\u00e9rale d&rsquo;ADN (Fin septembre 2022)<\/p>\n<p><img loading=\"lazy\" decoding=\"async\" class=\"size-medium wp-image-40536 aligncenter\" src=\"https:\/\/autourdenous87.fr\/wp-content\/uploads\/2022\/11\/Assemblee-generale-dADN-Octobre-2022-1-229x300.jpg\" alt=\"\" width=\"229\" height=\"300\" srcset=\"https:\/\/autourdenous87.fr\/wp-content\/uploads\/2022\/11\/Assemblee-generale-dADN-Octobre-2022-1-229x300.jpg 229w, https:\/\/autourdenous87.fr\/wp-content\/uploads\/2022\/11\/Assemblee-generale-dADN-Octobre-2022-1-768x1007.jpg 768w, https:\/\/autourdenous87.fr\/wp-content\/uploads\/2022\/11\/Assemblee-generale-dADN-Octobre-2022-1-1171x1536.jpg 1171w, https:\/\/autourdenous87.fr\/wp-content\/uploads\/2022\/11\/Assemblee-generale-dADN-Octobre-2022-1-1200x1574.jpg 1200w, https:\/\/autourdenous87.fr\/wp-content\/uploads\/2022\/11\/Assemblee-generale-dADN-Octobre-2022-1.jpg 1422w\" sizes=\"auto, (max-width: 229px) 85vw, 229px\" \/><\/p>\n<p style=\"text-align: center;\">Actualit\u00e9 d&rsquo;ADN\u00a0 (Le messager de l&rsquo;Oncre &#8211; juillet 2022)<\/p>\n<p><img loading=\"lazy\" decoding=\"async\" class=\"size-medium wp-image-40533 aligncenter\" src=\"https:\/\/autourdenous87.fr\/wp-content\/uploads\/2022\/11\/Actualite-dADN-Juillet-2022-196x300.jpg\" alt=\"\" width=\"196\" height=\"300\" srcset=\"https:\/\/autourdenous87.fr\/wp-content\/uploads\/2022\/11\/Actualite-dADN-Juillet-2022-196x300.jpg 196w, https:\/\/autourdenous87.fr\/wp-content\/uploads\/2022\/11\/Actualite-dADN-Juillet-2022-768x1175.jpg 768w, https:\/\/autourdenous87.fr\/wp-content\/uploads\/2022\/11\/Actualite-dADN-Juillet-2022-1004x1536.jpg 1004w, https:\/\/autourdenous87.fr\/wp-content\/uploads\/2022\/11\/Actualite-dADN-Juillet-2022-1339x2048.jpg 1339w, https:\/\/autourdenous87.fr\/wp-content\/uploads\/2022\/11\/Actualite-dADN-Juillet-2022-1200x1835.jpg 1200w, https:\/\/autourdenous87.fr\/wp-content\/uploads\/2022\/11\/Actualite-dADN-Juillet-2022.jpg 1347w\" sizes=\"auto, (max-width: 196px) 85vw, 196px\" \/><\/p>\n<p style=\"text-align: center;\">Randonn\u00e9e gourmande (Article du 2 juin 2022)<\/p>\n<p><img loading=\"lazy\" decoding=\"async\" class=\"size-medium wp-image-40530 aligncenter\" src=\"https:\/\/autourdenous87.fr\/wp-content\/uploads\/2022\/11\/Randonnee-gourmande-article-du-2-juin-2022-230x300.jpg\" alt=\"\" width=\"230\" height=\"300\" srcset=\"https:\/\/autourdenous87.fr\/wp-content\/uploads\/2022\/11\/Randonnee-gourmande-article-du-2-juin-2022-230x300.jpg 230w, https:\/\/autourdenous87.fr\/wp-content\/uploads\/2022\/11\/Randonnee-gourmande-article-du-2-juin-2022-768x1001.jpg 768w, https:\/\/autourdenous87.fr\/wp-content\/uploads\/2022\/11\/Randonnee-gourmande-article-du-2-juin-2022.jpg 1148w\" sizes=\"auto, (max-width: 230px) 85vw, 230px\" \/><\/p>\n<p>&nbsp;<\/p>\n<ul>\n<li><a href=\"https:\/\/autourdenous87.fr\/wp-content\/uploads\/2022\/03\/Article-Zukowo.jpg\">article pour venir en aide aux r\u00e9fugi\u00e9s ukrainiens via les polonais de Zukowo jumel\u00e9s \u00e0 Saint Junien<img loading=\"lazy\" decoding=\"async\" class=\"size-medium wp-image-39829 aligncenter\" src=\"https:\/\/autourdenous87.fr\/wp-content\/uploads\/2022\/03\/Article-Zukowo-300x198.jpg\" alt=\"\" width=\"300\" height=\"198\" srcset=\"https:\/\/autourdenous87.fr\/wp-content\/uploads\/2022\/03\/Article-Zukowo-300x198.jpg 300w, https:\/\/autourdenous87.fr\/wp-content\/uploads\/2022\/03\/Article-Zukowo-768x508.jpg 768w, https:\/\/autourdenous87.fr\/wp-content\/uploads\/2022\/03\/Article-Zukowo-1536x1015.jpg 1536w, https:\/\/autourdenous87.fr\/wp-content\/uploads\/2022\/03\/Article-Zukowo-2048x1354.jpg 2048w, https:\/\/autourdenous87.fr\/wp-content\/uploads\/2022\/03\/Article-Zukowo-1200x793.jpg 1200w\" sizes=\"auto, (max-width: 300px) 85vw, 300px\" \/><\/a><\/li>\n<li><a href=\"https:\/\/autourdenous87.fr\/wp-content\/uploads\/2021\/12\/Article-Le-Populaire-27.12.21.jpg\">Nouveau Pr\u00e9sident pour l&rsquo;association Autour de nous 87-<em>le populaire 23 d\u00e9cembre 2021<\/em><img loading=\"lazy\" decoding=\"async\" class=\"size-medium wp-image-39709 aligncenter\" src=\"https:\/\/autourdenous87.fr\/wp-content\/uploads\/2021\/12\/Article-Le-Populaire-27.12.21-300x192.jpg\" alt=\"\" width=\"300\" height=\"192\" srcset=\"https:\/\/autourdenous87.fr\/wp-content\/uploads\/2021\/12\/Article-Le-Populaire-27.12.21-300x192.jpg 300w, https:\/\/autourdenous87.fr\/wp-content\/uploads\/2021\/12\/Article-Le-Populaire-27.12.21-768x491.jpg 768w, https:\/\/autourdenous87.fr\/wp-content\/uploads\/2021\/12\/Article-Le-Populaire-27.12.21-1200x768.jpg 1200w, https:\/\/autourdenous87.fr\/wp-content\/uploads\/2021\/12\/Article-Le-Populaire-27.12.21.jpg 1433w\" sizes=\"auto, (max-width: 300px) 85vw, 300px\" \/><\/a><\/li>\n<li style=\"text-align: center;\"><a href=\"https:\/\/autourdenous87.fr\/wp-content\/uploads\/2021\/12\/ADN-AG-2021-001.jpg\">article concernant l&rsquo;AG de l&rsquo;association ADN-<em>novembre 2021 l&rsquo;abeille<\/em><img loading=\"lazy\" decoding=\"async\" class=\"size-medium wp-image-39461 aligncenter\" src=\"https:\/\/autourdenous87.fr\/wp-content\/uploads\/2021\/12\/ADN-AG-2021-001-119x300.jpg\" alt=\"\" width=\"119\" height=\"300\" srcset=\"https:\/\/autourdenous87.fr\/wp-content\/uploads\/2021\/12\/ADN-AG-2021-001-119x300.jpg 119w, https:\/\/autourdenous87.fr\/wp-content\/uploads\/2021\/12\/ADN-AG-2021-001-608x1536.jpg 608w, https:\/\/autourdenous87.fr\/wp-content\/uploads\/2021\/12\/ADN-AG-2021-001.jpg 693w\" sizes=\"auto, (max-width: 119px) 85vw, 119px\" \/><\/a><\/li>\n<li style=\"text-align: center;\"><a href=\"https:\/\/autourdenous87.fr\/wp-content\/uploads\/2021\/09\/article-adn-6-septembre-2021-001.jpg\">Article Reprise des marches ADN 2021-<em>le populaire 6 septembre 2021<\/em><img loading=\"lazy\" decoding=\"async\" class=\"size-medium wp-image-39233 aligncenter\" src=\"https:\/\/autourdenous87.fr\/wp-content\/uploads\/2021\/09\/article-adn-6-septembre-2021-001-214x300.jpg\" alt=\"\" width=\"214\" height=\"300\" srcset=\"https:\/\/autourdenous87.fr\/wp-content\/uploads\/2021\/09\/article-adn-6-septembre-2021-001-214x300.jpg 214w, https:\/\/autourdenous87.fr\/wp-content\/uploads\/2021\/09\/article-adn-6-septembre-2021-001-768x1075.jpg 768w, https:\/\/autourdenous87.fr\/wp-content\/uploads\/2021\/09\/article-adn-6-septembre-2021-001.jpg 1011w\" sizes=\"auto, (max-width: 214px) 85vw, 214px\" \/><\/a><\/li>\n<li><a href=\"https:\/\/autourdenous87.fr\/wp-content\/uploads\/2020\/10\/Le-Populaire-17-oct-2020.jpg\">Reprise des marches ADN octobre 2020.<em> le populaire du centre 17 octobre 2020<\/em><img loading=\"lazy\" decoding=\"async\" class=\"size-medium wp-image-38844 aligncenter\" src=\"https:\/\/autourdenous87.fr\/wp-content\/uploads\/2020\/10\/Le-Populaire-17-oct-2020-296x300.jpg\" alt=\"\" width=\"296\" height=\"300\" srcset=\"https:\/\/autourdenous87.fr\/wp-content\/uploads\/2020\/10\/Le-Populaire-17-oct-2020-296x300.jpg 296w, https:\/\/autourdenous87.fr\/wp-content\/uploads\/2020\/10\/Le-Populaire-17-oct-2020-768x779.jpg 768w, https:\/\/autourdenous87.fr\/wp-content\/uploads\/2020\/10\/Le-Populaire-17-oct-2020-1200x1218.jpg 1200w, https:\/\/autourdenous87.fr\/wp-content\/uploads\/2020\/10\/Le-Populaire-17-oct-2020.jpg 1422w\" sizes=\"auto, (max-width: 296px) 85vw, 296px\" \/><\/a><\/li>\n<li style=\"text-align: center;\"><a href=\"https:\/\/autourdenous87.fr\/wp-content\/uploads\/2020\/09\/adn-covid-septembre-2020-001-scaled.jpg\">travaux de balisage pendant le covid 19- l&rsquo;abeille 02 septembre 2020<img loading=\"lazy\" decoding=\"async\" class=\"size-medium wp-image-38784 aligncenter\" src=\"https:\/\/autourdenous87.fr\/wp-content\/uploads\/2020\/09\/adn-covid-septembre-2020-001-300x207.jpg\" alt=\"\" width=\"300\" height=\"207\" srcset=\"https:\/\/autourdenous87.fr\/wp-content\/uploads\/2020\/09\/adn-covid-septembre-2020-001-300x207.jpg 300w, https:\/\/autourdenous87.fr\/wp-content\/uploads\/2020\/09\/adn-covid-septembre-2020-001-768x529.jpg 768w, https:\/\/autourdenous87.fr\/wp-content\/uploads\/2020\/09\/adn-covid-septembre-2020-001-1536x1058.jpg 1536w, https:\/\/autourdenous87.fr\/wp-content\/uploads\/2020\/09\/adn-covid-septembre-2020-001-2048x1411.jpg 2048w, https:\/\/autourdenous87.fr\/wp-content\/uploads\/2020\/09\/adn-covid-septembre-2020-001-1200x827.jpg 1200w\" sizes=\"auto, (max-width: 300px) 85vw, 300px\" \/><\/a><\/li>\n<li style=\"text-align: center;\"><a href=\"https:\/\/autourdenous87.fr\/wp-content\/uploads\/2020\/08\/ADN-balisage-GR-001.jpg\">Balisage GR pendant le covid 19<img loading=\"lazy\" decoding=\"async\" class=\"size-medium wp-image-38780 aligncenter\" src=\"https:\/\/autourdenous87.fr\/wp-content\/uploads\/2020\/08\/ADN-balisage-GR-001-296x300.jpg\" alt=\"\" width=\"296\" height=\"300\" srcset=\"https:\/\/autourdenous87.fr\/wp-content\/uploads\/2020\/08\/ADN-balisage-GR-001-296x300.jpg 296w, https:\/\/autourdenous87.fr\/wp-content\/uploads\/2020\/08\/ADN-balisage-GR-001-768x777.jpg 768w, https:\/\/autourdenous87.fr\/wp-content\/uploads\/2020\/08\/ADN-balisage-GR-001-1518x1536.jpg 1518w, https:\/\/autourdenous87.fr\/wp-content\/uploads\/2020\/08\/ADN-balisage-GR-001-1200x1214.jpg 1200w, https:\/\/autourdenous87.fr\/wp-content\/uploads\/2020\/08\/ADN-balisage-GR-001.jpg 2012w\" sizes=\"auto, (max-width: 296px) 85vw, 296px\" \/><\/a><\/li>\n<li><a href=\"https:\/\/autourdenous87.fr\/wp-content\/uploads\/2020\/05\/adn-covid-19-001-scaled.jpg\">Article concernant l\u2019arr\u00eat des marches et animations suite au Covid19-<em>la nouvelle abeille\u00a0 21 mai 2020<\/em><img loading=\"lazy\" decoding=\"async\" class=\"size-medium wp-image-38759 aligncenter\" src=\"https:\/\/autourdenous87.fr\/wp-content\/uploads\/2020\/05\/adn-covid-19-001-179x300.jpg\" alt=\"\" width=\"179\" height=\"300\" srcset=\"https:\/\/autourdenous87.fr\/wp-content\/uploads\/2020\/05\/adn-covid-19-001-179x300.jpg 179w, https:\/\/autourdenous87.fr\/wp-content\/uploads\/2020\/05\/adn-covid-19-001-768x1287.jpg 768w, https:\/\/autourdenous87.fr\/wp-content\/uploads\/2020\/05\/adn-covid-19-001-916x1536.jpg 916w, https:\/\/autourdenous87.fr\/wp-content\/uploads\/2020\/05\/adn-covid-19-001-1222x2048.jpg 1222w, https:\/\/autourdenous87.fr\/wp-content\/uploads\/2020\/05\/adn-covid-19-001-1200x2011.jpg 1200w, https:\/\/autourdenous87.fr\/wp-content\/uploads\/2020\/05\/adn-covid-19-001-scaled.jpg 1527w\" sizes=\"auto, (max-width: 179px) 85vw, 179px\" \/><\/a><\/li>\n<li><a href=\"https:\/\/autourdenous87.fr\/wp-content\/uploads\/2020\/02\/voeux-ADN-2020-001-scaled.jpg\">Article concernant les voeux 2020 de l&rsquo;association ADN &#8211;<em>la petite Abeille 06 fevrier 2020<\/em><img loading=\"lazy\" decoding=\"async\" class=\"size-medium wp-image-38687 aligncenter\" src=\"https:\/\/autourdenous87.fr\/wp-content\/uploads\/2020\/02\/voeux-ADN-2020-001-176x300.jpg\" alt=\"\" width=\"176\" height=\"300\" srcset=\"https:\/\/autourdenous87.fr\/wp-content\/uploads\/2020\/02\/voeux-ADN-2020-001-176x300.jpg 176w, https:\/\/autourdenous87.fr\/wp-content\/uploads\/2020\/02\/voeux-ADN-2020-001-768x1308.jpg 768w, https:\/\/autourdenous87.fr\/wp-content\/uploads\/2020\/02\/voeux-ADN-2020-001-902x1536.jpg 902w, https:\/\/autourdenous87.fr\/wp-content\/uploads\/2020\/02\/voeux-ADN-2020-001-1203x2048.jpg 1203w, https:\/\/autourdenous87.fr\/wp-content\/uploads\/2020\/02\/voeux-ADN-2020-001-1200x2044.jpg 1200w, https:\/\/autourdenous87.fr\/wp-content\/uploads\/2020\/02\/voeux-ADN-2020-001-scaled.jpg 1503w\" sizes=\"auto, (max-width: 176px) 85vw, 176px\" \/><\/a><\/li>\n<li><a href=\"https:\/\/autourdenous87.fr\/wp-content\/uploads\/2019\/11\/article-marche-des-potiros-2019-001.jpg\">Article marche ds potirons ADN 2019- <em>la nouvelle abeille 31 octobre 2019<\/em><img loading=\"lazy\" decoding=\"async\" class=\"alignnone size-medium wp-image-37935\" src=\"https:\/\/autourdenous87.fr\/wp-content\/uploads\/2019\/11\/article-marche-des-potiros-2019-001-287x300.jpg\" alt=\"\" width=\"287\" height=\"300\" srcset=\"https:\/\/autourdenous87.fr\/wp-content\/uploads\/2019\/11\/article-marche-des-potiros-2019-001-287x300.jpg 287w, https:\/\/autourdenous87.fr\/wp-content\/uploads\/2019\/11\/article-marche-des-potiros-2019-001-768x803.jpg 768w, https:\/\/autourdenous87.fr\/wp-content\/uploads\/2019\/11\/article-marche-des-potiros-2019-001-1200x1254.jpg 1200w, https:\/\/autourdenous87.fr\/wp-content\/uploads\/2019\/11\/article-marche-des-potiros-2019-001.jpg 1856w\" sizes=\"auto, (max-width: 287px) 85vw, 287px\" \/><\/a><\/li>\n<li><a href=\"https:\/\/autourdenous87.fr\/wp-content\/uploads\/2019\/10\/la-marche-des-potirons-2019-001.jpg\">Article concernant la marche des potirons 2019 &#8211; <em>le populaire du 28 octobre 2019<\/em><img loading=\"lazy\" decoding=\"async\" class=\"alignnone size-medium wp-image-37926\" src=\"https:\/\/autourdenous87.fr\/wp-content\/uploads\/2019\/10\/la-marche-des-potirons-2019-001-300x93.jpg\" alt=\"\" width=\"300\" height=\"93\" srcset=\"https:\/\/autourdenous87.fr\/wp-content\/uploads\/2019\/10\/la-marche-des-potirons-2019-001-300x93.jpg 300w, https:\/\/autourdenous87.fr\/wp-content\/uploads\/2019\/10\/la-marche-des-potirons-2019-001-768x239.jpg 768w, https:\/\/autourdenous87.fr\/wp-content\/uploads\/2019\/10\/la-marche-des-potirons-2019-001-1200x374.jpg 1200w\" sizes=\"auto, (max-width: 300px) 85vw, 300px\" \/><\/a><\/li>\n<li><a href=\"https:\/\/autourdenous87.fr\/wp-content\/uploads\/2019\/09\/bilan-automne-2019-001.jpg\">Bilan automne ADN 2019-<em>le populaire septembre 2019<\/em><img loading=\"lazy\" decoding=\"async\" class=\"alignnone size-medium wp-image-37775\" src=\"https:\/\/autourdenous87.fr\/wp-content\/uploads\/2019\/09\/bilan-automne-2019-001-300x100.jpg\" alt=\"\" width=\"300\" height=\"100\" srcset=\"https:\/\/autourdenous87.fr\/wp-content\/uploads\/2019\/09\/bilan-automne-2019-001-300x100.jpg 300w, https:\/\/autourdenous87.fr\/wp-content\/uploads\/2019\/09\/bilan-automne-2019-001-768x256.jpg 768w, https:\/\/autourdenous87.fr\/wp-content\/uploads\/2019\/09\/bilan-automne-2019-001-1200x400.jpg 1200w\" sizes=\"auto, (max-width: 300px) 85vw, 300px\" \/><\/a><\/li>\n<li><a href=\"https:\/\/autourdenous87.fr\/wp-content\/uploads\/2019\/08\/gantrando-adn-2019-001.jpg\">Article Compte rendu de la gant rando 2019-<em>le populaire aout 2019<\/em><\/a><a href=\"https:\/\/autourdenous87.fr\/wp-content\/uploads\/2019\/08\/gantrando-2019-001.jpg\"><img loading=\"lazy\" decoding=\"async\" class=\"alignnone size-medium wp-image-37733\" src=\"https:\/\/autourdenous87.fr\/wp-content\/uploads\/2019\/08\/gantrando-2019-001-300x115.jpg\" alt=\"\" width=\"300\" height=\"115\" srcset=\"https:\/\/autourdenous87.fr\/wp-content\/uploads\/2019\/08\/gantrando-2019-001-300x115.jpg 300w, https:\/\/autourdenous87.fr\/wp-content\/uploads\/2019\/08\/gantrando-2019-001-768x294.jpg 768w, https:\/\/autourdenous87.fr\/wp-content\/uploads\/2019\/08\/gantrando-2019-001-1200x460.jpg 1200w\" sizes=\"auto, (max-width: 300px) 85vw, 300px\" \/><\/a><\/li>\n<li><a href=\"https:\/\/autourdenous87.fr\/wp-content\/uploads\/2019\/07\/aticle-gant-rando001.jpg\">Article sur la gant rando 2019 pr\u00e9paration-<em>Le populaire 24 juillet 2019<\/em> <img loading=\"lazy\" decoding=\"async\" class=\"alignnone size-medium wp-image-37384\" src=\"https:\/\/autourdenous87.fr\/wp-content\/uploads\/2019\/07\/aticle-gant-rando001-300x239.jpg\" alt=\"\" width=\"300\" height=\"239\" srcset=\"https:\/\/autourdenous87.fr\/wp-content\/uploads\/2019\/07\/aticle-gant-rando001-300x239.jpg 300w, https:\/\/autourdenous87.fr\/wp-content\/uploads\/2019\/07\/aticle-gant-rando001-768x612.jpg 768w, https:\/\/autourdenous87.fr\/wp-content\/uploads\/2019\/07\/aticle-gant-rando001-1200x957.jpg 1200w\" sizes=\"auto, (max-width: 300px) 85vw, 300px\" \/><\/a><\/li>\n<li><a href=\"https:\/\/autourdenous87.fr\/wp-content\/uploads\/2019\/05\/adn-noirmoutiers-001.jpg\">Article sur le s\u00e9jour a Noirmoutiers avec ADN-<em>La petite abeille mai 2019<\/em><img loading=\"lazy\" decoding=\"async\" class=\"alignnone size-medium wp-image-37016\" src=\"https:\/\/autourdenous87.fr\/wp-content\/uploads\/2019\/05\/adn-noirmoutiers-001-251x300.jpg\" alt=\"\" width=\"251\" height=\"300\" srcset=\"https:\/\/autourdenous87.fr\/wp-content\/uploads\/2019\/05\/adn-noirmoutiers-001-251x300.jpg 251w, https:\/\/autourdenous87.fr\/wp-content\/uploads\/2019\/05\/adn-noirmoutiers-001-768x919.jpg 768w, https:\/\/autourdenous87.fr\/wp-content\/uploads\/2019\/05\/adn-noirmoutiers-001-1200x1435.jpg 1200w, https:\/\/autourdenous87.fr\/wp-content\/uploads\/2019\/05\/adn-noirmoutiers-001.jpg 1804w\" sizes=\"auto, (max-width: 251px) 85vw, 251px\" \/><\/a><\/li>\n<li><a href=\"https:\/\/autourdenous87.fr\/wp-content\/uploads\/2019\/05\/La-Glanetaude.pdf\">Article sur La Glanetaude 2019-<em>le populaire 22 mai 2019<\/em><\/a><\/li>\n<li><a href=\"https:\/\/autourdenous87.fr\/wp-content\/uploads\/2019\/05\/Autour-De-Noirmoutier.pdf\">Autour De Noirmoutier avec ADN mai 2019-<em>l&rsquo;\u00e9cho du centre<\/em><\/a><\/li>\n<li><a href=\"https:\/\/autourdenous87.fr\/wp-content\/uploads\/2019\/05\/Daniel-Rocher-au-massage-cardiaque.pdf\">Daniel Rocher au massage cardiaque-<em>l&rsquo;\u00e9cho du centre mai 2019<\/em><\/a><\/li>\n<li><a href=\"https:\/\/autourdenous87.fr\/wp-content\/uploads\/2019\/05\/Actions-ADN-\u00e9t\u00e9-2019-001.jpg\">Article concernant les actions d&rsquo;ADN pour l&rsquo;\u00e9t\u00e9 2019-<em>le populaire du 09 mai 2019<\/em><img loading=\"lazy\" decoding=\"async\" class=\"alignnone size-full wp-image-36548\" src=\"https:\/\/autourdenous87.fr\/wp-content\/uploads\/2019\/05\/Actions-ADN-\u00e9t\u00e9-2019-001.jpg\" alt=\"\" width=\"2854\" height=\"1101\" \/><\/a><\/li>\n<li><a href=\"https:\/\/autourdenous87.fr\/wp-content\/uploads\/2019\/05\/planning-2019-ADN-001.jpg\">Planning ADN 2019<img loading=\"lazy\" decoding=\"async\" class=\"alignnone size-full wp-image-36540\" src=\"https:\/\/autourdenous87.fr\/wp-content\/uploads\/2019\/05\/planning-2019-ADN-001.jpg\" alt=\"\" width=\"3115\" height=\"2081\" \/><\/a><\/li>\n<li><a href=\"https:\/\/autourdenous87.fr\/wp-content\/uploads\/2019\/05\/planning-ADN-2019-001.jpg\">Suite planning 2019 ADN<img loading=\"lazy\" decoding=\"async\" class=\"alignnone size-full wp-image-36541\" src=\"https:\/\/autourdenous87.fr\/wp-content\/uploads\/2019\/05\/planning-ADN-2019-001.jpg\" alt=\"\" width=\"3028\" height=\"2333\" \/><\/a><\/li>\n<li><a href=\"https:\/\/autourdenous87.fr\/wp-content\/uploads\/2019\/03\/BC339C53127B4F92BFC8EA3DD74F355E.png\">Article annon\u00e7ant les randonn\u00e9es Emul contre la Mucoviscidose-<em>24 mars Oradour Sur glane<\/em><img loading=\"lazy\" decoding=\"async\" class=\"alignnone size-full wp-image-22465\" src=\"https:\/\/autourdenous87.fr\/wp-content\/uploads\/2019\/03\/BC339C53127B4F92BFC8EA3DD74F355E.png\" alt=\"\" width=\"210\" height=\"1\" srcset=\"https:\/\/autourdenous87.fr\/wp-content\/uploads\/2019\/03\/BC339C53127B4F92BFC8EA3DD74F355E.png 210w, https:\/\/autourdenous87.fr\/wp-content\/uploads\/2019\/03\/BC339C53127B4F92BFC8EA3DD74F355E-150x1.png 150w\" sizes=\"auto, (max-width: 210px) 85vw, 210px\" \/><\/a> <a href=\"https:\/\/autourdenous87.fr\/wp-content\/uploads\/2019\/03\/article-emul-2019-001.jpg\"><img loading=\"lazy\" decoding=\"async\" class=\"alignnone size-medium wp-image-22466\" src=\"https:\/\/autourdenous87.fr\/wp-content\/uploads\/2019\/03\/article-emul-2019-001-217x300.jpg\" alt=\"\" width=\"217\" height=\"300\" srcset=\"https:\/\/autourdenous87.fr\/wp-content\/uploads\/2019\/03\/article-emul-2019-001-217x300.jpg 217w, https:\/\/autourdenous87.fr\/wp-content\/uploads\/2019\/03\/article-emul-2019-001-768x1063.jpg 768w, https:\/\/autourdenous87.fr\/wp-content\/uploads\/2019\/03\/article-emul-2019-001-1200x1661.jpg 1200w, https:\/\/autourdenous87.fr\/wp-content\/uploads\/2019\/03\/article-emul-2019-001.jpg 1578w\" sizes=\"auto, (max-width: 217px) 85vw, 217px\" \/><\/a><\/li>\n<li><a href=\"https:\/\/autourdenous87.fr\/wp-content\/uploads\/2019\/01\/voeux-adn-2019-001.jpg\">article concernant les voeux d&rsquo;ADN 2019-<em>le populaire du 24 janvier 2019<\/em><img loading=\"lazy\" decoding=\"async\" class=\"alignnone size-medium wp-image-16009\" src=\"https:\/\/autourdenous87.fr\/wp-content\/uploads\/2019\/01\/voeux-adn-2019-001-300x99.jpg\" alt=\"\" width=\"300\" height=\"99\" srcset=\"https:\/\/autourdenous87.fr\/wp-content\/uploads\/2019\/01\/voeux-adn-2019-001-300x99.jpg 300w, https:\/\/autourdenous87.fr\/wp-content\/uploads\/2019\/01\/voeux-adn-2019-001-768x254.jpg 768w, https:\/\/autourdenous87.fr\/wp-content\/uploads\/2019\/01\/voeux-adn-2019-001-1200x396.jpg 1200w\" sizes=\"auto, (max-width: 300px) 85vw, 300px\" \/><\/a><\/li>\n<li><a href=\"https:\/\/autourdenous87.fr\/wp-content\/uploads\/2019\/01\/article-marche-nordique-ADN-janvier-2019-001-1.jpg\">Article concernant la marche nordique avec ADN-<em>le populaire 8 janvier 2018<\/em><img loading=\"lazy\" decoding=\"async\" class=\"alignnone size-medium wp-image-15984\" src=\"https:\/\/autourdenous87.fr\/wp-content\/uploads\/2019\/01\/article-marche-nordique-ADN-janvier-2019-001-1-237x300.jpg\" alt=\"\" width=\"237\" height=\"300\" srcset=\"https:\/\/autourdenous87.fr\/wp-content\/uploads\/2019\/01\/article-marche-nordique-ADN-janvier-2019-001-1-237x300.jpg 237w, https:\/\/autourdenous87.fr\/wp-content\/uploads\/2019\/01\/article-marche-nordique-ADN-janvier-2019-001-1-768x973.jpg 768w, https:\/\/autourdenous87.fr\/wp-content\/uploads\/2019\/01\/article-marche-nordique-ADN-janvier-2019-001-1-1200x1521.jpg 1200w\" sizes=\"auto, (max-width: 237px) 85vw, 237px\" \/><\/a><\/li>\n<li><a href=\"https:\/\/autourdenous87.fr\/wp-content\/uploads\/2018\/11\/article-potirons-2018-001.jpg\">Article concernant la marche des potirons 2018-<em>la nouvelle abeille 1er novembre 2018<\/em><img loading=\"lazy\" decoding=\"async\" class=\"alignnone size-medium wp-image-15553\" src=\"https:\/\/autourdenous87.fr\/wp-content\/uploads\/2018\/11\/article-potirons-2018-001-245x300.jpg\" alt=\"\" width=\"245\" height=\"300\" srcset=\"https:\/\/autourdenous87.fr\/wp-content\/uploads\/2018\/11\/article-potirons-2018-001-245x300.jpg 245w, https:\/\/autourdenous87.fr\/wp-content\/uploads\/2018\/11\/article-potirons-2018-001-768x939.jpg 768w, https:\/\/autourdenous87.fr\/wp-content\/uploads\/2018\/11\/article-potirons-2018-001-1200x1466.jpg 1200w, https:\/\/autourdenous87.fr\/wp-content\/uploads\/2018\/11\/article-potirons-2018-001.jpg 1986w\" sizes=\"auto, (max-width: 245px) 85vw, 245px\" \/><\/a>Article Concernant l&rsquo;Assembl\u00e9e g\u00e9n\u00e9rale de ADN 2018-<em>la nouvelle abeille 04 octobre 2018<\/em><a href=\"https:\/\/autourdenous87.fr\/wp-content\/uploads\/2018\/10\/AG-autour-de-nous-2018-001.jpg\"><img loading=\"lazy\" decoding=\"async\" class=\"alignnone size-medium wp-image-15391\" src=\"https:\/\/autourdenous87.fr\/wp-content\/uploads\/2018\/10\/AG-autour-de-nous-2018-001-231x300.jpg\" alt=\"\" width=\"231\" height=\"300\" srcset=\"https:\/\/autourdenous87.fr\/wp-content\/uploads\/2018\/10\/AG-autour-de-nous-2018-001-231x300.jpg 231w, https:\/\/autourdenous87.fr\/wp-content\/uploads\/2018\/10\/AG-autour-de-nous-2018-001-768x998.jpg 768w, https:\/\/autourdenous87.fr\/wp-content\/uploads\/2018\/10\/AG-autour-de-nous-2018-001-1200x1560.jpg 1200w, https:\/\/autourdenous87.fr\/wp-content\/uploads\/2018\/10\/AG-autour-de-nous-2018-001.jpg 1847w\" sizes=\"auto, (max-width: 231px) 85vw, 231px\" \/><\/a><\/li>\n<li>article annonce marche des potirons 2018-<em>le populaire 02 octobre 2018<\/em><a href=\"https:\/\/autourdenous87.fr\/wp-content\/uploads\/2018\/10\/popupotirons2018-001.jpg\"><img loading=\"lazy\" decoding=\"async\" class=\"alignnone size-medium wp-image-15376\" src=\"https:\/\/autourdenous87.fr\/wp-content\/uploads\/2018\/10\/popupotirons2018-001-300x231.jpg\" alt=\"\" width=\"300\" height=\"231\" srcset=\"https:\/\/autourdenous87.fr\/wp-content\/uploads\/2018\/10\/popupotirons2018-001-300x231.jpg 300w, https:\/\/autourdenous87.fr\/wp-content\/uploads\/2018\/10\/popupotirons2018-001-768x592.jpg 768w, https:\/\/autourdenous87.fr\/wp-content\/uploads\/2018\/10\/popupotirons2018-001-1200x925.jpg 1200w\" sizes=\"auto, (max-width: 300px) 85vw, 300px\" \/><\/a><\/li>\n<li>Annonce soir\u00e9e Marche et repas des potirons-<em>la nouvelle abeille 2018<\/em><a href=\"https:\/\/autourdenous87.fr\/wp-content\/uploads\/2018\/09\/presse-annonce-potirons-001.jpg\"><img loading=\"lazy\" decoding=\"async\" class=\"alignnone size-medium wp-image-15346\" src=\"https:\/\/autourdenous87.fr\/wp-content\/uploads\/2018\/09\/presse-annonce-potirons-001-173x300.jpg\" alt=\"\" width=\"173\" height=\"300\" srcset=\"https:\/\/autourdenous87.fr\/wp-content\/uploads\/2018\/09\/presse-annonce-potirons-001-173x300.jpg 173w, https:\/\/autourdenous87.fr\/wp-content\/uploads\/2018\/09\/presse-annonce-potirons-001-768x1335.jpg 768w, https:\/\/autourdenous87.fr\/wp-content\/uploads\/2018\/09\/presse-annonce-potirons-001-1200x2086.jpg 1200w, https:\/\/autourdenous87.fr\/wp-content\/uploads\/2018\/09\/presse-annonce-potirons-001.jpg 1266w\" sizes=\"auto, (max-width: 173px) 85vw, 173px\" \/><\/a><\/li>\n<li><a href=\"https:\/\/autourdenous87.fr\/wp-content\/uploads\/2018\/08\/adn-2018-gant-rando-2-001.jpg\">Suite Article ADN Sur Les Randos 2018 et Gant rando &#8211;<em>le populaire 14 aout 2018<\/em><img loading=\"lazy\" decoding=\"async\" class=\"alignnone size-medium wp-image-15286\" src=\"https:\/\/autourdenous87.fr\/wp-content\/uploads\/2018\/08\/adn-2018-gant-rando-2-001-218x300.jpg\" alt=\"\" width=\"218\" height=\"300\" srcset=\"https:\/\/autourdenous87.fr\/wp-content\/uploads\/2018\/08\/adn-2018-gant-rando-2-001-218x300.jpg 218w, https:\/\/autourdenous87.fr\/wp-content\/uploads\/2018\/08\/adn-2018-gant-rando-2-001-768x1056.jpg 768w, https:\/\/autourdenous87.fr\/wp-content\/uploads\/2018\/08\/adn-2018-gant-rando-2-001-1200x1650.jpg 1200w\" sizes=\"auto, (max-width: 218px) 85vw, 218px\" \/><\/a><\/li>\n<li>Article ADN sur les Randos 2018 et gant rando- <em>Le populaire 14 Aout 2018<\/em><a href=\"https:\/\/autourdenous87.fr\/wp-content\/uploads\/2018\/08\/adn-2018-gant-rando-1-001.jpg\"><img loading=\"lazy\" decoding=\"async\" class=\"alignnone size-medium wp-image-15285\" src=\"https:\/\/autourdenous87.fr\/wp-content\/uploads\/2018\/08\/adn-2018-gant-rando-1-001-218x300.jpg\" alt=\"\" width=\"218\" height=\"300\" srcset=\"https:\/\/autourdenous87.fr\/wp-content\/uploads\/2018\/08\/adn-2018-gant-rando-1-001-218x300.jpg 218w, https:\/\/autourdenous87.fr\/wp-content\/uploads\/2018\/08\/adn-2018-gant-rando-1-001-768x1056.jpg 768w, https:\/\/autourdenous87.fr\/wp-content\/uploads\/2018\/08\/adn-2018-gant-rando-1-001-1200x1650.jpg 1200w\" sizes=\"auto, (max-width: 218px) 85vw, 218px\" \/><\/a><\/li>\n<li><a href=\"https:\/\/autourdenous87.fr\/wp-content\/uploads\/2018\/08\/gant-rando-2018-001.jpg\">Article Sur la Gant rando ADN 2018-<em>Le populaire le 08 aout 2018<\/em><img loading=\"lazy\" decoding=\"async\" class=\"alignnone size-medium wp-image-15283\" src=\"https:\/\/autourdenous87.fr\/wp-content\/uploads\/2018\/08\/gant-rando-2018-001-94x300.jpg\" alt=\"\" width=\"94\" height=\"300\" srcset=\"https:\/\/autourdenous87.fr\/wp-content\/uploads\/2018\/08\/gant-rando-2018-001-94x300.jpg 94w, https:\/\/autourdenous87.fr\/wp-content\/uploads\/2018\/08\/gant-rando-2018-001-768x2448.jpg 768w, https:\/\/autourdenous87.fr\/wp-content\/uploads\/2018\/08\/gant-rando-2018-001.jpg 928w\" sizes=\"auto, (max-width: 94px) 85vw, 94px\" \/><\/a><\/li>\n<li>Article sur la Preparation de la Gant rando par ADN-<em>la nouvelle abeille juillet 2018<\/em><a href=\"https:\/\/autourdenous87.fr\/wp-content\/uploads\/2018\/07\/article-sur-la-preparation-de-la-gantrando.jpg\"><img loading=\"lazy\" decoding=\"async\" class=\"alignnone size-medium wp-image-15089\" src=\"https:\/\/autourdenous87.fr\/wp-content\/uploads\/2018\/07\/article-sur-la-preparation-de-la-gantrando-130x300.jpg\" alt=\"\" width=\"130\" height=\"300\" srcset=\"https:\/\/autourdenous87.fr\/wp-content\/uploads\/2018\/07\/article-sur-la-preparation-de-la-gantrando-130x300.jpg 130w, https:\/\/autourdenous87.fr\/wp-content\/uploads\/2018\/07\/article-sur-la-preparation-de-la-gantrando-768x1779.jpg 768w, https:\/\/autourdenous87.fr\/wp-content\/uploads\/2018\/07\/article-sur-la-preparation-de-la-gantrando-1200x2779.jpg 1200w, https:\/\/autourdenous87.fr\/wp-content\/uploads\/2018\/07\/article-sur-la-preparation-de-la-gantrando.jpg 1405w\" sizes=\"auto, (max-width: 130px) 85vw, 130px\" \/><\/a><\/li>\n<li>Article Sortie Auvergne Cantal\u00a0 Mai 2018<em> -article nouvelle abeille<\/em><a href=\"https:\/\/autourdenous87.fr\/wp-content\/uploads\/2018\/07\/sortie-auvergne-ADN-2018-001.jpg\"><img loading=\"lazy\" decoding=\"async\" class=\"alignnone size-medium wp-image-15066\" src=\"https:\/\/autourdenous87.fr\/wp-content\/uploads\/2018\/07\/sortie-auvergne-ADN-2018-001-269x300.jpg\" alt=\"\" width=\"269\" height=\"300\" srcset=\"https:\/\/autourdenous87.fr\/wp-content\/uploads\/2018\/07\/sortie-auvergne-ADN-2018-001-269x300.jpg 269w, https:\/\/autourdenous87.fr\/wp-content\/uploads\/2018\/07\/sortie-auvergne-ADN-2018-001-768x856.jpg 768w, https:\/\/autourdenous87.fr\/wp-content\/uploads\/2018\/07\/sortie-auvergne-ADN-2018-001-1200x1338.jpg 1200w, https:\/\/autourdenous87.fr\/wp-content\/uploads\/2018\/07\/sortie-auvergne-ADN-2018-001.jpg 1951w\" sizes=\"auto, (max-width: 269px) 85vw, 269px\" \/><\/a><\/li>\n<li><a href=\"https:\/\/autourdenous87.fr\/wp-content\/uploads\/2018\/04\/mucovicidose-2018.jpg\">Article Informations sur les activit\u00e9s de ADN 2018-<em>la petite abeille<\/em><img loading=\"lazy\" decoding=\"async\" class=\"alignnone size-medium wp-image-14353\" src=\"https:\/\/autourdenous87.fr\/wp-content\/uploads\/2018\/04\/mucovicidose-2018-137x300.jpg\" alt=\"\" width=\"137\" height=\"300\" srcset=\"https:\/\/autourdenous87.fr\/wp-content\/uploads\/2018\/04\/mucovicidose-2018-137x300.jpg 137w, https:\/\/autourdenous87.fr\/wp-content\/uploads\/2018\/04\/mucovicidose-2018-768x1676.jpg 768w, https:\/\/autourdenous87.fr\/wp-content\/uploads\/2018\/04\/mucovicidose-2018-1200x2618.jpg 1200w, https:\/\/autourdenous87.fr\/wp-content\/uploads\/2018\/04\/mucovicidose-2018.jpg 1248w\" sizes=\"auto, (max-width: 137px) 85vw, 137px\" \/><\/a><\/li>\n<li>Rando ADN pour Emul &#8211;<em>le populaire du centre<\/em><a href=\"https:\/\/autourdenous87.fr\/wp-content\/uploads\/2018\/03\/001-1.jpg\"><img loading=\"lazy\" decoding=\"async\" class=\"alignnone size-medium wp-image-14268\" src=\"https:\/\/autourdenous87.fr\/wp-content\/uploads\/2018\/03\/001-1-300x121.jpg\" alt=\"\" width=\"300\" height=\"121\" srcset=\"https:\/\/autourdenous87.fr\/wp-content\/uploads\/2018\/03\/001-1-300x121.jpg 300w, https:\/\/autourdenous87.fr\/wp-content\/uploads\/2018\/03\/001-1-768x309.jpg 768w, https:\/\/autourdenous87.fr\/wp-content\/uploads\/2018\/03\/001-1-1200x483.jpg 1200w\" sizes=\"auto, (max-width: 300px) 85vw, 300px\" \/><\/a><\/li>\n<li><a href=\"https:\/\/autourdenous87.fr\/wp-content\/uploads\/2018\/03\/2-Suite-\u00e9cho-Rando-Javerdat.pdf\">Rando pour Emul avec ADN-<em>journal Echo\u00a0 Rando Javerdat Mars 2018<\/em><\/a><\/li>\n<li><a href=\"https:\/\/autourdenous87.fr\/wp-content\/uploads\/2018\/03\/1-Echo-27-03-2018-Rando-Javerdat.pdf\">Rando avec ADN pour l&rsquo;association Emul-<em>Echo 27-03-2018 Rando Javerdat<\/em><\/a><\/li>\n<li><a href=\"https:\/\/autourdenous87.fr\/wp-content\/uploads\/2018\/01\/article-concernant-les-voeux-ADN-2018-popu-001.jpg\">Article concernant les voeux ADN 2018-<em>le populaire 23 janvier 2018<\/em><img loading=\"lazy\" decoding=\"async\" class=\"alignnone size-medium wp-image-13874\" src=\"https:\/\/autourdenous87.fr\/wp-content\/uploads\/2018\/01\/article-concernant-les-voeux-ADN-2018-popu-001-279x300.jpg\" alt=\"\" width=\"279\" height=\"300\" srcset=\"https:\/\/autourdenous87.fr\/wp-content\/uploads\/2018\/01\/article-concernant-les-voeux-ADN-2018-popu-001-279x300.jpg 279w, https:\/\/autourdenous87.fr\/wp-content\/uploads\/2018\/01\/article-concernant-les-voeux-ADN-2018-popu-001-768x826.jpg 768w, https:\/\/autourdenous87.fr\/wp-content\/uploads\/2018\/01\/article-concernant-les-voeux-ADN-2018-popu-001-1200x1291.jpg 1200w, https:\/\/autourdenous87.fr\/wp-content\/uploads\/2018\/01\/article-concernant-les-voeux-ADN-2018-popu-001.jpg 2046w\" sizes=\"auto, (max-width: 279px) 85vw, 279px\" \/><\/a><\/li>\n<li>article concernant la marche des illuminations 2017 avec ADN-<em>la nouvelle\u00a0 abeille 2018<\/em><a href=\"https:\/\/autourdenous87.fr\/wp-content\/uploads\/2018\/01\/article-concernant-la-marche-des-potirons-avec-ADN-2017-001.jpg\"><img loading=\"lazy\" decoding=\"async\" class=\"alignnone size-medium wp-image-13855\" src=\"https:\/\/autourdenous87.fr\/wp-content\/uploads\/2018\/01\/article-concernant-la-marche-des-potirons-avec-ADN-2017-001-300x300.jpg\" alt=\"\" width=\"300\" height=\"300\" srcset=\"https:\/\/autourdenous87.fr\/wp-content\/uploads\/2018\/01\/article-concernant-la-marche-des-potirons-avec-ADN-2017-001-300x300.jpg 300w, https:\/\/autourdenous87.fr\/wp-content\/uploads\/2018\/01\/article-concernant-la-marche-des-potirons-avec-ADN-2017-001-150x150.jpg 150w, https:\/\/autourdenous87.fr\/wp-content\/uploads\/2018\/01\/article-concernant-la-marche-des-potirons-avec-ADN-2017-001-768x768.jpg 768w, https:\/\/autourdenous87.fr\/wp-content\/uploads\/2018\/01\/article-concernant-la-marche-des-potirons-avec-ADN-2017-001-1200x1200.jpg 1200w\" sizes=\"auto, (max-width: 300px) 85vw, 300px\" \/><\/a><\/li>\n<li>article concernant la marche des illuminations 2017-<em>le populaire 28 d\u00e9cembre 2017<\/em><a href=\"https:\/\/autourdenous87.fr\/wp-content\/uploads\/2017\/12\/article-marche-des-illuminations-2017-001.jpg\"><img loading=\"lazy\" decoding=\"async\" class=\"alignnone size-medium wp-image-13778\" src=\"https:\/\/autourdenous87.fr\/wp-content\/uploads\/2017\/12\/article-marche-des-illuminations-2017-001-300x212.jpg\" alt=\"\" width=\"300\" height=\"212\" srcset=\"https:\/\/autourdenous87.fr\/wp-content\/uploads\/2017\/12\/article-marche-des-illuminations-2017-001-300x212.jpg 300w, https:\/\/autourdenous87.fr\/wp-content\/uploads\/2017\/12\/article-marche-des-illuminations-2017-001-768x543.jpg 768w, https:\/\/autourdenous87.fr\/wp-content\/uploads\/2017\/12\/article-marche-des-illuminations-2017-001-1200x849.jpg 1200w, https:\/\/autourdenous87.fr\/wp-content\/uploads\/2017\/12\/article-marche-des-illuminations-2017-001.jpg 2029w\" sizes=\"auto, (max-width: 300px) 85vw, 300px\" \/><\/a><\/li>\n<li>annonce ballade des illuminations 2017<a href=\"https:\/\/autourdenous87.fr\/wp-content\/uploads\/2017\/12\/annonce-ballade-des-illuminations-2017-001.jpg\"><img loading=\"lazy\" decoding=\"async\" class=\"alignnone size-medium wp-image-13734\" src=\"https:\/\/autourdenous87.fr\/wp-content\/uploads\/2017\/12\/annonce-ballade-des-illuminations-2017-001-300x143.jpg\" alt=\"\" width=\"300\" height=\"143\" srcset=\"https:\/\/autourdenous87.fr\/wp-content\/uploads\/2017\/12\/annonce-ballade-des-illuminations-2017-001-300x143.jpg 300w, https:\/\/autourdenous87.fr\/wp-content\/uploads\/2017\/12\/annonce-ballade-des-illuminations-2017-001-768x367.jpg 768w, https:\/\/autourdenous87.fr\/wp-content\/uploads\/2017\/12\/annonce-ballade-des-illuminations-2017-001-1200x573.jpg 1200w, https:\/\/autourdenous87.fr\/wp-content\/uploads\/2017\/12\/annonce-ballade-des-illuminations-2017-001.jpg 1986w\" sizes=\"auto, (max-width: 300px) 85vw, 300px\" \/><\/a><\/li>\n<li><a href=\"https:\/\/autourdenous87.fr\/wp-content\/uploads\/2016\/03\/article-concernant-la-rando-des-potirons-la-petite-abeille-001.jpg\">Article concernant la Marche des potirons 2017 avec ADN &#8211;<em>la petite abeille novembre 2017<\/em><img loading=\"lazy\" decoding=\"async\" class=\"alignnone size-medium wp-image-13595\" src=\"https:\/\/autourdenous87.fr\/wp-content\/uploads\/2016\/03\/article-concernant-la-rando-des-potirons-la-petite-abeille-001-214x300.jpg\" alt=\"\" width=\"214\" height=\"300\" srcset=\"https:\/\/autourdenous87.fr\/wp-content\/uploads\/2016\/03\/article-concernant-la-rando-des-potirons-la-petite-abeille-001-214x300.jpg 214w, https:\/\/autourdenous87.fr\/wp-content\/uploads\/2016\/03\/article-concernant-la-rando-des-potirons-la-petite-abeille-001-768x1075.jpg 768w, https:\/\/autourdenous87.fr\/wp-content\/uploads\/2016\/03\/article-concernant-la-rando-des-potirons-la-petite-abeille-001-1200x1679.jpg 1200w\" sizes=\"auto, (max-width: 214px) 85vw, 214px\" \/><\/a><\/li>\n<li><a href=\"https:\/\/autourdenous87.fr\/wp-content\/uploads\/2016\/03\/article-sur-lassembl\u00e9e-g\u00e9n\u00e9rale-ADN-2017-001.jpg\">Article concernant l&rsquo;assembl\u00e9e g\u00e9n\u00e9rale ADN 2017-<em>la petite abeille octobre 2017<\/em><img loading=\"lazy\" decoding=\"async\" class=\"alignnone size-medium wp-image-13561\" src=\"https:\/\/autourdenous87.fr\/wp-content\/uploads\/2016\/03\/article-sur-lassembl\u00e9e-g\u00e9n\u00e9rale-ADN-2017-001-280x300.jpg\" alt=\"\" width=\"280\" height=\"300\" srcset=\"https:\/\/autourdenous87.fr\/wp-content\/uploads\/2016\/03\/article-sur-lassembl\u00e9e-g\u00e9n\u00e9rale-ADN-2017-001-280x300.jpg 280w, https:\/\/autourdenous87.fr\/wp-content\/uploads\/2016\/03\/article-sur-lassembl\u00e9e-g\u00e9n\u00e9rale-ADN-2017-001-768x822.jpg 768w, https:\/\/autourdenous87.fr\/wp-content\/uploads\/2016\/03\/article-sur-lassembl\u00e9e-g\u00e9n\u00e9rale-ADN-2017-001-1200x1285.jpg 1200w, https:\/\/autourdenous87.fr\/wp-content\/uploads\/2016\/03\/article-sur-lassembl\u00e9e-g\u00e9n\u00e9rale-ADN-2017-001.jpg 1942w\" sizes=\"auto, (max-width: 280px) 85vw, 280px\" \/><\/a><\/li>\n<li><a href=\"https:\/\/autourdenous87.fr\/wp-content\/uploads\/2016\/03\/article-concernant-la-marche-des-potirons-2017-001.jpg\">Article concernant la marche des potirons 2017-<em>le populaire 19 octobre 2017<\/em><img loading=\"lazy\" decoding=\"async\" class=\"alignnone size-medium wp-image-13519\" src=\"https:\/\/autourdenous87.fr\/wp-content\/uploads\/2016\/03\/article-concernant-la-marche-des-potirons-2017-001-279x300.jpg\" alt=\"\" width=\"279\" height=\"300\" srcset=\"https:\/\/autourdenous87.fr\/wp-content\/uploads\/2016\/03\/article-concernant-la-marche-des-potirons-2017-001-279x300.jpg 279w, https:\/\/autourdenous87.fr\/wp-content\/uploads\/2016\/03\/article-concernant-la-marche-des-potirons-2017-001-768x825.jpg 768w, https:\/\/autourdenous87.fr\/wp-content\/uploads\/2016\/03\/article-concernant-la-marche-des-potirons-2017-001-953x1024.jpg 953w, https:\/\/autourdenous87.fr\/wp-content\/uploads\/2016\/03\/article-concernant-la-marche-des-potirons-2017-001-1200x1289.jpg 1200w, https:\/\/autourdenous87.fr\/wp-content\/uploads\/2016\/03\/article-concernant-la-marche-des-potirons-2017-001.jpg 1847w\" sizes=\"auto, (max-width: 279px) 85vw, 279px\" \/><\/a>article annon\u00e7ant la marche des potirons 2017-<em>la petite abeille<\/em><a href=\"https:\/\/autourdenous87.fr\/wp-content\/uploads\/2016\/03\/article-annon\u00e7ant-la-marche-des-potirons-2017-001.jpg\"><img loading=\"lazy\" decoding=\"async\" class=\"alignnone size-medium wp-image-13329\" src=\"https:\/\/autourdenous87.fr\/wp-content\/uploads\/2016\/03\/article-annon\u00e7ant-la-marche-des-potirons-2017-001-159x300.jpg\" alt=\"\" width=\"159\" height=\"300\" srcset=\"https:\/\/autourdenous87.fr\/wp-content\/uploads\/2016\/03\/article-annon\u00e7ant-la-marche-des-potirons-2017-001-159x300.jpg 159w, https:\/\/autourdenous87.fr\/wp-content\/uploads\/2016\/03\/article-annon\u00e7ant-la-marche-des-potirons-2017-001-768x1449.jpg 768w, https:\/\/autourdenous87.fr\/wp-content\/uploads\/2016\/03\/article-annon\u00e7ant-la-marche-des-potirons-2017-001-543x1024.jpg 543w, https:\/\/autourdenous87.fr\/wp-content\/uploads\/2016\/03\/article-annon\u00e7ant-la-marche-des-potirons-2017-001-1200x2264.jpg 1200w, https:\/\/autourdenous87.fr\/wp-content\/uploads\/2016\/03\/article-annon\u00e7ant-la-marche-des-potirons-2017-001.jpg 1222w\" sizes=\"auto, (max-width: 159px) 85vw, 159px\" \/><\/a><\/li>\n<li>ADN anime la randonn\u00e9e de Gorre \u00e0 Pageas pour la Haute vienne \u00e0 Pieds 2017-<em>le populaire du 22 aout<\/em> 2017<a href=\"https:\/\/autourdenous87.fr\/wp-content\/uploads\/2016\/03\/ADN-\u00e0-la-haute-vienne-\u00e0-pieds-001.jpg\"><img loading=\"lazy\" decoding=\"async\" class=\"alignnone size-medium wp-image-12944\" src=\"https:\/\/autourdenous87.fr\/wp-content\/uploads\/2016\/03\/ADN-\u00e0-la-haute-vienne-\u00e0-pieds-001-300x233.jpg\" alt=\"\" width=\"300\" height=\"233\" srcset=\"https:\/\/autourdenous87.fr\/wp-content\/uploads\/2016\/03\/ADN-\u00e0-la-haute-vienne-\u00e0-pieds-001-300x233.jpg 300w, https:\/\/autourdenous87.fr\/wp-content\/uploads\/2016\/03\/ADN-\u00e0-la-haute-vienne-\u00e0-pieds-001-768x595.jpg 768w, https:\/\/autourdenous87.fr\/wp-content\/uploads\/2016\/03\/ADN-\u00e0-la-haute-vienne-\u00e0-pieds-001-1024x794.jpg 1024w, https:\/\/autourdenous87.fr\/wp-content\/uploads\/2016\/03\/ADN-\u00e0-la-haute-vienne-\u00e0-pieds-001-1200x930.jpg 1200w, https:\/\/autourdenous87.fr\/wp-content\/uploads\/2016\/03\/ADN-\u00e0-la-haute-vienne-\u00e0-pieds-001.jpg 2020w\" sizes=\"auto, (max-width: 300px) 85vw, 300px\" \/><\/a><\/li>\n<li>Bilan premier semestre 2017 pour ADN<a href=\"https:\/\/autourdenous87.fr\/wp-content\/uploads\/2016\/03\/article-de-presse-29-juillet-2017-001.jpg\"><img loading=\"lazy\" decoding=\"async\" class=\"alignnone size-medium wp-image-12937\" src=\"https:\/\/autourdenous87.fr\/wp-content\/uploads\/2016\/03\/article-de-presse-29-juillet-2017-001-240x300.jpg\" alt=\"\" width=\"240\" height=\"300\" srcset=\"https:\/\/autourdenous87.fr\/wp-content\/uploads\/2016\/03\/article-de-presse-29-juillet-2017-001-240x300.jpg 240w, https:\/\/autourdenous87.fr\/wp-content\/uploads\/2016\/03\/article-de-presse-29-juillet-2017-001-768x958.jpg 768w, https:\/\/autourdenous87.fr\/wp-content\/uploads\/2016\/03\/article-de-presse-29-juillet-2017-001-821x1024.jpg 821w, https:\/\/autourdenous87.fr\/wp-content\/uploads\/2016\/03\/article-de-presse-29-juillet-2017-001-1200x1497.jpg 1200w\" sizes=\"auto, (max-width: 240px) 85vw, 240px\" \/><\/a><\/li>\n<li><a href=\"https:\/\/autourdenous87.fr\/wp-content\/uploads\/2016\/03\/abeille-gourmande-001.jpg\">Article rando gourmande du 21 mai 2017-<em>La Nouvelle Abeille<\/em><img loading=\"lazy\" decoding=\"async\" class=\"alignnone size-medium wp-image-12402\" src=\"https:\/\/autourdenous87.fr\/wp-content\/uploads\/2016\/03\/abeille-gourmande-001-264x300.jpg\" alt=\"\" width=\"264\" height=\"300\" srcset=\"https:\/\/autourdenous87.fr\/wp-content\/uploads\/2016\/03\/abeille-gourmande-001-264x300.jpg 264w, https:\/\/autourdenous87.fr\/wp-content\/uploads\/2016\/03\/abeille-gourmande-001-768x871.jpg 768w, https:\/\/autourdenous87.fr\/wp-content\/uploads\/2016\/03\/abeille-gourmande-001-903x1024.jpg 903w, https:\/\/autourdenous87.fr\/wp-content\/uploads\/2016\/03\/abeille-gourmande-001-1200x1361.jpg 1200w, https:\/\/autourdenous87.fr\/wp-content\/uploads\/2016\/03\/abeille-gourmande-001.jpg 1227w\" sizes=\"auto, (max-width: 264px) 85vw, 264px\" \/><\/a><\/li>\n<li><a href=\"https:\/\/autourdenous87.fr\/wp-content\/uploads\/2016\/03\/nouvelliste-gourmande-001.jpg\">Article rando Gourmande du 21 mai 2017-<em>le Nouvelliste<\/em><img loading=\"lazy\" decoding=\"async\" class=\"alignnone size-medium wp-image-12400\" src=\"https:\/\/autourdenous87.fr\/wp-content\/uploads\/2016\/03\/nouvelliste-gourmande-001-300x170.jpg\" alt=\"\" width=\"300\" height=\"170\" srcset=\"https:\/\/autourdenous87.fr\/wp-content\/uploads\/2016\/03\/nouvelliste-gourmande-001-300x170.jpg 300w, https:\/\/autourdenous87.fr\/wp-content\/uploads\/2016\/03\/nouvelliste-gourmande-001-768x435.jpg 768w, https:\/\/autourdenous87.fr\/wp-content\/uploads\/2016\/03\/nouvelliste-gourmande-001-1024x579.jpg 1024w, https:\/\/autourdenous87.fr\/wp-content\/uploads\/2016\/03\/nouvelliste-gourmande-001-1200x679.jpg 1200w\" sizes=\"auto, (max-width: 300px) 85vw, 300px\" \/><\/a><\/li>\n<li><a href=\"https:\/\/autourdenous87.fr\/wp-content\/uploads\/2016\/03\/Article-rando-gourmande-ADN-du-21-mai-2017-001-1.jpg\">Article Rando Gourmande du 21 mai 2017-<em> Le Populaire<\/em><img loading=\"lazy\" decoding=\"async\" class=\"alignnone size-medium wp-image-12391\" src=\"https:\/\/autourdenous87.fr\/wp-content\/uploads\/2016\/03\/Article-rando-gourmande-ADN-du-21-mai-2017-001-1-300x229.jpg\" alt=\"\" width=\"300\" height=\"229\" srcset=\"https:\/\/autourdenous87.fr\/wp-content\/uploads\/2016\/03\/Article-rando-gourmande-ADN-du-21-mai-2017-001-1-300x229.jpg 300w, https:\/\/autourdenous87.fr\/wp-content\/uploads\/2016\/03\/Article-rando-gourmande-ADN-du-21-mai-2017-001-1-768x587.jpg 768w, https:\/\/autourdenous87.fr\/wp-content\/uploads\/2016\/03\/Article-rando-gourmande-ADN-du-21-mai-2017-001-1-1024x783.jpg 1024w, https:\/\/autourdenous87.fr\/wp-content\/uploads\/2016\/03\/Article-rando-gourmande-ADN-du-21-mai-2017-001-1-1200x917.jpg 1200w\" sizes=\"auto, (max-width: 300px) 85vw, 300px\" \/><\/a><\/li>\n<li><a href=\"https:\/\/autourdenous87.fr\/wp-content\/uploads\/2016\/03\/Le-Populaire-1.pdf\">article annon\u00e7ant la rando gourmande ADN Saint Junien 2017-<em>Le Populaire (1)<\/em><\/a><\/li>\n<li><a href=\"https:\/\/autourdenous87.fr\/wp-content\/uploads\/2016\/03\/Annonce-rando-gourmade-ADN-2017-001.jpg\">article qui annonce la rando gourmande ADN 2017-<em>la nouvelle abeille<\/em><img loading=\"lazy\" decoding=\"async\" class=\"alignnone size-medium wp-image-11927\" src=\"https:\/\/autourdenous87.fr\/wp-content\/uploads\/2016\/03\/Annonce-rando-gourmade-ADN-2017-001-300x256.jpg\" alt=\"\" width=\"300\" height=\"256\" srcset=\"https:\/\/autourdenous87.fr\/wp-content\/uploads\/2016\/03\/Annonce-rando-gourmade-ADN-2017-001-300x256.jpg 300w, https:\/\/autourdenous87.fr\/wp-content\/uploads\/2016\/03\/Annonce-rando-gourmade-ADN-2017-001-768x656.jpg 768w, https:\/\/autourdenous87.fr\/wp-content\/uploads\/2016\/03\/Annonce-rando-gourmade-ADN-2017-001-1024x875.jpg 1024w, https:\/\/autourdenous87.fr\/wp-content\/uploads\/2016\/03\/Annonce-rando-gourmade-ADN-2017-001-1200x1025.jpg 1200w, https:\/\/autourdenous87.fr\/wp-content\/uploads\/2016\/03\/Annonce-rando-gourmade-ADN-2017-001.jpg 1283w\" sizes=\"auto, (max-width: 300px) 85vw, 300px\" \/><\/a><\/li>\n<li><a href=\"https:\/\/autourdenous87.fr\/wp-content\/uploads\/2016\/03\/glane-001.jpg\">ADN participe \u00e0 l&rsquo;\u00e9laboration de jardins \u00e0 l&rsquo;\u00e9cole de glane-<em>la nouvelle abeille avril 2017<\/em><img loading=\"lazy\" decoding=\"async\" class=\"alignnone size-medium wp-image-11719\" src=\"https:\/\/autourdenous87.fr\/wp-content\/uploads\/2016\/03\/glane-001-300x201.jpg\" alt=\"\" width=\"300\" height=\"201\" srcset=\"https:\/\/autourdenous87.fr\/wp-content\/uploads\/2016\/03\/glane-001-300x201.jpg 300w, https:\/\/autourdenous87.fr\/wp-content\/uploads\/2016\/03\/glane-001-768x514.jpg 768w, https:\/\/autourdenous87.fr\/wp-content\/uploads\/2016\/03\/glane-001-1024x685.jpg 1024w, https:\/\/autourdenous87.fr\/wp-content\/uploads\/2016\/03\/glane-001-1200x803.jpg 1200w, https:\/\/autourdenous87.fr\/wp-content\/uploads\/2016\/03\/glane-001.jpg 1899w\" sizes=\"auto, (max-width: 300px) 85vw, 300px\" \/><\/a><\/li>\n<li><a href=\"https:\/\/autourdenous87.fr\/wp-content\/uploads\/2016\/03\/001.jpg\">Rando EMUL \u00e0 Oradour sur Glane: La Nouvelle Abeille du 31\/03\/2017<img loading=\"lazy\" decoding=\"async\" class=\"alignnone size-medium wp-image-11679\" src=\"https:\/\/autourdenous87.fr\/wp-content\/uploads\/2016\/03\/001-188x300.jpg\" alt=\"\" width=\"188\" height=\"300\" srcset=\"https:\/\/autourdenous87.fr\/wp-content\/uploads\/2016\/03\/001-188x300.jpg 188w, https:\/\/autourdenous87.fr\/wp-content\/uploads\/2016\/03\/001-768x1224.jpg 768w, https:\/\/autourdenous87.fr\/wp-content\/uploads\/2016\/03\/001-643x1024.jpg 643w, https:\/\/autourdenous87.fr\/wp-content\/uploads\/2016\/03\/001-1200x1912.jpg 1200w, https:\/\/autourdenous87.fr\/wp-content\/uploads\/2016\/03\/001.jpg 1595w\" sizes=\"auto, (max-width: 188px) 85vw, 188px\" \/><\/a><\/li>\n<li><a href=\"https:\/\/autourdenous87.fr\/wp-content\/uploads\/2016\/03\/semainenordique2017.jpg\">article du populaire du 5 mars 2017 concernant la quinzaine du cin\u00e9ma nordique<img loading=\"lazy\" decoding=\"async\" class=\"alignnone size-medium wp-image-11317\" src=\"https:\/\/autourdenous87.fr\/wp-content\/uploads\/2016\/03\/semainenordique2017-300x281.jpg\" alt=\"\" width=\"300\" height=\"281\" srcset=\"https:\/\/autourdenous87.fr\/wp-content\/uploads\/2016\/03\/semainenordique2017-300x281.jpg 300w, https:\/\/autourdenous87.fr\/wp-content\/uploads\/2016\/03\/semainenordique2017-768x719.jpg 768w, https:\/\/autourdenous87.fr\/wp-content\/uploads\/2016\/03\/semainenordique2017-1024x958.jpg 1024w, https:\/\/autourdenous87.fr\/wp-content\/uploads\/2016\/03\/semainenordique2017-1200x1123.jpg 1200w\" sizes=\"auto, (max-width: 300px) 85vw, 300px\" \/><\/a><\/li>\n<li><a href=\"https:\/\/autourdenous87.fr\/wp-content\/uploads\/2017\/02\/voeux-adn-2017-001.jpg\"><strong>Article sur les v\u0153ux de l&rsquo;association ADN 2017 &#8211; Le populaire du centre<\/strong><img loading=\"lazy\" decoding=\"async\" class=\"alignnone size-medium wp-image-11219\" src=\"https:\/\/autourdenous87.fr\/wp-content\/uploads\/2017\/02\/voeux-adn-2017-001-300x211.jpg\" alt=\"\" width=\"300\" height=\"211\" srcset=\"https:\/\/autourdenous87.fr\/wp-content\/uploads\/2017\/02\/voeux-adn-2017-001-300x211.jpg 300w, https:\/\/autourdenous87.fr\/wp-content\/uploads\/2017\/02\/voeux-adn-2017-001-768x540.jpg 768w, https:\/\/autourdenous87.fr\/wp-content\/uploads\/2017\/02\/voeux-adn-2017-001-1024x720.jpg 1024w, https:\/\/autourdenous87.fr\/wp-content\/uploads\/2017\/02\/voeux-adn-2017-001-1200x844.jpg 1200w, https:\/\/autourdenous87.fr\/wp-content\/uploads\/2017\/02\/voeux-adn-2017-001.jpg 1995w\" sizes=\"auto, (max-width: 300px) 85vw, 300px\" \/><\/a><\/li>\n<li><a href=\"https:\/\/autourdenous87.fr\/wp-content\/uploads\/2016\/03\/balade-des-illuminations-2016.jpg\"><strong>Balade des illuminations 2016-la nouvelle abeille<\/strong><img loading=\"lazy\" decoding=\"async\" class=\"alignnone size-medium wp-image-11061\" src=\"https:\/\/autourdenous87.fr\/wp-content\/uploads\/2016\/03\/balade-des-illuminations-2016-300x207.jpg\" alt=\"\" width=\"300\" height=\"207\" srcset=\"https:\/\/autourdenous87.fr\/wp-content\/uploads\/2016\/03\/balade-des-illuminations-2016-300x207.jpg 300w, https:\/\/autourdenous87.fr\/wp-content\/uploads\/2016\/03\/balade-des-illuminations-2016-768x530.jpg 768w, https:\/\/autourdenous87.fr\/wp-content\/uploads\/2016\/03\/balade-des-illuminations-2016-1024x707.jpg 1024w, https:\/\/autourdenous87.fr\/wp-content\/uploads\/2016\/03\/balade-des-illuminations-2016-1200x829.jpg 1200w, https:\/\/autourdenous87.fr\/wp-content\/uploads\/2016\/03\/balade-des-illuminations-2016.jpg 1890w\" sizes=\"auto, (max-width: 300px) 85vw, 300px\" \/><\/a><\/li>\n<li><a href=\"https:\/\/autourdenous87.fr\/wp-content\/uploads\/2016\/03\/illuminations-20160001.pdf\"><strong>Annonce marche des illuminations 2016-le populaire<\/strong> <\/a><\/li>\n<li><strong><a href=\"https:\/\/autourdenous87.fr\/wp-content\/uploads\/2016\/03\/ADN-au-t\u00e9l\u00e9thon-20160001.pdf\">Article concernant la marche nordique au t\u00e9lethon 2016<\/a><\/strong><\/li>\n<li><strong><a href=\"https:\/\/autourdenous87.fr\/wp-content\/uploads\/2016\/03\/article-sur-la-marche-des-potirons-2016.pdf\">Article sur la marche des potirons 2016-<em>la nouvelle abeille<\/em><\/a><\/strong><\/li>\n<li><strong><a href=\"https:\/\/autourdenous87.fr\/wp-content\/uploads\/2016\/03\/article-Assembl\u00e9e-g\u00e9n\u00e9rale-20160001.pdf\">Article assembl\u00e9e g\u00e9n\u00e9rale ADN 2016-<em>La petite abeille<\/em><\/a><\/strong><\/li>\n<li><strong><a href=\"https:\/\/autourdenous87.fr\/wp-content\/uploads\/2016\/03\/gourmandeabeille0001.pdf\">Article de la petite abeille pour la rando gourmande 2016<\/a><\/strong><\/li>\n<li><strong><a href=\"https:\/\/autourdenous87.fr\/wp-content\/uploads\/2016\/03\/argour.pdf\">Bilan de la rando gourmande 2016<\/a><\/strong><\/li>\n<li><strong><a href=\"https:\/\/autourdenous87.fr\/wp-content\/uploads\/2016\/03\/article-rando-gourmande-2016-1.pdf\">Article concernant l&rsquo;annonce de la rando gourmande 2016- <em>mai 2016<\/em><\/a><\/strong><\/li>\n<li><a href=\"https:\/\/autourdenous87.fr\/wp-content\/uploads\/2016\/03\/gammvertadn2016.pdf\"><strong>Article concernant la semaine de jardinage chez gammvert<\/strong> &#8211; <em>mars 2016<\/em><\/a><\/li>\n<li><a href=\"https:\/\/autourdenous87.fr\/wp-content\/uploads\/2016\/03\/agendaadn2016.pdf\"><strong>Article sur l&rsquo;agenda ADN du d\u00e9but de saison 2016<\/strong> &#8211; <em>la petite abeille<\/em><\/a><\/li>\n<li><a href=\"https:\/\/autourdenous87.fr\/wp-content\/uploads\/2016\/03\/voeuxadn2016.pdf\"><strong>Article concernant les voeux ADN 2016 et les perspectives<\/strong> &#8211; <em>la petite abeille<\/em><\/a><\/li>\n<li><a href=\"https:\/\/autourdenous87.fr\/wp-content\/uploads\/2016\/03\/voeux2016.pdf\"><strong>Article concernant les voeux 2016 d&rsquo;ADN et les projets<\/strong> &#8211; <em>le populaire f\u00e9vrier 2016<\/em><\/a><\/li>\n<li><a href=\"https:\/\/autourdenous87.fr\/wp-content\/uploads\/2016\/03\/martin2.pdf\"><strong>Article de presse sur la marche nordique 2016<\/strong> &#8211; <em>la petite abeille janvier 2016<\/em><\/a><\/li>\n<li><a href=\"https:\/\/autourdenous87.fr\/wp-content\/uploads\/2016\/03\/photosillu.pdf\"><strong>Photos de la ballade des illuminations 2015<\/strong> &#8211; <em>le populaire<\/em><\/a><\/li>\n<li><a href=\"https:\/\/autourdenous87.fr\/wp-content\/uploads\/2016\/03\/2015illuminations.pdf\"><strong>Article concernant la ballade des illuminations 2015<\/strong> &#8211; <em>le populaire<\/em><\/a><\/li>\n<li><a href=\"https:\/\/autourdenous87.fr\/wp-content\/uploads\/2016\/03\/illu2015.pdf\"><strong>Article concernant l&rsquo;annonce de la marche des illuminations 2015<\/strong> &#8211; <em>la petite abeille<\/em><\/a><\/li>\n<li><a href=\"https:\/\/autourdenous87.fr\/wp-content\/uploads\/2016\/03\/potironsabeille.pdf\"><strong>Article concernant la marche des potirons 2015<\/strong> &#8211; <em>la petite abeille novembre 2015<\/em><\/a><\/li>\n<li><a href=\"https:\/\/autourdenous87.fr\/wp-content\/uploads\/2016\/03\/bilan2015.pdf\"><strong>Bilan annuel 2015 de l&rsquo;association ADN<\/strong> &#8211; <em>02 novembre 2015<\/em><\/a><\/li>\n<li><a href=\"https:\/\/autourdenous87.fr\/wp-content\/uploads\/2016\/03\/articlepotirons2015.pdf\"><strong>Article concernant la marche des potirons 2015<\/strong> &#8211; <em>le populaire du centre<\/em><\/a><\/li>\n<li><a href=\"https:\/\/autourdenous87.fr\/wp-content\/uploads\/2016\/03\/neree.pdf\"><strong>S\u00e9jour \u00e0 St N\u00e9r\u00e9e juin 2015<\/strong> &#8211; <em>la petite abeille<\/em><\/a><\/li>\n<li><a href=\"https:\/\/autourdenous87.fr\/wp-content\/uploads\/2016\/03\/gou.pdf\"><strong>Article compte rendu de la rando gourmande 2015<\/strong> &#8211; <em>la petite abeille<\/em><\/a><\/li>\n<li><a href=\"https:\/\/autourdenous87.fr\/wp-content\/uploads\/2016\/03\/gour2015.pdf\"><strong>Article sur la rando gourmande 2015<\/strong> &#8211; <em>le populaire du centre<\/em><\/a><\/li>\n<li><a href=\"https:\/\/autourdenous87.fr\/wp-content\/uploads\/2016\/03\/nordique.pdf\"><strong>Article concernant l&rsquo;initiation marche nordique avec ADN<\/strong> &#8211; <em>le populaire mars 2015<\/em><\/a><\/li>\n<li><a href=\"https:\/\/autourdenous87.fr\/wp-content\/uploads\/2016\/03\/gammvert2015.pdf\"><strong>Article de presse pour la semaine de jardinage Gammvert<\/strong> &#8211; <em>le populaire mars 2015<\/em><\/a><\/li>\n<li><a href=\"https:\/\/autourdenous87.fr\/wp-content\/uploads\/2016\/03\/articlesabeille2015.pdf\"><strong>Articles ADN concernant l&rsquo;eurocom et es perspectives d&rsquo;ADN 2015<\/strong> &#8211; <em>la petite abeille<\/em><\/a><\/li>\n<li><a href=\"https:\/\/autourdenous87.fr\/wp-content\/uploads\/2016\/03\/voeux2015.pdf\"><strong>Voeux ADN 2015<\/strong> &#8211; <em>le populaire janvier 2015<\/em><\/a><\/li>\n<li><strong><a href=\"https:\/\/autourdenous87.fr\/wp-content\/uploads\/2016\/03\/illueuro.pdf\">Ballade des illuminations d\u00e9cembre 2014 et \u00e9quipe ADN \u00e0 l&rsquo;eurocom basket janvier 2015<\/a><\/strong><\/li>\n<li><a href=\"https:\/\/autourdenous87.fr\/wp-content\/uploads\/2016\/03\/illu2014.pdf\"><strong>Article sur la ballade des illuminations 2014<\/strong> &#8211; <em>la petite abeille d\u00e9cembre 2014<\/em><\/a><\/li>\n<li><a href=\"https:\/\/autourdenous87.fr\/wp-content\/uploads\/2016\/03\/ag2014.pdf\"><strong>Article sur l&rsquo;assembl\u00e9e g\u00e9n\u00e9rale 2014 et annonce ballade des illuminations<\/strong> &#8211; <em>abeille<\/em><\/a><\/li>\n<li><a href=\"https:\/\/autourdenous87.fr\/wp-content\/uploads\/2016\/03\/agadn2014.pdf\"><strong>Article sur l&rsquo;Assembl\u00e9e G\u00e9n\u00e9rale ADN 2014<\/strong> &#8211; <em>le populaire du centre novembre 2014<\/em><\/a><\/li>\n<li><a href=\"https:\/\/autourdenous87.fr\/wp-content\/uploads\/2016\/03\/articlepotirons2014.pdf\"><strong>Article randonn\u00e9e des potirons 2014<\/strong> &#8211; <em>l&rsquo;abeille<\/em><\/a><\/li>\n<li><a href=\"https:\/\/autourdenous87.fr\/wp-content\/uploads\/2016\/03\/nettoyons2014.pdf\"><strong>Article de presse concernant nettoyons la nature 2014<\/strong> &#8211; <em>le populaire<\/em><\/a><\/li>\n<li><strong><a href=\"https:\/\/autourdenous87.fr\/wp-content\/uploads\/2016\/03\/articlecoeur.pdf\">Article concernant la remise d&rsquo;un ch\u00e8que pour Trait d&rsquo;Union<\/a><\/strong><\/li>\n<li><a href=\"https:\/\/autourdenous87.fr\/wp-content\/uploads\/2016\/03\/photosgormande.pdf\"><strong>Photos rando gourmande Mai 2014<\/strong> &#8211; <em>la petite abeille<\/em><\/a><\/li>\n<li><a href=\"https:\/\/autourdenous87.fr\/wp-content\/uploads\/2016\/03\/gourmande2014.pdf\"><strong>Article sur la rando gourmande 2014<\/strong> &#8211; <em>le populaire<\/em><\/a><\/li>\n<li><a href=\"https:\/\/autourdenous87.fr\/wp-content\/uploads\/2016\/03\/randogourmande2014.pdf\"><strong>Article concernant la rando gourmande 2014<\/strong> &#8211; <em>populaire du centre 2014<\/em><\/a><\/li>\n<li><a href=\"https:\/\/autourdenous87.fr\/wp-content\/uploads\/2016\/03\/gammvert2014.jpg\" rel=\"attachment wp-att-7942\"><strong>Article journ\u00e9es jardinages avec les \u00e9coles , gammvert et ADN.<\/strong> &#8211; <em>mars 2014 le populaire<\/em><img loading=\"lazy\" decoding=\"async\" class=\"alignnone size-medium wp-image-7942\" src=\"https:\/\/autourdenous87.fr\/wp-content\/uploads\/2016\/03\/gammvert2014-300x166.jpg\" alt=\"Article journ\u00e9es jardinages avec les \u00e9coles , gammvert et ADN.-mars 2014 le populaire\" width=\"300\" height=\"166\" srcset=\"https:\/\/autourdenous87.fr\/wp-content\/uploads\/2016\/03\/gammvert2014-300x166.jpg 300w, https:\/\/autourdenous87.fr\/wp-content\/uploads\/2016\/03\/gammvert2014-768x426.jpg 768w, https:\/\/autourdenous87.fr\/wp-content\/uploads\/2016\/03\/gammvert2014-1024x568.jpg 1024w, https:\/\/autourdenous87.fr\/wp-content\/uploads\/2016\/03\/gammvert2014-1200x665.jpg 1200w, https:\/\/autourdenous87.fr\/wp-content\/uploads\/2016\/03\/gammvert2014.jpg 1328w\" sizes=\"auto, (max-width: 300px) 85vw, 300px\" \/><\/a><\/li>\n<li><a href=\"https:\/\/autourdenous87.fr\/wp-content\/uploads\/2016\/03\/eurocom2014.jpg\" rel=\"attachment wp-att-7941\"><strong>Participation ADN \u00e0 l&rsquo;Eurocom basket 2014<\/strong> &#8211; <em>la petite abeille<\/em><img loading=\"lazy\" decoding=\"async\" class=\"alignnone size-medium wp-image-7941\" src=\"https:\/\/autourdenous87.fr\/wp-content\/uploads\/2016\/03\/eurocom2014-300x205.jpg\" alt=\"Participation ADN \u00e0 l'Eurocom basket 2014-la petite abeille\" width=\"300\" height=\"205\" srcset=\"https:\/\/autourdenous87.fr\/wp-content\/uploads\/2016\/03\/eurocom2014-300x205.jpg 300w, https:\/\/autourdenous87.fr\/wp-content\/uploads\/2016\/03\/eurocom2014-768x526.jpg 768w, https:\/\/autourdenous87.fr\/wp-content\/uploads\/2016\/03\/eurocom2014-1024x701.jpg 1024w, https:\/\/autourdenous87.fr\/wp-content\/uploads\/2016\/03\/eurocom2014-1200x822.jpg 1200w\" sizes=\"auto, (max-width: 300px) 85vw, 300px\" \/><\/a><\/li>\n<li><a href=\"https:\/\/autourdenous87.fr\/wp-content\/uploads\/2016\/03\/voeux2014.jpg\" rel=\"attachment wp-att-7940\"><strong>Article voeux 2014<\/strong> &#8211; <em>la petite abeille<\/em><img loading=\"lazy\" decoding=\"async\" class=\"alignnone size-medium wp-image-7940\" src=\"https:\/\/autourdenous87.fr\/wp-content\/uploads\/2016\/03\/voeux2014-300x289.jpg\" alt=\"article voeux 2014- la petite abeille\" width=\"300\" height=\"289\" srcset=\"https:\/\/autourdenous87.fr\/wp-content\/uploads\/2016\/03\/voeux2014-300x289.jpg 300w, https:\/\/autourdenous87.fr\/wp-content\/uploads\/2016\/03\/voeux2014-768x739.jpg 768w, https:\/\/autourdenous87.fr\/wp-content\/uploads\/2016\/03\/voeux2014-1024x985.jpg 1024w, https:\/\/autourdenous87.fr\/wp-content\/uploads\/2016\/03\/voeux2014-1200x1154.jpg 1200w, https:\/\/autourdenous87.fr\/wp-content\/uploads\/2016\/03\/voeux2014.jpg 1264w\" sizes=\"auto, (max-width: 300px) 85vw, 300px\" \/><\/a><\/li>\n<li><a href=\"https:\/\/autourdenous87.fr\/wp-content\/uploads\/2016\/03\/voeuxadn.jpg\" rel=\"attachment wp-att-7939\"><strong>Article voeux ADN 2014<\/strong> &#8211; <em>le journal du dimanche<\/em><img loading=\"lazy\" decoding=\"async\" class=\"alignnone size-medium wp-image-7939\" src=\"https:\/\/autourdenous87.fr\/wp-content\/uploads\/2016\/03\/voeuxadn-300x246.jpg\" alt=\"Article voeux ADN 2014-le journal du dimanche\" width=\"300\" height=\"246\" srcset=\"https:\/\/autourdenous87.fr\/wp-content\/uploads\/2016\/03\/voeuxadn-300x246.jpg 300w, https:\/\/autourdenous87.fr\/wp-content\/uploads\/2016\/03\/voeuxadn-768x630.jpg 768w, https:\/\/autourdenous87.fr\/wp-content\/uploads\/2016\/03\/voeuxadn-1024x840.jpg 1024w, https:\/\/autourdenous87.fr\/wp-content\/uploads\/2016\/03\/voeuxadn-1200x984.jpg 1200w, https:\/\/autourdenous87.fr\/wp-content\/uploads\/2016\/03\/voeuxadn.jpg 1505w\" sizes=\"auto, (max-width: 300px) 85vw, 300px\" \/><\/a><\/li>\n<li><a href=\"https:\/\/autourdenous87.fr\/wp-content\/uploads\/2016\/03\/illu2013.jpg\" rel=\"attachment wp-att-7938\"><strong>Balade des illuminations 2013<\/strong> &#8211; <em>la petite abeille<\/em> <img loading=\"lazy\" decoding=\"async\" class=\"alignnone size-medium wp-image-7938\" src=\"https:\/\/autourdenous87.fr\/wp-content\/uploads\/2016\/03\/illu2013-177x300.jpg\" alt=\"balade des illuminations 2013- la petite abeille\" width=\"177\" height=\"300\" srcset=\"https:\/\/autourdenous87.fr\/wp-content\/uploads\/2016\/03\/illu2013-177x300.jpg 177w, https:\/\/autourdenous87.fr\/wp-content\/uploads\/2016\/03\/illu2013-768x1302.jpg 768w, https:\/\/autourdenous87.fr\/wp-content\/uploads\/2016\/03\/illu2013-604x1024.jpg 604w, https:\/\/autourdenous87.fr\/wp-content\/uploads\/2016\/03\/illu2013.jpg 944w\" sizes=\"auto, (max-width: 177px) 85vw, 177px\" \/><\/a><\/li>\n<li><a href=\"https:\/\/autourdenous87.fr\/wp-content\/uploads\/2016\/03\/marchenordique.jpg\" rel=\"attachment wp-att-7937\"><strong>Article de presse marche nordique 2013<\/strong> &#8211; <em>la petite abeille<\/em><img loading=\"lazy\" decoding=\"async\" class=\"alignnone size-medium wp-image-7937\" src=\"https:\/\/autourdenous87.fr\/wp-content\/uploads\/2016\/03\/marchenordique-265x300.jpg\" alt=\"article de presse marche nordique 2013- la petite abeille\" width=\"265\" height=\"300\" srcset=\"https:\/\/autourdenous87.fr\/wp-content\/uploads\/2016\/03\/marchenordique-265x300.jpg 265w, https:\/\/autourdenous87.fr\/wp-content\/uploads\/2016\/03\/marchenordique-768x869.jpg 768w, https:\/\/autourdenous87.fr\/wp-content\/uploads\/2016\/03\/marchenordique.jpg 848w\" sizes=\"auto, (max-width: 265px) 85vw, 265px\" \/><\/a><\/li>\n<li><a href=\"https:\/\/autourdenous87.fr\/wp-content\/uploads\/2016\/03\/ag2013.jpg\" rel=\"attachment wp-att-7936\"><strong>Assembl\u00e9e g\u00e9n\u00e9rale de ADN 2013<\/strong> &#8211; <em>la petite abeille novembre 2013<\/em><img loading=\"lazy\" decoding=\"async\" class=\"alignnone size-medium wp-image-7936\" src=\"https:\/\/autourdenous87.fr\/wp-content\/uploads\/2016\/03\/ag2013-145x300.jpg\" alt=\"Assembl\u00e9e g\u00e9n\u00e9rale de ADN 2013-la petite abeille novembre 2013\" width=\"145\" height=\"300\" srcset=\"https:\/\/autourdenous87.fr\/wp-content\/uploads\/2016\/03\/ag2013-145x300.jpg 145w, https:\/\/autourdenous87.fr\/wp-content\/uploads\/2016\/03\/ag2013-768x1592.jpg 768w, https:\/\/autourdenous87.fr\/wp-content\/uploads\/2016\/03\/ag2013-494x1024.jpg 494w, https:\/\/autourdenous87.fr\/wp-content\/uploads\/2016\/03\/ag2013.jpg 880w\" sizes=\"auto, (max-width: 145px) 85vw, 145px\" \/><\/a><\/li>\n<li><a href=\"https:\/\/autourdenous87.fr\/wp-content\/uploads\/2016\/03\/potiron.jpg\" rel=\"attachment wp-att-7935\"><strong>Article de presse sur la marche des potirons 2013<\/strong> &#8211; <em>la petite abeille<\/em><img loading=\"lazy\" decoding=\"async\" class=\"alignnone size-medium wp-image-7935\" src=\"https:\/\/autourdenous87.fr\/wp-content\/uploads\/2016\/03\/potiron-300x286.jpg\" alt=\"article de presse sur la marche des potirons 2013- la petite abeille\" width=\"300\" height=\"286\" srcset=\"https:\/\/autourdenous87.fr\/wp-content\/uploads\/2016\/03\/potiron-300x286.jpg 300w, https:\/\/autourdenous87.fr\/wp-content\/uploads\/2016\/03\/potiron-768x733.jpg 768w, https:\/\/autourdenous87.fr\/wp-content\/uploads\/2016\/03\/potiron-1024x977.jpg 1024w, https:\/\/autourdenous87.fr\/wp-content\/uploads\/2016\/03\/potiron-1200x1145.jpg 1200w, https:\/\/autourdenous87.fr\/wp-content\/uploads\/2016\/03\/potiron.jpg 1693w\" sizes=\"auto, (max-width: 300px) 85vw, 300px\" \/><\/a><\/li>\n<li><a href=\"https:\/\/autourdenous87.fr\/wp-content\/uploads\/2016\/03\/potironspopu2013.jpg\" rel=\"attachment wp-att-7934\"><strong>Marche des potirons <\/strong>&#8211; <em>le populaire du centre 2013<\/em><img loading=\"lazy\" decoding=\"async\" class=\"alignnone size-medium wp-image-7934\" src=\"https:\/\/autourdenous87.fr\/wp-content\/uploads\/2016\/03\/potironspopu2013-300x127.jpg\" alt=\"marche des potirons- le populaire du centre 2013\" width=\"300\" height=\"127\" srcset=\"https:\/\/autourdenous87.fr\/wp-content\/uploads\/2016\/03\/potironspopu2013-300x127.jpg 300w, https:\/\/autourdenous87.fr\/wp-content\/uploads\/2016\/03\/potironspopu2013-768x324.jpg 768w, https:\/\/autourdenous87.fr\/wp-content\/uploads\/2016\/03\/potironspopu2013-1024x432.jpg 1024w, https:\/\/autourdenous87.fr\/wp-content\/uploads\/2016\/03\/potironspopu2013-1200x506.jpg 1200w, https:\/\/autourdenous87.fr\/wp-content\/uploads\/2016\/03\/potironspopu2013.jpg 1328w\" sizes=\"auto, (max-width: 300px) 85vw, 300px\" \/><\/a><\/li>\n<li><a href=\"https:\/\/autourdenous87.fr\/wp-content\/uploads\/2016\/03\/net2013.jpg\" rel=\"attachment wp-att-7933\"><strong>Nettoyons la nature<\/strong> &#8211; <em>abeille 2013<\/em><img loading=\"lazy\" decoding=\"async\" class=\"alignnone size-medium wp-image-7933\" src=\"https:\/\/autourdenous87.fr\/wp-content\/uploads\/2016\/03\/net2013-300x186.jpg\" alt=\"nettoyons la nature - abeille 2013\" width=\"300\" height=\"186\" srcset=\"https:\/\/autourdenous87.fr\/wp-content\/uploads\/2016\/03\/net2013-300x186.jpg 300w, https:\/\/autourdenous87.fr\/wp-content\/uploads\/2016\/03\/net2013-768x476.jpg 768w, https:\/\/autourdenous87.fr\/wp-content\/uploads\/2016\/03\/net2013-1024x635.jpg 1024w, https:\/\/autourdenous87.fr\/wp-content\/uploads\/2016\/03\/net2013-1200x744.jpg 1200w, https:\/\/autourdenous87.fr\/wp-content\/uploads\/2016\/03\/net2013.jpg 1264w\" sizes=\"auto, (max-width: 300px) 85vw, 300px\" \/><\/a><\/li>\n<li><a href=\"https:\/\/autourdenous87.fr\/wp-content\/uploads\/2016\/03\/stmartin2013.jpg\" rel=\"attachment wp-att-7932\"><strong>Article rando f\u00eate de St Martin de jussac Mai 2013<\/strong> &#8211; <em>le populaire<\/em> <img loading=\"lazy\" decoding=\"async\" class=\"alignnone size-medium wp-image-7932\" src=\"https:\/\/autourdenous87.fr\/wp-content\/uploads\/2016\/03\/stmartin2013-300x234.jpg\" alt=\"article rando f\u00eate de St Martin de jussac Mai 2013- le populaire \" width=\"300\" height=\"234\" srcset=\"https:\/\/autourdenous87.fr\/wp-content\/uploads\/2016\/03\/stmartin2013-300x234.jpg 300w, https:\/\/autourdenous87.fr\/wp-content\/uploads\/2016\/03\/stmartin2013-768x598.jpg 768w, https:\/\/autourdenous87.fr\/wp-content\/uploads\/2016\/03\/stmartin2013-1024x798.jpg 1024w, https:\/\/autourdenous87.fr\/wp-content\/uploads\/2016\/03\/stmartin2013-1200x935.jpg 1200w, https:\/\/autourdenous87.fr\/wp-content\/uploads\/2016\/03\/stmartin2013.jpg 1376w\" sizes=\"auto, (max-width: 300px) 85vw, 300px\" \/><\/a><\/li>\n<li><a href=\"https:\/\/autourdenous87.fr\/wp-content\/uploads\/2016\/03\/randogourmande-1.jpg\" rel=\"attachment wp-att-7931\"><strong>Annonce rando gourmande<\/strong> &#8211; <em>la nouvelle abeille 2013<\/em><img loading=\"lazy\" decoding=\"async\" class=\"alignnone size-medium wp-image-7931\" src=\"https:\/\/autourdenous87.fr\/wp-content\/uploads\/2016\/03\/randogourmande-1-124x300.jpg\" alt=\"annonce rando gourmande - la nouvelle abeille 2013\" width=\"124\" height=\"300\" srcset=\"https:\/\/autourdenous87.fr\/wp-content\/uploads\/2016\/03\/randogourmande-1-124x300.jpg 124w, https:\/\/autourdenous87.fr\/wp-content\/uploads\/2016\/03\/randogourmande-1-768x1857.jpg 768w, https:\/\/autourdenous87.fr\/wp-content\/uploads\/2016\/03\/randogourmande-1-423x1024.jpg 423w, https:\/\/autourdenous87.fr\/wp-content\/uploads\/2016\/03\/randogourmande-1.jpg 880w\" sizes=\"auto, (max-width: 124px) 85vw, 124px\" \/><\/a><\/li>\n<li><a href=\"https:\/\/autourdenous87.fr\/wp-content\/uploads\/2016\/03\/gam2013.jpg\" rel=\"attachment wp-att-7930\"><strong>Article Gammvert 2013<\/strong>&#8211; <em>le populaire Mars 2013<\/em><img loading=\"lazy\" decoding=\"async\" class=\"alignnone size-medium wp-image-7930\" src=\"https:\/\/autourdenous87.fr\/wp-content\/uploads\/2016\/03\/gam2013-271x300.jpg\" alt=\"Article Gammvert 2013- le populaire Mars 2013\" width=\"271\" height=\"300\" srcset=\"https:\/\/autourdenous87.fr\/wp-content\/uploads\/2016\/03\/gam2013-271x300.jpg 271w, https:\/\/autourdenous87.fr\/wp-content\/uploads\/2016\/03\/gam2013-768x850.jpg 768w, https:\/\/autourdenous87.fr\/wp-content\/uploads\/2016\/03\/gam2013-925x1024.jpg 925w, https:\/\/autourdenous87.fr\/wp-content\/uploads\/2016\/03\/gam2013-1200x1329.jpg 1200w, https:\/\/autourdenous87.fr\/wp-content\/uploads\/2016\/03\/gam2013.jpg 1344w\" sizes=\"auto, (max-width: 271px) 85vw, 271px\" \/><\/a><\/li>\n<li><a href=\"https:\/\/autourdenous87.fr\/wp-content\/uploads\/2016\/03\/formation-e1460232968549.jpg\" rel=\"attachment wp-att-7929\"><strong>Formation GPS<\/strong> &#8211; <em>le populaire Mars 2013<\/em><img loading=\"lazy\" decoding=\"async\" class=\"alignnone size-medium wp-image-7929\" src=\"https:\/\/autourdenous87.fr\/wp-content\/uploads\/2016\/03\/formation-e1460232968549-300x224.jpg\" alt=\"Formation GPS - le populaire Mars 2013\" width=\"300\" height=\"224\" srcset=\"https:\/\/autourdenous87.fr\/wp-content\/uploads\/2016\/03\/formation-e1460232968549-300x224.jpg 300w, https:\/\/autourdenous87.fr\/wp-content\/uploads\/2016\/03\/formation-e1460232968549-768x573.jpg 768w, https:\/\/autourdenous87.fr\/wp-content\/uploads\/2016\/03\/formation-e1460232968549-1024x764.jpg 1024w, https:\/\/autourdenous87.fr\/wp-content\/uploads\/2016\/03\/formation-e1460232968549-1200x896.jpg 1200w\" sizes=\"auto, (max-width: 300px) 85vw, 300px\" \/><\/a><\/li>\n<li><a href=\"https:\/\/autourdenous87.fr\/wp-content\/uploads\/2016\/03\/traitdunionbis.jpg\" rel=\"attachment wp-att-7928\"><strong>Article manifestation trait d&rsquo;Union 2013<\/strong> &#8211; <em>l&rsquo;abeille<\/em><img loading=\"lazy\" decoding=\"async\" class=\"alignnone size-medium wp-image-7928\" src=\"https:\/\/autourdenous87.fr\/wp-content\/uploads\/2016\/03\/traitdunionbis-113x300.jpg\" alt=\"Article manifestation trait d'Union 2013-l'abeille\" width=\"113\" height=\"300\" srcset=\"https:\/\/autourdenous87.fr\/wp-content\/uploads\/2016\/03\/traitdunionbis-113x300.jpg 113w, https:\/\/autourdenous87.fr\/wp-content\/uploads\/2016\/03\/traitdunionbis-768x2044.jpg 768w, https:\/\/autourdenous87.fr\/wp-content\/uploads\/2016\/03\/traitdunionbis-385x1024.jpg 385w, https:\/\/autourdenous87.fr\/wp-content\/uploads\/2016\/03\/traitdunionbis.jpg 864w\" sizes=\"auto, (max-width: 113px) 85vw, 113px\" \/><\/a><\/li>\n<li><a href=\"https:\/\/autourdenous87.fr\/wp-content\/uploads\/2016\/03\/traitdunion2013.jpg\" rel=\"attachment wp-att-7927\"><strong>Article trait d&rsquo;Union 2013<\/strong> &#8211; <em>le populaire<\/em><img loading=\"lazy\" decoding=\"async\" class=\"alignnone size-medium wp-image-7927\" src=\"https:\/\/autourdenous87.fr\/wp-content\/uploads\/2016\/03\/traitdunion2013-300x297.jpg\" alt=\"Article trait d'Union 2013-le populaire\" width=\"300\" height=\"297\" srcset=\"https:\/\/autourdenous87.fr\/wp-content\/uploads\/2016\/03\/traitdunion2013-300x297.jpg 300w, https:\/\/autourdenous87.fr\/wp-content\/uploads\/2016\/03\/traitdunion2013-150x150.jpg 150w, https:\/\/autourdenous87.fr\/wp-content\/uploads\/2016\/03\/traitdunion2013-768x759.jpg 768w, https:\/\/autourdenous87.fr\/wp-content\/uploads\/2016\/03\/traitdunion2013-1024x1012.jpg 1024w, https:\/\/autourdenous87.fr\/wp-content\/uploads\/2016\/03\/traitdunion2013-1200x1186.jpg 1200w, https:\/\/autourdenous87.fr\/wp-content\/uploads\/2016\/03\/traitdunion2013.jpg 1376w\" sizes=\"auto, (max-width: 300px) 85vw, 300px\" \/><\/a><\/li>\n<li><a href=\"https:\/\/autourdenous87.fr\/wp-content\/uploads\/2016\/03\/annonce.jpg\" rel=\"attachment wp-att-7926\"><strong>Annonce Marche Trait d&rsquo;Union 2013<\/strong> &#8211; <em>le populaire<\/em><img loading=\"lazy\" decoding=\"async\" class=\"alignnone size-medium wp-image-7926\" src=\"https:\/\/autourdenous87.fr\/wp-content\/uploads\/2016\/03\/annonce-300x271.jpg\" alt=\"Annonce Marche Trait d'Union 2013-le populaire\" width=\"300\" height=\"271\" srcset=\"https:\/\/autourdenous87.fr\/wp-content\/uploads\/2016\/03\/annonce-300x271.jpg 300w, https:\/\/autourdenous87.fr\/wp-content\/uploads\/2016\/03\/annonce-768x695.jpg 768w, https:\/\/autourdenous87.fr\/wp-content\/uploads\/2016\/03\/annonce-1024x926.jpg 1024w, https:\/\/autourdenous87.fr\/wp-content\/uploads\/2016\/03\/annonce-1200x1086.jpg 1200w, https:\/\/autourdenous87.fr\/wp-content\/uploads\/2016\/03\/annonce.jpg 1344w\" sizes=\"auto, (max-width: 300px) 85vw, 300px\" \/><\/a><\/li>\n<li><a href=\"https:\/\/autourdenous87.fr\/wp-content\/uploads\/2016\/03\/boussole.jpg\" rel=\"attachment wp-att-7925\"><strong>Formation boussole f\u00e9vrier 2013<\/strong> &#8211; <em>le populaire<\/em><img loading=\"lazy\" decoding=\"async\" class=\"alignnone size-medium wp-image-7925\" src=\"https:\/\/autourdenous87.fr\/wp-content\/uploads\/2016\/03\/boussole-266x300.jpg\" alt=\"Formation boussole f\u00e9vrier 2013- le populaire\" width=\"266\" height=\"300\" srcset=\"https:\/\/autourdenous87.fr\/wp-content\/uploads\/2016\/03\/boussole-266x300.jpg 266w, https:\/\/autourdenous87.fr\/wp-content\/uploads\/2016\/03\/boussole-768x867.jpg 768w, https:\/\/autourdenous87.fr\/wp-content\/uploads\/2016\/03\/boussole-907x1024.jpg 907w, https:\/\/autourdenous87.fr\/wp-content\/uploads\/2016\/03\/boussole-1200x1355.jpg 1200w, https:\/\/autourdenous87.fr\/wp-content\/uploads\/2016\/03\/boussole.jpg 1360w\" sizes=\"auto, (max-width: 266px) 85vw, 266px\" \/><\/a><\/li>\n<li><a href=\"https:\/\/autourdenous87.fr\/wp-content\/uploads\/2016\/03\/union.jpg\" rel=\"attachment wp-att-7924\"><strong>Annonce Marches trait d&rsquo;Union<\/strong> &#8211; <em>Le populaire 2013<\/em><img loading=\"lazy\" decoding=\"async\" class=\"alignnone size-medium wp-image-7924\" src=\"https:\/\/autourdenous87.fr\/wp-content\/uploads\/2016\/03\/union-300x113.jpg\" alt=\"Annonce Marches trait d'Union-populaire 2013\" width=\"300\" height=\"113\" srcset=\"https:\/\/autourdenous87.fr\/wp-content\/uploads\/2016\/03\/union-300x113.jpg 300w, https:\/\/autourdenous87.fr\/wp-content\/uploads\/2016\/03\/union-768x289.jpg 768w, https:\/\/autourdenous87.fr\/wp-content\/uploads\/2016\/03\/union-1024x385.jpg 1024w, https:\/\/autourdenous87.fr\/wp-content\/uploads\/2016\/03\/union-1200x451.jpg 1200w, https:\/\/autourdenous87.fr\/wp-content\/uploads\/2016\/03\/union.jpg 2000w\" sizes=\"auto, (max-width: 300px) 85vw, 300px\" \/><\/a><\/li>\n<li><a href=\"https:\/\/autourdenous87.fr\/wp-content\/uploads\/2016\/03\/enfants.jpg\" rel=\"attachment wp-att-7923\"><strong>Annonce marche Trait d&rsquo;Union<\/strong> &#8211; <em>l&rsquo;abeille 2013<\/em><img loading=\"lazy\" decoding=\"async\" class=\"alignnone size-medium wp-image-7923\" src=\"https:\/\/autourdenous87.fr\/wp-content\/uploads\/2016\/03\/enfants-300x244.jpg\" alt=\"Annonce marche Trait d'Union- l'abeille 2013\" width=\"300\" height=\"244\" srcset=\"https:\/\/autourdenous87.fr\/wp-content\/uploads\/2016\/03\/enfants-300x244.jpg 300w, https:\/\/autourdenous87.fr\/wp-content\/uploads\/2016\/03\/enfants-768x626.jpg 768w, https:\/\/autourdenous87.fr\/wp-content\/uploads\/2016\/03\/enfants.jpg 864w\" sizes=\"auto, (max-width: 300px) 85vw, 300px\" \/><\/a><\/li>\n<li><a href=\"https:\/\/autourdenous87.fr\/wp-content\/uploads\/2016\/03\/2013voeux.jpg\" rel=\"attachment wp-att-7921\"><strong>Voeux ADN 2013<\/strong> &#8211; <em>l&rsquo;abeille<\/em><img loading=\"lazy\" decoding=\"async\" class=\"alignnone size-medium wp-image-7921\" src=\"https:\/\/autourdenous87.fr\/wp-content\/uploads\/2016\/03\/2013voeux-219x300.jpg\" alt=\"Voeux ADN 2013- l'abeille\" width=\"219\" height=\"300\" srcset=\"https:\/\/autourdenous87.fr\/wp-content\/uploads\/2016\/03\/2013voeux-219x300.jpg 219w, https:\/\/autourdenous87.fr\/wp-content\/uploads\/2016\/03\/2013voeux-768x1052.jpg 768w, https:\/\/autourdenous87.fr\/wp-content\/uploads\/2016\/03\/2013voeux-747x1024.jpg 747w, https:\/\/autourdenous87.fr\/wp-content\/uploads\/2016\/03\/2013voeux.jpg 864w\" sizes=\"auto, (max-width: 219px) 85vw, 219px\" \/><\/a><\/li>\n<li><a href=\"https:\/\/autourdenous87.fr\/wp-content\/uploads\/2016\/03\/illuminations.jpg\" rel=\"attachment wp-att-7920\"><strong>Article de presse pour la marche des illuminations<\/strong> &#8211; <em>Le populaire 2013<\/em><img loading=\"lazy\" decoding=\"async\" class=\"alignnone size-medium wp-image-7920\" src=\"https:\/\/autourdenous87.fr\/wp-content\/uploads\/2016\/03\/illuminations-300x275.jpg\" alt=\"Article de presse pour la marche des illuminations- Le populaire 2013\" width=\"300\" height=\"275\" srcset=\"https:\/\/autourdenous87.fr\/wp-content\/uploads\/2016\/03\/illuminations-300x275.jpg 300w, https:\/\/autourdenous87.fr\/wp-content\/uploads\/2016\/03\/illuminations-768x703.jpg 768w, https:\/\/autourdenous87.fr\/wp-content\/uploads\/2016\/03\/illuminations-1024x938.jpg 1024w, https:\/\/autourdenous87.fr\/wp-content\/uploads\/2016\/03\/illuminations-1200x1099.jpg 1200w, https:\/\/autourdenous87.fr\/wp-content\/uploads\/2016\/03\/illuminations.jpg 1328w\" sizes=\"auto, (max-width: 300px) 85vw, 300px\" \/><\/a><\/li>\n<li><a href=\"https:\/\/autourdenous87.fr\/wp-content\/uploads\/2016\/03\/stnicolas.jpg\" rel=\"attachment wp-att-7919\"><strong>March\u00e9 de la St Nicolas Chaillac<\/strong> &#8211; <em>la nouvelle abeille 2012<\/em><img loading=\"lazy\" decoding=\"async\" class=\"alignnone size-medium wp-image-7919\" src=\"https:\/\/autourdenous87.fr\/wp-content\/uploads\/2016\/03\/stnicolas-143x300.jpg\" alt=\"March\u00e9 de la St Nicolas Chaillac- la nouvelle abeille 2012\" width=\"143\" height=\"300\" srcset=\"https:\/\/autourdenous87.fr\/wp-content\/uploads\/2016\/03\/stnicolas-143x300.jpg 143w, https:\/\/autourdenous87.fr\/wp-content\/uploads\/2016\/03\/stnicolas-768x1606.jpg 768w, https:\/\/autourdenous87.fr\/wp-content\/uploads\/2016\/03\/stnicolas-490x1024.jpg 490w, https:\/\/autourdenous87.fr\/wp-content\/uploads\/2016\/03\/stnicolas.jpg 880w\" sizes=\"auto, (max-width: 143px) 85vw, 143px\" \/><\/a><\/li>\n<li><a href=\"https:\/\/autourdenous87.fr\/wp-content\/uploads\/2016\/03\/ag2012.jpg\" rel=\"attachment wp-att-7918\"><strong>Assembl\u00e9e G\u00e9n\u00e9rale ADN 2012<\/strong> &#8211;<em>Le populaire<\/em><img loading=\"lazy\" decoding=\"async\" class=\"alignnone size-medium wp-image-7918\" src=\"https:\/\/autourdenous87.fr\/wp-content\/uploads\/2016\/03\/ag2012-300x293.jpg\" alt=\"Assembl\u00e9e G\u00e9n\u00e9rale ADN 2012 -Le populaire\" width=\"300\" height=\"293\" srcset=\"https:\/\/autourdenous87.fr\/wp-content\/uploads\/2016\/03\/ag2012-300x293.jpg 300w, https:\/\/autourdenous87.fr\/wp-content\/uploads\/2016\/03\/ag2012-768x750.jpg 768w, https:\/\/autourdenous87.fr\/wp-content\/uploads\/2016\/03\/ag2012-1024x1000.jpg 1024w, https:\/\/autourdenous87.fr\/wp-content\/uploads\/2016\/03\/ag2012-1200x1171.jpg 1200w, https:\/\/autourdenous87.fr\/wp-content\/uploads\/2016\/03\/ag2012.jpg 1344w\" sizes=\"auto, (max-width: 300px) 85vw, 300px\" \/><\/a><\/li>\n<li><a href=\"https:\/\/autourdenous87.fr\/wp-content\/uploads\/2016\/03\/pourtous.jpg\" rel=\"attachment wp-att-7917\"><strong>Randonn\u00e9es pour tous 2012<\/strong>&#8211;<em>le populaire<\/em><img loading=\"lazy\" decoding=\"async\" class=\"alignnone size-medium wp-image-7917\" src=\"https:\/\/autourdenous87.fr\/wp-content\/uploads\/2016\/03\/pourtous-300x106.jpg\" alt=\"randonn\u00e9es pour tous 2012-le populaire\" width=\"300\" height=\"106\" srcset=\"https:\/\/autourdenous87.fr\/wp-content\/uploads\/2016\/03\/pourtous-300x106.jpg 300w, https:\/\/autourdenous87.fr\/wp-content\/uploads\/2016\/03\/pourtous-768x273.jpg 768w, https:\/\/autourdenous87.fr\/wp-content\/uploads\/2016\/03\/pourtous-1024x363.jpg 1024w, https:\/\/autourdenous87.fr\/wp-content\/uploads\/2016\/03\/pourtous-1200x426.jpg 1200w, https:\/\/autourdenous87.fr\/wp-content\/uploads\/2016\/03\/pourtous.jpg 1984w\" sizes=\"auto, (max-width: 300px) 85vw, 300px\" \/><\/a><\/li>\n<li><a href=\"https:\/\/autourdenous87.fr\/wp-content\/uploads\/2016\/03\/potirons2012abeille.jpg\" rel=\"attachment wp-att-7916\"><strong>Randonn\u00e9e des potirons 2012<\/strong>&#8211;<em>la petite abeille<\/em><img loading=\"lazy\" decoding=\"async\" class=\"alignnone size-medium wp-image-7916\" src=\"https:\/\/autourdenous87.fr\/wp-content\/uploads\/2016\/03\/potirons2012abeille-193x300.jpg\" alt=\"randonn\u00e9e des potirons 2012-la petite abeille\" width=\"193\" height=\"300\" srcset=\"https:\/\/autourdenous87.fr\/wp-content\/uploads\/2016\/03\/potirons2012abeille-193x300.jpg 193w, https:\/\/autourdenous87.fr\/wp-content\/uploads\/2016\/03\/potirons2012abeille-768x1197.jpg 768w, https:\/\/autourdenous87.fr\/wp-content\/uploads\/2016\/03\/potirons2012abeille-657x1024.jpg 657w, https:\/\/autourdenous87.fr\/wp-content\/uploads\/2016\/03\/potirons2012abeille-1200x1870.jpg 1200w, https:\/\/autourdenous87.fr\/wp-content\/uploads\/2016\/03\/potirons2012abeille.jpg 1232w\" sizes=\"auto, (max-width: 193px) 85vw, 193px\" \/><\/a><\/li>\n<li><a href=\"https:\/\/autourdenous87.fr\/wp-content\/uploads\/2016\/03\/annoncepotirons2012.jpg\" rel=\"attachment wp-att-7914\"><strong>Annonce marche des potirons 13 octobre 2012<\/strong>&#8211;<em>le populaire<\/em><img loading=\"lazy\" decoding=\"async\" class=\"alignnone size-medium wp-image-7914\" src=\"https:\/\/autourdenous87.fr\/wp-content\/uploads\/2016\/03\/annoncepotirons2012-300x250.jpg\" alt=\"Annonce marche des potirons 13 octobre 2012-le populaire\" width=\"300\" height=\"250\" srcset=\"https:\/\/autourdenous87.fr\/wp-content\/uploads\/2016\/03\/annoncepotirons2012-300x250.jpg 300w, https:\/\/autourdenous87.fr\/wp-content\/uploads\/2016\/03\/annoncepotirons2012-768x640.jpg 768w, https:\/\/autourdenous87.fr\/wp-content\/uploads\/2016\/03\/annoncepotirons2012-1024x853.jpg 1024w, https:\/\/autourdenous87.fr\/wp-content\/uploads\/2016\/03\/annoncepotirons2012-1200x1000.jpg 1200w, https:\/\/autourdenous87.fr\/wp-content\/uploads\/2016\/03\/annoncepotirons2012.jpg 1344w\" sizes=\"auto, (max-width: 300px) 85vw, 300px\" \/><\/a><\/li>\n<li><a href=\"https:\/\/autourdenous87.fr\/wp-content\/uploads\/2016\/03\/vassiviere2.jpg\" rel=\"attachment wp-att-7913\"><strong>Article randonn\u00e9e autour du lac de Vassivi\u00e8re<\/strong> &#8211; <em>la nouvelle abeille aout 2012<\/em><img loading=\"lazy\" decoding=\"async\" class=\"alignnone size-medium wp-image-7913\" src=\"https:\/\/autourdenous87.fr\/wp-content\/uploads\/2016\/03\/vassiviere2-178x300.jpg\" alt=\"Article randonn\u00e9e autour du lac de Vassivi\u00e8re- la nouvelle abeille aout 2012\" width=\"178\" height=\"300\" srcset=\"https:\/\/autourdenous87.fr\/wp-content\/uploads\/2016\/03\/vassiviere2-178x300.jpg 178w, https:\/\/autourdenous87.fr\/wp-content\/uploads\/2016\/03\/vassiviere2-768x1294.jpg 768w, https:\/\/autourdenous87.fr\/wp-content\/uploads\/2016\/03\/vassiviere2-608x1024.jpg 608w, https:\/\/autourdenous87.fr\/wp-content\/uploads\/2016\/03\/vassiviere2.jpg 864w\" sizes=\"auto, (max-width: 178px) 85vw, 178px\" \/><\/a><\/li>\n<li><a href=\"https:\/\/autourdenous87.fr\/wp-content\/uploads\/2016\/03\/vassiviere.jpg\" rel=\"attachment wp-att-7912\"><strong>Article Randonn\u00e9e Lac de Vassivi\u00e8re<\/strong> &#8211; <em>Le populaire aout 2012<\/em><img loading=\"lazy\" decoding=\"async\" class=\"alignnone size-medium wp-image-7912\" src=\"https:\/\/autourdenous87.fr\/wp-content\/uploads\/2016\/03\/vassiviere-263x300.jpg\" alt=\"Article Randonn\u00e9e Lac de Vassivi\u00e8re - Le populaire aout 2012\" width=\"263\" height=\"300\" srcset=\"https:\/\/autourdenous87.fr\/wp-content\/uploads\/2016\/03\/vassiviere-263x300.jpg 263w, https:\/\/autourdenous87.fr\/wp-content\/uploads\/2016\/03\/vassiviere-768x878.jpg 768w, https:\/\/autourdenous87.fr\/wp-content\/uploads\/2016\/03\/vassiviere-896x1024.jpg 896w, https:\/\/autourdenous87.fr\/wp-content\/uploads\/2016\/03\/vassiviere-1200x1371.jpg 1200w, https:\/\/autourdenous87.fr\/wp-content\/uploads\/2016\/03\/vassiviere.jpg 1344w\" sizes=\"auto, (max-width: 263px) 85vw, 263px\" \/><\/a><\/li>\n<li><a href=\"https:\/\/autourdenous87.fr\/wp-content\/uploads\/2016\/03\/adaete.jpg\" rel=\"attachment wp-att-7911\"><strong>Article Programme \u00e9t\u00e9 et fin de saison ADN<\/strong>&#8211;<em>le populaire juillet 2012<\/em><img loading=\"lazy\" decoding=\"async\" class=\"alignnone size-medium wp-image-7911\" src=\"https:\/\/autourdenous87.fr\/wp-content\/uploads\/2016\/03\/adaete-264x300.jpg\" alt=\"Article Programme \u00e9t\u00e9 et fin de saison ADN-le populaire juillet 2012\" width=\"264\" height=\"300\" srcset=\"https:\/\/autourdenous87.fr\/wp-content\/uploads\/2016\/03\/adaete-264x300.jpg 264w, https:\/\/autourdenous87.fr\/wp-content\/uploads\/2016\/03\/adaete-768x874.jpg 768w, https:\/\/autourdenous87.fr\/wp-content\/uploads\/2016\/03\/adaete-900x1024.jpg 900w, https:\/\/autourdenous87.fr\/wp-content\/uploads\/2016\/03\/adaete-1200x1366.jpg 1200w, https:\/\/autourdenous87.fr\/wp-content\/uploads\/2016\/03\/adaete.jpg 1392w\" sizes=\"auto, (max-width: 264px) 85vw, 264px\" \/><\/a><\/li>\n<li><a href=\"https:\/\/autourdenous87.fr\/wp-content\/uploads\/2016\/03\/randogourmande.jpg\" rel=\"attachment wp-att-7910\"><strong>Rando gourmande juin 2012<\/strong>&#8211;<em>L&rsquo;abeille<\/em><img loading=\"lazy\" decoding=\"async\" class=\"alignnone size-medium wp-image-7910\" src=\"https:\/\/autourdenous87.fr\/wp-content\/uploads\/2016\/03\/randogourmande-124x300.jpg\" alt=\"Rando gourmande juin 2012-L'abeille\" width=\"124\" height=\"300\" srcset=\"https:\/\/autourdenous87.fr\/wp-content\/uploads\/2016\/03\/randogourmande-124x300.jpg 124w, https:\/\/autourdenous87.fr\/wp-content\/uploads\/2016\/03\/randogourmande-768x1857.jpg 768w, https:\/\/autourdenous87.fr\/wp-content\/uploads\/2016\/03\/randogourmande-423x1024.jpg 423w, https:\/\/autourdenous87.fr\/wp-content\/uploads\/2016\/03\/randogourmande.jpg 880w\" sizes=\"auto, (max-width: 124px) 85vw, 124px\" \/><\/a><\/li>\n<li><a href=\"https:\/\/autourdenous87.fr\/wp-content\/uploads\/2016\/03\/activitesadn.jpg\" rel=\"attachment wp-att-7909\"><strong>ADN , rayonnement intercommunal et activit\u00e9s<\/strong>&#8211;<em>le populaire mai 2012<\/em><img loading=\"lazy\" decoding=\"async\" class=\"alignnone size-medium wp-image-7909\" src=\"https:\/\/autourdenous87.fr\/wp-content\/uploads\/2016\/03\/activitesadn-300x244.jpg\" alt=\"ADN , rayonnement intercommunal et activit\u00e9s-le populaire mai 2012\" width=\"300\" height=\"244\" srcset=\"https:\/\/autourdenous87.fr\/wp-content\/uploads\/2016\/03\/activitesadn-300x244.jpg 300w, https:\/\/autourdenous87.fr\/wp-content\/uploads\/2016\/03\/activitesadn-768x624.jpg 768w, https:\/\/autourdenous87.fr\/wp-content\/uploads\/2016\/03\/activitesadn-1024x833.jpg 1024w, https:\/\/autourdenous87.fr\/wp-content\/uploads\/2016\/03\/activitesadn-1200x976.jpg 1200w, https:\/\/autourdenous87.fr\/wp-content\/uploads\/2016\/03\/activitesadn.jpg 1968w\" sizes=\"auto, (max-width: 300px) 85vw, 300px\" \/><\/a><\/li>\n<li><a href=\"https:\/\/autourdenous87.fr\/wp-content\/uploads\/2016\/03\/changementadn.jpg\" rel=\"attachment wp-att-7908\"><strong>Changement de si\u00e8ge pour ADN, association intercommunale<\/strong> &#8211; <em>le populaire avril 2012<\/em><img loading=\"lazy\" decoding=\"async\" class=\"alignnone size-medium wp-image-7908\" src=\"https:\/\/autourdenous87.fr\/wp-content\/uploads\/2016\/03\/changementadn-157x300.jpg\" alt=\"Changement de si\u00e8ge pour ADN, association intercommunale -le populaire avril 2012\" width=\"157\" height=\"300\" srcset=\"https:\/\/autourdenous87.fr\/wp-content\/uploads\/2016\/03\/changementadn-157x300.jpg 157w, https:\/\/autourdenous87.fr\/wp-content\/uploads\/2016\/03\/changementadn-537x1024.jpg 537w, https:\/\/autourdenous87.fr\/wp-content\/uploads\/2016\/03\/changementadn.jpg 688w\" sizes=\"auto, (max-width: 157px) 85vw, 157px\" \/><\/a><\/li>\n<li><a href=\"https:\/\/autourdenous87.fr\/wp-content\/uploads\/2016\/03\/salon2012.jpg\" rel=\"attachment wp-att-7907\"><strong>Salon de la randonn\u00e9e 2012<\/strong>&#8211;<em>le populaire<\/em><img loading=\"lazy\" decoding=\"async\" class=\"alignnone size-medium wp-image-7907\" src=\"https:\/\/autourdenous87.fr\/wp-content\/uploads\/2016\/03\/salon2012-300x272.jpg\" alt=\"salon de la randonn\u00e9e 2012-le populaire\" width=\"300\" height=\"272\" srcset=\"https:\/\/autourdenous87.fr\/wp-content\/uploads\/2016\/03\/salon2012-300x272.jpg 300w, https:\/\/autourdenous87.fr\/wp-content\/uploads\/2016\/03\/salon2012-768x696.jpg 768w, https:\/\/autourdenous87.fr\/wp-content\/uploads\/2016\/03\/salon2012-1024x928.jpg 1024w, https:\/\/autourdenous87.fr\/wp-content\/uploads\/2016\/03\/salon2012-1200x1087.jpg 1200w, https:\/\/autourdenous87.fr\/wp-content\/uploads\/2016\/03\/salon2012.jpg 1360w\" sizes=\"auto, (max-width: 300px) 85vw, 300px\" \/><\/a><\/li>\n<li><a href=\"https:\/\/autourdenous87.fr\/wp-content\/uploads\/2016\/03\/gammvert2012.jpg\" rel=\"attachment wp-att-7906\"><strong>Article semaine du jardinage Gammvert 2012<\/strong> &#8211; <em>le populaire<\/em><img loading=\"lazy\" decoding=\"async\" class=\"alignnone size-medium wp-image-7906\" src=\"https:\/\/autourdenous87.fr\/wp-content\/uploads\/2016\/03\/gammvert2012-260x300.jpg\" alt=\"Article semaine du jardinage Gammvert 2012-le populaire\" width=\"260\" height=\"300\" srcset=\"https:\/\/autourdenous87.fr\/wp-content\/uploads\/2016\/03\/gammvert2012-260x300.jpg 260w, https:\/\/autourdenous87.fr\/wp-content\/uploads\/2016\/03\/gammvert2012-768x887.jpg 768w, https:\/\/autourdenous87.fr\/wp-content\/uploads\/2016\/03\/gammvert2012-887x1024.jpg 887w, https:\/\/autourdenous87.fr\/wp-content\/uploads\/2016\/03\/gammvert2012-1200x1386.jpg 1200w, https:\/\/autourdenous87.fr\/wp-content\/uploads\/2016\/03\/gammvert2012.jpg 1344w\" sizes=\"auto, (max-width: 260px) 85vw, 260px\" \/><\/a><\/li>\n<li><a href=\"https:\/\/autourdenous87.fr\/wp-content\/uploads\/2016\/03\/traitdunion2012.jpg\" rel=\"attachment wp-att-7905\"><strong>Annonce Trait D&rsquo;union 2012<\/strong> &#8211; <em>l&rsquo;abeille<\/em><img loading=\"lazy\" decoding=\"async\" class=\"alignnone size-medium wp-image-7905\" src=\"https:\/\/autourdenous87.fr\/wp-content\/uploads\/2016\/03\/traitdunion2012-300x291.jpg\" alt=\"Annonce Trait D'union 2012 - l'abeille\" width=\"300\" height=\"291\" srcset=\"https:\/\/autourdenous87.fr\/wp-content\/uploads\/2016\/03\/traitdunion2012-300x291.jpg 300w, https:\/\/autourdenous87.fr\/wp-content\/uploads\/2016\/03\/traitdunion2012-768x746.jpg 768w, https:\/\/autourdenous87.fr\/wp-content\/uploads\/2016\/03\/traitdunion2012-1024x994.jpg 1024w, https:\/\/autourdenous87.fr\/wp-content\/uploads\/2016\/03\/traitdunion2012-1200x1165.jpg 1200w, https:\/\/autourdenous87.fr\/wp-content\/uploads\/2016\/03\/traitdunion2012.jpg 1265w\" sizes=\"auto, (max-width: 300px) 85vw, 300px\" \/><\/a><\/li>\n<li><a href=\"https:\/\/autourdenous87.fr\/wp-content\/uploads\/2016\/03\/initiationboussole2012.jpg\" rel=\"attachment wp-att-7904\"><strong>Initiation Boussole janvier 2012<\/strong>&#8211; <em>le populaire<\/em><img loading=\"lazy\" decoding=\"async\" class=\"alignnone size-medium wp-image-7904\" src=\"https:\/\/autourdenous87.fr\/wp-content\/uploads\/2016\/03\/initiationboussole2012-277x300.jpg\" alt=\"Initiation Boussole janvier 2012- le populaire\" width=\"277\" height=\"300\" srcset=\"https:\/\/autourdenous87.fr\/wp-content\/uploads\/2016\/03\/initiationboussole2012-277x300.jpg 277w, https:\/\/autourdenous87.fr\/wp-content\/uploads\/2016\/03\/initiationboussole2012-768x832.jpg 768w, https:\/\/autourdenous87.fr\/wp-content\/uploads\/2016\/03\/initiationboussole2012-945x1024.jpg 945w, https:\/\/autourdenous87.fr\/wp-content\/uploads\/2016\/03\/initiationboussole2012-1200x1300.jpg 1200w, https:\/\/autourdenous87.fr\/wp-content\/uploads\/2016\/03\/initiationboussole2012.jpg 1344w\" sizes=\"auto, (max-width: 277px) 85vw, 277px\" \/><\/a><\/li>\n<li><a href=\"https:\/\/autourdenous87.fr\/wp-content\/uploads\/2016\/03\/projets2012adn.jpg\" rel=\"attachment wp-att-7903\"><strong>Projets 2012 ADN<\/strong>&#8211; <em>l&rsquo;abeille<\/em><img loading=\"lazy\" decoding=\"async\" class=\"alignnone size-medium wp-image-7903\" src=\"https:\/\/autourdenous87.fr\/wp-content\/uploads\/2016\/03\/projets2012adn-169x300.jpg\" alt=\"Projets 2012 ADN- l'abeille\" width=\"169\" height=\"300\" srcset=\"https:\/\/autourdenous87.fr\/wp-content\/uploads\/2016\/03\/projets2012adn-169x300.jpg 169w, https:\/\/autourdenous87.fr\/wp-content\/uploads\/2016\/03\/projets2012adn-768x1365.jpg 768w, https:\/\/autourdenous87.fr\/wp-content\/uploads\/2016\/03\/projets2012adn-576x1024.jpg 576w, https:\/\/autourdenous87.fr\/wp-content\/uploads\/2016\/03\/projets2012adn.jpg 864w\" sizes=\"auto, (max-width: 169px) 85vw, 169px\" \/><\/a><\/li>\n<li><a href=\"https:\/\/autourdenous87.fr\/wp-content\/uploads\/2016\/03\/baladeilluminations.jpg\" rel=\"attachment wp-att-7902\"><strong>Balade des illuminations 2011<\/strong> &#8211; <em>l&rsquo;\u00e9cho du centre<\/em><img loading=\"lazy\" decoding=\"async\" class=\"alignnone size-medium wp-image-7902\" src=\"https:\/\/autourdenous87.fr\/wp-content\/uploads\/2016\/03\/baladeilluminations-142x300.jpg\" alt=\"Balade des illuminations 2011 - l'\u00e9cho du centre\" width=\"142\" height=\"300\" srcset=\"https:\/\/autourdenous87.fr\/wp-content\/uploads\/2016\/03\/baladeilluminations-142x300.jpg 142w, https:\/\/autourdenous87.fr\/wp-content\/uploads\/2016\/03\/baladeilluminations-768x1618.jpg 768w, https:\/\/autourdenous87.fr\/wp-content\/uploads\/2016\/03\/baladeilluminations-486x1024.jpg 486w, https:\/\/autourdenous87.fr\/wp-content\/uploads\/2016\/03\/baladeilluminations.jpg 1060w\" sizes=\"auto, (max-width: 142px) 85vw, 142px\" \/><\/a><\/li>\n<li><a href=\"https:\/\/autourdenous87.fr\/wp-content\/uploads\/2016\/03\/agadnlabeille.jpg\" rel=\"attachment wp-att-7900\"><strong>Assembl\u00e9e G\u00e9n\u00e9rale de ADN 2011<\/strong>&#8211; <em>L&rsquo;abeille<\/em><img loading=\"lazy\" decoding=\"async\" class=\"alignnone size-medium wp-image-7900\" src=\"https:\/\/autourdenous87.fr\/wp-content\/uploads\/2016\/03\/agadnlabeille-300x201.jpg\" alt=\"Assembl\u00e9e G\u00e9n\u00e9rale de ADN 2011- L'abeille\" width=\"300\" height=\"201\" srcset=\"https:\/\/autourdenous87.fr\/wp-content\/uploads\/2016\/03\/agadnlabeille-300x201.jpg 300w, https:\/\/autourdenous87.fr\/wp-content\/uploads\/2016\/03\/agadnlabeille-768x515.jpg 768w, https:\/\/autourdenous87.fr\/wp-content\/uploads\/2016\/03\/agadnlabeille-1024x687.jpg 1024w, https:\/\/autourdenous87.fr\/wp-content\/uploads\/2016\/03\/agadnlabeille-1200x805.jpg 1200w, https:\/\/autourdenous87.fr\/wp-content\/uploads\/2016\/03\/agadnlabeille.jpg 1264w\" sizes=\"auto, (max-width: 300px) 85vw, 300px\" \/><\/a><\/li>\n<li><a href=\"https:\/\/autourdenous87.fr\/wp-content\/uploads\/2016\/03\/agadnlenouvelliste.jpg\" rel=\"attachment wp-att-7899\"><strong>Assembl\u00e9e g\u00e9n\u00e9rale de ADN 2011<\/strong>&#8211; <em>Le Nouvelliste<\/em><img loading=\"lazy\" decoding=\"async\" class=\"alignnone size-medium wp-image-7899\" src=\"https:\/\/autourdenous87.fr\/wp-content\/uploads\/2016\/03\/agadnlenouvelliste-300x279.jpg\" alt=\"Assembl\u00e9e g\u00e9n\u00e9rale de ADN 2011- Le Nouvelliste\" width=\"300\" height=\"279\" srcset=\"https:\/\/autourdenous87.fr\/wp-content\/uploads\/2016\/03\/agadnlenouvelliste-300x279.jpg 300w, https:\/\/autourdenous87.fr\/wp-content\/uploads\/2016\/03\/agadnlenouvelliste-768x714.jpg 768w, https:\/\/autourdenous87.fr\/wp-content\/uploads\/2016\/03\/agadnlenouvelliste-1024x952.jpg 1024w, https:\/\/autourdenous87.fr\/wp-content\/uploads\/2016\/03\/agadnlenouvelliste-1200x1115.jpg 1200w, https:\/\/autourdenous87.fr\/wp-content\/uploads\/2016\/03\/agadnlenouvelliste.jpg 1360w\" sizes=\"auto, (max-width: 300px) 85vw, 300px\" \/><\/a><\/li>\n<li><a href=\"https:\/\/autourdenous87.fr\/wp-content\/uploads\/2016\/03\/marchedespotironsabeille2011.jpg\" rel=\"attachment wp-att-7898\"><strong>Marche des potirons 2011<\/strong>&#8211; <em>l&rsquo;abeille<\/em> <img loading=\"lazy\" decoding=\"async\" class=\"alignnone size-medium wp-image-7898\" src=\"https:\/\/autourdenous87.fr\/wp-content\/uploads\/2016\/03\/marchedespotironsabeille2011-133x300.jpg\" alt=\"Marche des potirons 2011- l'abeille\" width=\"133\" height=\"300\" srcset=\"https:\/\/autourdenous87.fr\/wp-content\/uploads\/2016\/03\/marchedespotironsabeille2011-133x300.jpg 133w, https:\/\/autourdenous87.fr\/wp-content\/uploads\/2016\/03\/marchedespotironsabeille2011-768x1735.jpg 768w, https:\/\/autourdenous87.fr\/wp-content\/uploads\/2016\/03\/marchedespotironsabeille2011-453x1024.jpg 453w, https:\/\/autourdenous87.fr\/wp-content\/uploads\/2016\/03\/marchedespotironsabeille2011.jpg 864w\" sizes=\"auto, (max-width: 133px) 85vw, 133px\" \/><\/a><\/li>\n<li><a href=\"https:\/\/autourdenous87.fr\/wp-content\/uploads\/2016\/03\/annoncemarchedespotirons2011.jpg\" rel=\"attachment wp-att-7897\"><strong>Annonce Marche des Potirons 2011<\/strong>&#8211; <em>l&rsquo;\u00e9cho<\/em><img loading=\"lazy\" decoding=\"async\" class=\"alignnone size-medium wp-image-7897\" src=\"https:\/\/autourdenous87.fr\/wp-content\/uploads\/2016\/03\/annoncemarchedespotirons2011-239x300.jpg\" alt=\"Annonce Marche des Potirons 2011- l'\u00e9cho\" width=\"239\" height=\"300\" srcset=\"https:\/\/autourdenous87.fr\/wp-content\/uploads\/2016\/03\/annoncemarchedespotirons2011-239x300.jpg 239w, https:\/\/autourdenous87.fr\/wp-content\/uploads\/2016\/03\/annoncemarchedespotirons2011.jpg 383w\" sizes=\"auto, (max-width: 239px) 85vw, 239px\" \/><\/a><\/li>\n<li><a href=\"https:\/\/autourdenous87.fr\/wp-content\/uploads\/2016\/03\/cognaclafortensoire.jpg\" rel=\"attachment wp-att-7896\"><strong>Cognac la foret en soir\u00e9e 2011<\/strong> &#8211; <em>l&rsquo;abeille<\/em><img loading=\"lazy\" decoding=\"async\" class=\"alignnone size-medium wp-image-7896\" src=\"https:\/\/autourdenous87.fr\/wp-content\/uploads\/2016\/03\/cognaclafortensoire-207x300.jpg\" alt=\"Cognac la foret en soir\u00e9e 2011 - l'abeille\" width=\"207\" height=\"300\" srcset=\"https:\/\/autourdenous87.fr\/wp-content\/uploads\/2016\/03\/cognaclafortensoire-207x300.jpg 207w, https:\/\/autourdenous87.fr\/wp-content\/uploads\/2016\/03\/cognaclafortensoire.jpg 331w\" sizes=\"auto, (max-width: 207px) 85vw, 207px\" \/><\/a><\/li>\n<li><a href=\"https:\/\/autourdenous87.fr\/wp-content\/uploads\/2016\/03\/nettoyonslanaturestjunien.jpg\" rel=\"attachment wp-att-7893\"><strong>Nettoyons la nature St junien 2011<\/strong><em>&#8211; le populaire<\/em><img loading=\"lazy\" decoding=\"async\" class=\"alignnone size-medium wp-image-7893\" src=\"https:\/\/autourdenous87.fr\/wp-content\/uploads\/2016\/03\/nettoyonslanaturestjunien-300x204.jpg\" alt=\"Nettoyons la nature St junien 2011- le populaire\" width=\"300\" height=\"204\" srcset=\"https:\/\/autourdenous87.fr\/wp-content\/uploads\/2016\/03\/nettoyonslanaturestjunien-300x204.jpg 300w, https:\/\/autourdenous87.fr\/wp-content\/uploads\/2016\/03\/nettoyonslanaturestjunien.jpg 640w\" sizes=\"auto, (max-width: 300px) 85vw, 300px\" \/><\/a><\/li>\n<li><a href=\"https:\/\/autourdenous87.fr\/wp-content\/uploads\/2016\/03\/ecolechaillac.jpg\" rel=\"attachment wp-att-7892\"><strong>Ecole de Chaillac au Vaseix 2011- <\/strong><em>le populaire<\/em><img loading=\"lazy\" decoding=\"async\" class=\"alignnone size-medium wp-image-7892\" src=\"https:\/\/autourdenous87.fr\/wp-content\/uploads\/2016\/03\/ecolechaillac-300x298.jpg\" alt=\"Ecole de Chaillac au Vaseix 2011- le populaire\" width=\"300\" height=\"298\" srcset=\"https:\/\/autourdenous87.fr\/wp-content\/uploads\/2016\/03\/ecolechaillac-300x298.jpg 300w, https:\/\/autourdenous87.fr\/wp-content\/uploads\/2016\/03\/ecolechaillac-150x150.jpg 150w, https:\/\/autourdenous87.fr\/wp-content\/uploads\/2016\/03\/ecolechaillac.jpg 640w\" sizes=\"auto, (max-width: 300px) 85vw, 300px\" \/><\/a><\/li>\n<li><a href=\"https:\/\/autourdenous87.fr\/wp-content\/uploads\/2016\/03\/semainedujardinage.jpg\" rel=\"attachment wp-att-7891\"><strong>Semaine du jardinage 2011<\/strong>&#8211; <em>l&rsquo;abeille<\/em><img loading=\"lazy\" decoding=\"async\" class=\"alignnone size-medium wp-image-7891\" src=\"https:\/\/autourdenous87.fr\/wp-content\/uploads\/2016\/03\/semainedujardinage-269x300.jpg\" alt=\"Semaine du jardinage 2011- l'abeille\" width=\"269\" height=\"300\" srcset=\"https:\/\/autourdenous87.fr\/wp-content\/uploads\/2016\/03\/semainedujardinage-269x300.jpg 269w, https:\/\/autourdenous87.fr\/wp-content\/uploads\/2016\/03\/semainedujardinage.jpg 431w\" sizes=\"auto, (max-width: 269px) 85vw, 269px\" \/><\/a><\/li>\n<li><a href=\"https:\/\/autourdenous87.fr\/wp-content\/uploads\/2016\/03\/presentationadn.jpg\" rel=\"attachment wp-att-7890\"><strong>Pr\u00e9sentation de l&rsquo;association ADN dans bulletin de la mairie de Saint junien<\/strong>&#8211; <em>bonjour<\/em><img loading=\"lazy\" decoding=\"async\" class=\"alignnone size-medium wp-image-7890\" src=\"https:\/\/autourdenous87.fr\/wp-content\/uploads\/2016\/03\/presentationadn-218x300.jpg\" alt=\"Pr\u00e9sentation de l'association ADN dans bulletin de la mairie de Saint junien- bonjour\" width=\"218\" height=\"300\" srcset=\"https:\/\/autourdenous87.fr\/wp-content\/uploads\/2016\/03\/presentationadn-218x300.jpg 218w, https:\/\/autourdenous87.fr\/wp-content\/uploads\/2016\/03\/presentationadn-768x1056.jpg 768w, https:\/\/autourdenous87.fr\/wp-content\/uploads\/2016\/03\/presentationadn-745x1024.jpg 745w, https:\/\/autourdenous87.fr\/wp-content\/uploads\/2016\/03\/presentationadn-1200x1650.jpg 1200w, https:\/\/autourdenous87.fr\/wp-content\/uploads\/2016\/03\/presentationadn.jpg 1700w\" sizes=\"auto, (max-width: 218px) 85vw, 218px\" \/><\/a><\/li>\n<li><a href=\"https:\/\/autourdenous87.fr\/wp-content\/uploads\/2016\/03\/pap1.jpg\" rel=\"attachment wp-att-7889\"><strong>Marche des papillons 2011<\/strong> &#8211; <em>Le Nouvelliste <\/em><img loading=\"lazy\" decoding=\"async\" class=\"alignnone size-medium wp-image-7889\" src=\"https:\/\/autourdenous87.fr\/wp-content\/uploads\/2016\/03\/pap1-300x293.jpg\" alt=\"Marche des papillons 2011 - Le Nouvelliste\" width=\"300\" height=\"293\" srcset=\"https:\/\/autourdenous87.fr\/wp-content\/uploads\/2016\/03\/pap1-300x293.jpg 300w, https:\/\/autourdenous87.fr\/wp-content\/uploads\/2016\/03\/pap1.jpg 677w\" sizes=\"auto, (max-width: 300px) 85vw, 300px\" \/><\/a><\/li>\n<li><a href=\"https:\/\/autourdenous87.fr\/wp-content\/uploads\/2016\/03\/aglne-1.jpg\" rel=\"attachment wp-att-7888\"><strong>AG de Limousin Nature Environnement 2011<\/strong> &#8211; <em>Le Populaire<\/em><img loading=\"lazy\" decoding=\"async\" class=\"alignnone size-medium wp-image-7888\" src=\"https:\/\/autourdenous87.fr\/wp-content\/uploads\/2016\/03\/aglne-1-260x300.jpg\" alt=\"AG de Limousin Nature Environnement 2011 - Le Populaire\" width=\"260\" height=\"300\" srcset=\"https:\/\/autourdenous87.fr\/wp-content\/uploads\/2016\/03\/aglne-1-260x300.jpg 260w, https:\/\/autourdenous87.fr\/wp-content\/uploads\/2016\/03\/aglne-1.jpg 416w\" sizes=\"auto, (max-width: 260px) 85vw, 260px\" \/><\/a><\/li>\n<li><a href=\"https:\/\/autourdenous87.fr\/wp-content\/uploads\/2016\/03\/bmc.jpg\" rel=\"attachment wp-att-7887\"><strong>Page du bulletin municipal de Chaillac<\/strong><img loading=\"lazy\" decoding=\"async\" class=\"alignnone size-medium wp-image-7887\" src=\"https:\/\/autourdenous87.fr\/wp-content\/uploads\/2016\/03\/bmc-210x300.jpg\" alt=\"Page du bulletin municipal de Chaillac\" width=\"210\" height=\"300\" srcset=\"https:\/\/autourdenous87.fr\/wp-content\/uploads\/2016\/03\/bmc-210x300.jpg 210w, https:\/\/autourdenous87.fr\/wp-content\/uploads\/2016\/03\/bmc.jpg 569w\" sizes=\"auto, (max-width: 210px) 85vw, 210px\" \/><\/a><\/li>\n<li><a href=\"https:\/\/autourdenous87.fr\/wp-content\/uploads\/2016\/03\/mtu1.jpg\" rel=\"attachment wp-att-7885\"><strong>Trait d&rsquo;Union<\/strong><img loading=\"lazy\" decoding=\"async\" class=\"alignnone size-medium wp-image-7885\" src=\"https:\/\/autourdenous87.fr\/wp-content\/uploads\/2016\/03\/mtu1-217x300.jpg\" alt=\"Trait d'Union\" width=\"217\" height=\"300\" srcset=\"https:\/\/autourdenous87.fr\/wp-content\/uploads\/2016\/03\/mtu1-217x300.jpg 217w, https:\/\/autourdenous87.fr\/wp-content\/uploads\/2016\/03\/mtu1-739x1024.jpg 739w, https:\/\/autourdenous87.fr\/wp-content\/uploads\/2016\/03\/mtu1.jpg 750w\" sizes=\"auto, (max-width: 217px) 85vw, 217px\" \/><\/a> <a href=\"https:\/\/autourdenous87.fr\/wp-content\/uploads\/2016\/03\/mtu2.jpg\" rel=\"attachment wp-att-7886\"><img loading=\"lazy\" decoding=\"async\" class=\"alignnone size-medium wp-image-7886\" src=\"https:\/\/autourdenous87.fr\/wp-content\/uploads\/2016\/03\/mtu2-300x92.jpg\" alt=\"Trait d'Union\" width=\"300\" height=\"92\" srcset=\"https:\/\/autourdenous87.fr\/wp-content\/uploads\/2016\/03\/mtu2-300x92.jpg 300w, https:\/\/autourdenous87.fr\/wp-content\/uploads\/2016\/03\/mtu2-768x235.jpg 768w, https:\/\/autourdenous87.fr\/wp-content\/uploads\/2016\/03\/mtu2.jpg 800w\" sizes=\"auto, (max-width: 300px) 85vw, 300px\" \/><\/a><\/li>\n<li><a href=\"https:\/\/autourdenous87.fr\/wp-content\/uploads\/2016\/03\/marcheilluminations.jpg\" rel=\"attachment wp-att-7884\"><strong>Marche des illuminations 2010<\/strong><img loading=\"lazy\" decoding=\"async\" class=\"alignnone size-medium wp-image-7884\" src=\"https:\/\/autourdenous87.fr\/wp-content\/uploads\/2016\/03\/marcheilluminations-300x300.jpg\" alt=\"Marche des illuminations 2010\" width=\"300\" height=\"300\" srcset=\"https:\/\/autourdenous87.fr\/wp-content\/uploads\/2016\/03\/marcheilluminations-300x300.jpg 300w, https:\/\/autourdenous87.fr\/wp-content\/uploads\/2016\/03\/marcheilluminations-150x150.jpg 150w, https:\/\/autourdenous87.fr\/wp-content\/uploads\/2016\/03\/marcheilluminations-768x770.jpg 768w, https:\/\/autourdenous87.fr\/wp-content\/uploads\/2016\/03\/marcheilluminations.jpg 989w\" sizes=\"auto, (max-width: 300px) 85vw, 300px\" \/><\/a><\/li>\n<li><a href=\"https:\/\/autourdenous87.fr\/wp-content\/uploads\/2016\/03\/aglne.jpg\" rel=\"attachment wp-att-7882\">Assembl\u00e9e g\u00e9n\u00e9rale 2011 LNE<img loading=\"lazy\" decoding=\"async\" class=\"alignnone size-medium wp-image-7882\" src=\"https:\/\/autourdenous87.fr\/wp-content\/uploads\/2016\/03\/aglne-260x300.jpg\" alt=\"Assembl\u00e9e g\u00e9n\u00e9rale 2011 LNE\" width=\"260\" height=\"300\" srcset=\"https:\/\/autourdenous87.fr\/wp-content\/uploads\/2016\/03\/aglne-260x300.jpg 260w, https:\/\/autourdenous87.fr\/wp-content\/uploads\/2016\/03\/aglne.jpg 416w\" sizes=\"auto, (max-width: 260px) 85vw, 260px\" \/><\/a><\/li>\n<\/ul>\n","protected":false},"excerpt":{"rendered":"<p>randonn\u00e9e pour les jeux olympiques-la petite abeille Mars bleu st junien-la petite abeille Randonn\u00e9e dans le cadre des jeux olympiques-lundi 1er avril 2024 le populaire Mars bleu randonn\u00e9e pour le cancer Colorectal-le populaire du 22 avril 2024 .Plantation d&rsquo;arbustes sur l&rsquo;\u00eele de chaillac le 13mars 2024-le populaire du 16 mars 2024 .Plantation le Mas\u00a0 st &hellip; <a href=\"https:\/\/autourdenous87.fr\/index.php\/presse\/\" class=\"more-link\">Continuer la lecture<span class=\"screen-reader-text\"> de &laquo;&nbsp;Presse&nbsp;&raquo;<\/span><\/a><\/p>\n","protected":false},"author":12,"featured_media":0,"parent":0,"menu_order":0,"comment_status":"closed","ping_status":"closed","template":"","meta":{"footnotes":""},"class_list":["post-47","page","type-page","status-publish","hentry"],"_links":{"self":[{"href":"https:\/\/autourdenous87.fr\/index.php\/wp-json\/wp\/v2\/pages\/47","targetHints":{"allow":["GET"]}}],"collection":[{"href":"https:\/\/autourdenous87.fr\/index.php\/wp-json\/wp\/v2\/pages"}],"about":[{"href":"https:\/\/autourdenous87.fr\/index.php\/wp-json\/wp\/v2\/types\/page"}],"author":[{"embeddable":true,"href":"https:\/\/autourdenous87.fr\/index.php\/wp-json\/wp\/v2\/users\/12"}],"replies":[{"embeddable":true,"href":"https:\/\/autourdenous87.fr\/index.php\/wp-json\/wp\/v2\/comments?post=47"}],"version-history":[{"count":31,"href":"https:\/\/autourdenous87.fr\/index.php\/wp-json\/wp\/v2\/pages\/47\/revisions"}],"predecessor-version":[{"id":43415,"href":"https:\/\/autourdenous87.fr\/index.php\/wp-json\/wp\/v2\/pages\/47\/revisions\/43415"}],"wp:attachment":[{"href":"https:\/\/autourdenous87.fr\/index.php\/wp-json\/wp\/v2\/media?parent=47"}],"curies":[{"name":"wp","href":"https:\/\/api.w.org\/{rel}","templated":true}]}}